
     {"id":71994,"date":"2021-09-27T14:34:42","date_gmt":"2021-09-27T12:34:42","guid":{"rendered":"https:\/\/elismurcia.com\/admissions-process\/"},"modified":"2026-01-30T13:08:25","modified_gmt":"2026-01-30T12:08:25","slug":"proceso-de-admision","status":"publish","type":"page","link":"https:\/\/elismurcia.com\/es\/proceso-de-admision\/","title":{"rendered":"Proceso de Admisi\u00f3n"},"content":{"rendered":"<div class=\"wpb-content-wrapper\"><p>[vc_row][vc_column]<section  class=\"bg-video-wrap hero section hero--centertext  small-header \" style='background: url(https:\/\/elismurcia.com\/wp-content\/uploads\/sites\/110\/2026\/01\/ELIS-Murcia-Oct25-216.jpg) top ;background-size:cover ;'>\n                <div class=\"bg-overlay\" style='background:#000000;opacity:0.3;'><\/div>\n                <div class=\"overlay\" >\n                  <div class=\"container-fluid\">\n                    <div class=\"row\">\n                      <div class=\"col-md-12 col-lg-12\">\n\n                        <div class=\"caption text-start\"><div class=\"component sub-heading\" >\n                              <h1 class=\"display-h1\">Proceso de Admisi\u00f3n<\/h1>\n                            <\/div><\/div>\n                      <\/div>\n                    <\/div>\n                  <\/div>\n                <\/div>\n              <\/section><div class='row  m-x-0 breadcrumb-wrap ' style=''><div class='container-fluid' >\n                <nav aria-label='breadcrumb'><ol class=\"breadcrumb mt-3\">\n                  <li class=\"breadcrumb-item\"><a href=\"https:\/\/elismurcia.com\/es\/\">Home<\/a><\/li>\n                  <li class=\"breadcrumb-item active\" aria-current=\"page\">Proceso de Admisi\u00f3n<\/li>\n                <\/ol>\n              <\/nav>\n              <\/div>\n            <\/div>[\/vc_column][\/vc_row][vc_row][vc_column]\n            <div class=\"wrapper\">\n    <section  style='' class=\"section    container-width    \" ><div class=\"container-fluid\"><div class=\"row  justify-content-between  \"><div class=\" col-lg-6 col-md-6      \" ><div class=\"component mb-1 mt-0  radius-bottom-LR \" style='px'><div class=\"sub-heading component\"><h2  class=\"h5  \">Acompa\u00f1ado desde el primer contacto con nosotros<\/h2><\/div>\n                        <div class=\"sub-heading component \">\n                        <p class=\"body-medium\">Solicita una plaza en nuestro colegio y pon a tu hijo en el camino hacia una fant\u00e1stica experiencia educativa. Hemos dise\u00f1ado nuestro proceso de admisi\u00f3n para que sea lo m\u00e1s f\u00e1cil posible y te guiaremos en cada paso del mismo.<\/p>\n                        <\/div><\/div><div class=\"component link\"><a href=\"\/es\/haz-una-consulta\/\" class=\" btn btn-primary btn-primary--border\">Haz una Consulta<\/a><\/div><\/div>\n                    <div class=\"col-lg-5 col-md-6    \"><div class=\"component single-img \"><div class=\"ratio ratio-16x9 callout-img halfcol--img image_overlay_6206\" style=\"background-image: url(https:\/\/elismurcia.com\/wp-content\/uploads\/sites\/110\/2023\/09\/MicrosoftTeams-image-1.jpg);\"><\/div><\/div> <\/div>\n             <\/div>\n        <\/div>\n<\/section>\n            <\/div>[\/vc_column][\/vc_row][vc_row][vc_column]\n            <div class=\"wrapper\">\n<section  id=\"7-step-process\"  class=\"section  container-width section--blue   \" id=\"sec-1\" style='background-color:#6a9d41;margin-bottom:5px;'>\n   <div class=\"container-fluid\">\n   <div class=\"row m-0 align-items-center text-center mb-4\">\n      <div class=\"col-sm-12 col-md-10 col-lg-7 mx-auto\">\n                     \n         <div class=\"sub-heading component\">\n            <div class=\"h5\">Un proceso de 7 pasos:\n            <\/div>\n         <\/div>\n            \n      <\/div>\n   <\/div>\n   <div class=\"row m-0 align-items-center\"><div class=\"col-sm-12 col-md-10 col-lg-7 mx-auto\">\n      \n               <div class=\"card border-0 triangle p-0\">\n               <div class=\"card-body section--white\">\n                  <div class=\"icon-with-heading component mb-3\">\n                                            \n                     <div class=\"icon\">\n                        <div style='background-color:#aed03b;'>1 <\/div>\n                     <\/div>\n                                           \n                     <div class=\"component\">\n                                                   \n                        <div class=\"sub-heading component mb-0\">\n                           <h6 class=\"mb-0 h6\">Ponte en contacto con nosotros<\/h6>\n                        <\/div>\n                                             \n                     <\/div>\n                  <\/div>\n                                     \n                  <div class=\"sub-heading component\">\n                     <p class=\"body-medium\">Ponte en contacto con nuestra Responsable de Admisiones para mantener una conversaci\u00f3n inicial sobre tu hijo, comprobar disponibilidad de plaza y obtener m\u00e1s informaci\u00f3n sobre lo que nuestro colegio puede ofrecerte a ti y a tu familia.<\/p>\n                  <\/div>\n                                              \n                  <div class=\"component link pt-3\"><div class=\"component link\"><a href=\"\/es\/haz-una-consulta\/\" class=\" btn btn-primary\">Cont\u00e1ctanos<\/a><\/div>                               \n                  <\/div>\n                                \n               <\/div>\n            <\/div>\n            \n               <div class=\"card border-0 triangle p-0\">\n               <div class=\"card-body section--white\">\n                  <div class=\"icon-with-heading component mb-3\">\n                                            \n                     <div class=\"icon\">\n                        <div style='background-color:#aed03b;'>2 <\/div>\n                     <\/div>\n                                           \n                     <div class=\"component\">\n                                                   \n                        <div class=\"sub-heading component mb-0\">\n                           <h6 class=\"mb-0 h6\">Visita ELIS Murcia<\/h6>\n                        <\/div>\n                                             \n                     <\/div>\n                  <\/div>\n                                     \n                  <div class=\"sub-heading component\">\n                     <p class=\"body-medium\">Vive de primera mano el acogedor ambiente de ELIS Murcia viniendo a una de nuestras jornadas de puertas abiertas o reservando una visita privada. Tambi\u00e9n organizamos jornadas de puertas abiertas virtuales y visitas privadas online.<\/p>\n                  <\/div>\n                                              \n                  <div class=\"component link pt-3\"><div class=\"component link\"><a href=\"\/es\/solicita-una-visita-privada\/\" class=\" btn btn-primary\">Solicita una Visita Privada<\/a><\/div>                               \n                  <\/div>\n                                \n               <\/div>\n            <\/div>\n            \n               <div class=\"card border-0 triangle p-0\">\n               <div class=\"card-body section--white\">\n                  <div class=\"icon-with-heading component mb-3\">\n                                            \n                     <div class=\"icon\">\n                        <div style='background-color:#aed03b;'>3 <\/div>\n                     <\/div>\n                                           \n                     <div class=\"component\">\n                                                   \n                        <div class=\"sub-heading component mb-0\">\n                           <h6 class=\"mb-0 h6\">Solicita una plaza<\/h6>\n                        <\/div>\n                                             \n                     <\/div>\n                  <\/div>\n                                     \n                  <div class=\"sub-heading component\">\n                     <p class=\"body-medium\">Cuando est\u00e9s preparado para dar el siguiente paso, ponte en contacto con nuestra Responsable de Admisiones. Esto nos permitir\u00e1 iniciar nuestro proceso de admisi\u00f3n para asegurarnos de que podemos satisfacer las necesidades de tu hijo.<\/p>\n                  <\/div>\n                                \n               <\/div>\n            <\/div>\n            \n               <div class=\"card border-0 triangle p-0\">\n               <div class=\"card-body section--white\">\n                  <div class=\"icon-with-heading component mb-3\">\n                                            \n                     <div class=\"icon\">\n                        <div style='background-color:#aed03b;'>4 <\/div>\n                     <\/div>\n                                           \n                     <div class=\"component\">\n                                                   \n                        <div class=\"sub-heading component mb-0\">\n                           <h6 class=\"mb-0 h6\">Evaluaci\u00f3n y entrevista<\/h6>\n                        <\/div>\n                                             \n                     <\/div>\n                  <\/div>\n                                     \n                  <div class=\"sub-heading component\">\n                     <p class=\"body-medium\">Dependiendo de la edad de tu hijo, te invitaremos a ti y a tu hijo a una evaluaci\u00f3n informal o a un d\u00eda de prueba para evaluar su nivel de ingl\u00e9s de acuerdo con el curso para el que solicites plaza. Tambi\u00e9n tendr\u00e9is una entrevista con la Directora.<\/p>\n                  <\/div>\n                                \n               <\/div>\n            <\/div>\n            \n               <div class=\"card border-0 triangle p-0\">\n               <div class=\"card-body section--white\">\n                  <div class=\"icon-with-heading component mb-3\">\n                                            \n                     <div class=\"icon\">\n                        <div style='background-color:#aed03b;'>5 <\/div>\n                     <\/div>\n                                           \n                     <div class=\"component\">\n                                                   \n                        <div class=\"sub-heading component mb-0\">\n                           <h6 class=\"mb-0 h6\">Oferta de plaza<\/h6>\n                        <\/div>\n                                             \n                     <\/div>\n                  <\/div>\n                                     \n                  <div class=\"sub-heading component\">\n                     <p class=\"body-medium\">Tras superar con \u00e9xito la evaluaci\u00f3n y\/o entrevista, y en funci\u00f3n de la disponibilidad, te haremos una oferta formal y limitada en el tiempo de una plaza para que tu hijo se incorpore a nuestro colegio.<\/p>\n                  <\/div>\n                                \n               <\/div>\n            <\/div>\n            \n               <div class=\"card border-0 triangle p-0\">\n               <div class=\"card-body section--white\">\n                  <div class=\"icon-with-heading component mb-3\">\n                                            \n                     <div class=\"icon\">\n                        <div style='background-color:#aed03b;'>6 <\/div>\n                     <\/div>\n                                           \n                     <div class=\"component\">\n                                                   \n                        <div class=\"sub-heading component mb-0\">\n                           <h6 class=\"mb-0 h6\">Documentaci\u00f3n de admisi\u00f3n<\/h6>\n                        <\/div>\n                                             \n                     <\/div>\n                  <\/div>\n                                     \n                  <div class=\"sub-heading component\">\n                     <p class=\"body-medium\">Si aceptas la oferta, se te pedir\u00e1 que rellenes el formulario de admisi\u00f3n, presentes toda la documentaci\u00f3n necesaria y abones la matr\u00edcula para garantizar la admisi\u00f3n de tu hijo.<\/p>\n                  <\/div>\n                                \n               <\/div>\n            <\/div>\n            \n               <div class=\"card border-0 triangle p-0\">\n               <div class=\"card-body section--white\">\n                  <div class=\"icon-with-heading component mb-3\">\n                                            \n                     <div class=\"icon\">\n                        <div style='background-color:#aed03b;'>7 <\/div>\n                     <\/div>\n                                           \n                     <div class=\"component\">\n                                                   \n                        <div class=\"sub-heading component mb-0\">\n                           <h6 class=\"mb-0 h6\">\u00a1Bienvenido a ELIS Murcia!<\/h6>\n                        <\/div>\n                                             \n                     <\/div>\n                  <\/div>\n                                     \n                  <div class=\"sub-heading component\">\n                     <p class=\"body-medium\">Desde el momento en que t\u00fa y tu hijo llegu\u00e9is a El Limonar International School Murcia, os sentir\u00e9is parte de la Comunidad ELIS Murcia.<\/p>\n                  <\/div>\n                                \n               <\/div>\n            <\/div>\n                  \n         <\/div>\n      <\/div>\n   <\/div>\n<\/section>\n\n            <\/div>[\/vc_column][\/vc_row][vc_row css=&#8221;.vc_custom_1695734347815{margin-top: 40px !important;background-image: url(https:\/\/elismurcia.com\/wp-content\/uploads\/sites\/110\/2023\/08\/gradient-12.png?id=69892) !important;background-position: center !important;background-repeat: no-repeat !important;background-size: cover !important;}&#8221;][vc_column]<div class=\"wrapper  wpb_animate_when_almost_visible wpb_fadeInUp fadeInUp\" ><section  id=\"your-childs-journey\"  class=\"section container-width   section--blue \" style='background-color:#6a9d41;'>\n    <div class=\"container-fluid \">\n        <div class=\"row m-0 centerText\">\n            \n<div class=\"col-sm-12 col-md-12 col-lg-10 col-xl-8 mx-auto\">       <div class=\"component\">\n                    <h3 class=\"h5\">Inicia una experiencia de aprendizaje \u00fanica\n                    <\/h3>\n                <\/div>     <\/div><div class=\"col-sm-12 col-md-7 col-lg-6 col-xl-5 mx-auto\">       <div class=\"component mt-3\">\n                    <div class=\"body-large\"><\/p>\n<p style=\"text-align: center;\">Descubre el enriquecedor viaje educativo que espera a tu hijo en las diferentes etapas de El Limonar International School Murcia.<\/p>\n<p><\/div>\n                <\/div>        <div class=\"component link\"><div class=\"component link\"><a href=\"\/es\/el-viaje-de-tu-hijo\/\" class=\" btn btn-primary btn-primary--border\">El viaje de tu hijo<\/a><\/div><\/div>\n            <\/div>\n        <\/div>\n    <\/div>\n<\/section><section class=\"section cards--section pt-0 container-width  section--blue \" style='background-color:#6a9d41;'>\n                <div class=\"container-fluid \">\n                    <div class=\"row m-0\"><div class=\"col-sm-12 col-md-6 col-lg-6\">\n                            <div class=\"card horizontal--card horizontal--card-sm img--100 mb-3\">\n                                <div class=\"row m-0 g-0\">                         <div class=\"col-5 col-md-5 col-lg-5\">\n                                    <div class=\"thumbnail_img_overlay_5396\"> <img decoding=\"async\" src=\"https:\/\/elismurcia.com\/wp-content\/uploads\/sites\/110\/2025\/11\/ELIS-Murcia-Oct25-156.jpg\" class=\"img-fluid rounded-start\" alt=\"...\"><\/div>\n                                  <\/div>                        <div class=\"col-7 col-md-7 col-lg-7\">\n                                    <div class=\"card-body\">\n                                        <div class=\"component\" data-bs-toggle=\"modal\" data-bs-target=\"#classmodal5827\">\n                                           <a href=\"\" class=\"body-large-bold\">Infantil<\/a>\n                                        <\/div>\n                                        <div class=\"component m-0\"><p class=\"p\">3 - 5 a\u00f1os<\/p><\/div>                              <div class=\"modal-overlay sm--modal link\" data-bs-toggle=\"modal\" data-bs-target=\"#classmodal5827\">\n                                            <button class=\"btn btn-link\" title=\"Student journey popup link\"><i class=\"fa fa-plus\"><\/i><\/button>\n                                        <\/div>                           <\/div>\n                                  <\/div>\n                                <\/div>\n                            <\/div>\n                        <\/div><div class=\"col-sm-12 col-md-6 col-lg-6\">\n                            <div class=\"card horizontal--card horizontal--card-sm img--100 mb-3\">\n                                <div class=\"row m-0 g-0\">                         <div class=\"col-5 col-md-5 col-lg-5\">\n                                    <div class=\"thumbnail_img_overlay_6947\"> <img decoding=\"async\" src=\"https:\/\/elismurcia.com\/wp-content\/uploads\/sites\/110\/2025\/11\/ELIS-Murcia-Oct25-670.jpg\" class=\"img-fluid rounded-start\" alt=\"...\"><\/div>\n                                  <\/div>                        <div class=\"col-7 col-md-7 col-lg-7\">\n                                    <div class=\"card-body\">\n                                        <div class=\"component\" data-bs-toggle=\"modal\" data-bs-target=\"#classmodal4954\">\n                                           <a href=\"\" class=\"body-large-bold\">Primaria<\/a>\n                                        <\/div>\n                                        <div class=\"component m-0\"><p class=\"p\">5 - 11 a\u00f1os<\/p><\/div>                              <div class=\"modal-overlay sm--modal link\" data-bs-toggle=\"modal\" data-bs-target=\"#classmodal4954\">\n                                            <button class=\"btn btn-link\" title=\"Student journey popup link\"><i class=\"fa fa-plus\"><\/i><\/button>\n                                        <\/div>                           <\/div>\n                                  <\/div>\n                                <\/div>\n                            <\/div>\n                        <\/div><div class=\"col-sm-12 col-md-6 col-lg-6\">\n                            <div class=\"card horizontal--card horizontal--card-sm img--100 mb-3\">\n                                <div class=\"row m-0 g-0\">                         <div class=\"col-5 col-md-5 col-lg-5\">\n                                    <div class=\"thumbnail_img_overlay_1239\"> <img decoding=\"async\" src=\"https:\/\/elismurcia.com\/wp-content\/uploads\/sites\/110\/2025\/11\/ELIS-Murcia-Oct25-567.jpg\" class=\"img-fluid rounded-start\" alt=\"...\"><\/div>\n                                  <\/div>                        <div class=\"col-7 col-md-7 col-lg-7\">\n                                    <div class=\"card-body\">\n                                        <div class=\"component\" data-bs-toggle=\"modal\" data-bs-target=\"#classmodal2622\">\n                                           <a href=\"\" class=\"body-large-bold\">Secundaria<\/a>\n                                        <\/div>\n                                        <div class=\"component m-0\"><p class=\"p\">11 - 16 a\u00f1os<\/p><\/div>                              <div class=\"modal-overlay sm--modal link\" data-bs-toggle=\"modal\" data-bs-target=\"#classmodal2622\">\n                                            <button class=\"btn btn-link\" title=\"Student journey popup link\"><i class=\"fa fa-plus\"><\/i><\/button>\n                                        <\/div>                           <\/div>\n                                  <\/div>\n                                <\/div>\n                            <\/div>\n                        <\/div><div class=\"col-sm-12 col-md-6 col-lg-6\">\n                            <div class=\"card horizontal--card horizontal--card-sm img--100 mb-3\">\n                                <div class=\"row m-0 g-0\">                         <div class=\"col-5 col-md-5 col-lg-5\">\n                                    <div class=\"thumbnail_img_overlay_1798\"> <img decoding=\"async\" src=\"https:\/\/elismurcia.com\/wp-content\/uploads\/sites\/110\/2025\/11\/ELIS-Murcia-Oct25-39.jpg\" class=\"img-fluid rounded-start\" alt=\"...\"><\/div>\n                                  <\/div>                        <div class=\"col-7 col-md-7 col-lg-7\">\n                                    <div class=\"card-body\">\n                                        <div class=\"component\" data-bs-toggle=\"modal\" data-bs-target=\"#classmodal8810\">\n                                           <a href=\"\" class=\"body-large-bold\">Bachillerato<\/a>\n                                        <\/div>\n                                        <div class=\"component m-0\"><p class=\"p\">16 - 18 a\u00f1os<\/p><\/div>                              <div class=\"modal-overlay sm--modal link\" data-bs-toggle=\"modal\" data-bs-target=\"#classmodal8810\">\n                                            <button class=\"btn btn-link\" title=\"Student journey popup link\"><i class=\"fa fa-plus\"><\/i><\/button>\n                                        <\/div>                           <\/div>\n                                  <\/div>\n                                <\/div>\n                            <\/div>\n                        <\/div>          <\/div>\n                <\/div>\n            <\/section><\/div><div class=\"modal fade booking-modal extra--padding mob-P-0 show\" id=\"classmodal5827\" data-bs-backdrop=\"static\" data-bs-keyboard=\"false\" tabindex=\"-1\" aria-labelledby=\"staticBackdropLabel\" style=\"display: none;\" aria-modal=\"true\" role=\"dialog\">\n                                    <div class=\"modal-dialog modal-lg\">\n                                    <div class=\"modal-content section--white\">\n                                        <div class=\"modal-body\">\n                                            <button type=\"button\" class=\"btn-close\" data-bs-dismiss=\"modal\" aria-label=\"Close\"><i class=\"fa fa-times\"><\/i><\/button>\n                                            <div class=\"row m-0\">\n                                                <div class=\"col-md-6 col-lg-6 order-2 order-md-1 px-3 px-md-0 pt-4 pt-md-0\">\n                                                    <div class=\"col-md-12 col-lg-12\">\n                                                        <div class=\"component link\"><a href=\"\/es\/educacion-infantil\/\" class=\"highlights__link btn btn-link\">Infantil<\/a>                  <\/div>\n                                                        <div class=\"sub-heading component mt-0\">                <p class=\"body-small\">3 - 5 a\u00f1os<\/p>               <\/div>\n                                                    <\/div>           <div class=\"component list p-0\">\n                                                        <ul class=\"\">                       <li>Descubre nuestro curr\u00edculo dise\u00f1ado para ni\u00f1os de 3 a 5 a\u00f1os, que ofrece la base ideal para su itinerario educativo. <\/li>                       <li>Nuestras instalaciones proporcionan un ambiente acogedor, con personal altamente cualificado que garantiza una transici\u00f3n fluida desde la guarder\u00eda al colegio y un aprendizaje integral en siete \u00e1reas esenciales. <\/li>        <\/ul>\n                                                    <\/div>\n                                                    <div class=\"component link pt-3\">           <a class=\"btn btn-primary btn-primary--border\" href=\"\/es\/educacion-infantil\/\">Descubre m\u00e1s<\/a>           <\/div>\n                                                <\/div>\n                                                <div class=\"col-md-6 col-lg-6 order-1 order-md-2 p-0 p-md-3\">\n                                                    <div class=\"img-sec\">\n                                                        <div class=\"component\">\n                                                            <div class=\"modal_image_ite6293 callout-img map--img leftBottom-content\" style=\"background-image: url(https:\/\/elismurcia.com\/wp-content\/uploads\/sites\/110\/2025\/11\/ELIS-Murcia-Oct25-156.jpg);background-position:center;\">\n                                                            <\/div>\n                                                            <\/div>\n                                                        <\/div>\n                                                        \n                                                    <\/div>\n                                                <\/div>\n                                            <\/div>\n\n                                            \n                                        <\/div>\n                                    <\/div>\n                                    <\/div><div class=\"modal fade booking-modal extra--padding mob-P-0 show\" id=\"classmodal4954\" data-bs-backdrop=\"static\" data-bs-keyboard=\"false\" tabindex=\"-1\" aria-labelledby=\"staticBackdropLabel\" style=\"display: none;\" aria-modal=\"true\" role=\"dialog\">\n                                    <div class=\"modal-dialog modal-lg\">\n                                    <div class=\"modal-content section--white\">\n                                        <div class=\"modal-body\">\n                                            <button type=\"button\" class=\"btn-close\" data-bs-dismiss=\"modal\" aria-label=\"Close\"><i class=\"fa fa-times\"><\/i><\/button>\n                                            <div class=\"row m-0\">\n                                                <div class=\"col-md-6 col-lg-6 order-2 order-md-1 px-3 px-md-0 pt-4 pt-md-0\">\n                                                    <div class=\"col-md-12 col-lg-12\">\n                                                        <div class=\"component link\"><a href=\"\/es\/primaria\/\" class=\"highlights__link btn btn-link\">Primaria<\/a>                  <\/div>\n                                                        <div class=\"sub-heading component mt-0\">                <p class=\"body-small\">5 - 11 a\u00f1os<\/p>               <\/div>\n                                                    <\/div>           <div class=\"component list p-0\">\n                                                        <ul class=\"\">                       <li>Una educaci\u00f3n hol\u00edstica que prepara a los ni\u00f1os de 5 a 11 a\u00f1os para un crecimiento y aprendizaje continuos a lo largo de su vida. <\/li>                       <li>Nuestro curr\u00edculo combina lo mejor de la educaci\u00f3n brit\u00e1nica y espa\u00f1ola, ofreciendo un tercer idioma y un programa de tutor\u00eda individualizada. <\/li>        <\/ul>\n                                                    <\/div>\n                                                    <div class=\"component link pt-3\">           <a class=\"btn btn-primary btn-primary--border\" href=\"\/es\/primaria\/\">Descubre m\u00e1s<\/a>           <\/div>\n                                                <\/div>\n                                                <div class=\"col-md-6 col-lg-6 order-1 order-md-2 p-0 p-md-3\">\n                                                    <div class=\"img-sec\">\n                                                        <div class=\"component\">\n                                                            <div class=\"modal_image_ite1636 callout-img map--img leftBottom-content\" style=\"background-image: url(https:\/\/elismurcia.com\/wp-content\/uploads\/sites\/110\/2025\/11\/ELIS-Murcia-Oct25-670.jpg);background-position:center;\">\n                                                            <\/div>\n                                                            <\/div>\n                                                        <\/div>\n                                                        \n                                                    <\/div>\n                                                <\/div>\n                                            <\/div>\n\n                                            \n                                        <\/div>\n                                    <\/div>\n                                    <\/div><div class=\"modal fade booking-modal extra--padding mob-P-0 show\" id=\"classmodal2622\" data-bs-backdrop=\"static\" data-bs-keyboard=\"false\" tabindex=\"-1\" aria-labelledby=\"staticBackdropLabel\" style=\"display: none;\" aria-modal=\"true\" role=\"dialog\">\n                                    <div class=\"modal-dialog modal-lg\">\n                                    <div class=\"modal-content section--white\">\n                                        <div class=\"modal-body\">\n                                            <button type=\"button\" class=\"btn-close\" data-bs-dismiss=\"modal\" aria-label=\"Close\"><i class=\"fa fa-times\"><\/i><\/button>\n                                            <div class=\"row m-0\">\n                                                <div class=\"col-md-6 col-lg-6 order-2 order-md-1 px-3 px-md-0 pt-4 pt-md-0\">\n                                                    <div class=\"col-md-12 col-lg-12\">\n                                                        <div class=\"component link\"><a href=\"\/es\/secundaria\/\" class=\"highlights__link btn btn-link\">Secundaria<\/a>                  <\/div>\n                                                        <div class=\"sub-heading component mt-0\">                <p class=\"body-small\">11 - 16 a\u00f1os<\/p>               <\/div>\n                                                    <\/div>           <div class=\"component list p-0\">\n                                                        <ul class=\"\">                       <li>Nuestro curr\u00edculo de Secundaria prepara a los estudiantes para ex\u00e1menes internacionales externos y rigurosos mejorando sus habilidades en diferentes materias. <\/li>                       <li>Nuestro compromiso con la excelencia se refleja en el proyecto Montevida: instalaciones de primer nivel que potencian el aprendizaje y facilitan la preparaci\u00f3n de los alumnos para el futuro. <\/li>        <\/ul>\n                                                    <\/div>\n                                                    <div class=\"component link pt-3\">           <a class=\"btn btn-primary btn-primary--border\" href=\"\/es\/secundaria\/\">Descubre m\u00e1s<\/a>           <\/div>\n                                                <\/div>\n                                                <div class=\"col-md-6 col-lg-6 order-1 order-md-2 p-0 p-md-3\">\n                                                    <div class=\"img-sec\">\n                                                        <div class=\"component\">\n                                                            <div class=\"modal_image_ite4627 callout-img map--img leftBottom-content\" style=\"background-image: url(https:\/\/elismurcia.com\/wp-content\/uploads\/sites\/110\/2025\/11\/ELIS-Murcia-Oct25-567.jpg);background-position:center;\">\n                                                            <\/div>\n                                                            <\/div>\n                                                        <\/div>\n                                                        \n                                                    <\/div>\n                                                <\/div>\n                                            <\/div>\n\n                                            \n                                        <\/div>\n                                    <\/div>\n                                    <\/div><div class=\"modal fade booking-modal extra--padding mob-P-0 show\" id=\"classmodal8810\" data-bs-backdrop=\"static\" data-bs-keyboard=\"false\" tabindex=\"-1\" aria-labelledby=\"staticBackdropLabel\" style=\"display: none;\" aria-modal=\"true\" role=\"dialog\">\n                                    <div class=\"modal-dialog modal-lg\">\n                                    <div class=\"modal-content section--white\">\n                                        <div class=\"modal-body\">\n                                            <button type=\"button\" class=\"btn-close\" data-bs-dismiss=\"modal\" aria-label=\"Close\"><i class=\"fa fa-times\"><\/i><\/button>\n                                            <div class=\"row m-0\">\n                                                <div class=\"col-md-6 col-lg-6 order-2 order-md-1 px-3 px-md-0 pt-4 pt-md-0\">\n                                                    <div class=\"col-md-12 col-lg-12\">\n                                                        <div class=\"component link\"><a href=\"\/es\/bachillerato\/\" class=\"highlights__link btn btn-link\">Bachillerato<\/a>                  <\/div>\n                                                        <div class=\"sub-heading component mt-0\">                <p class=\"body-small\">16 - 18 a\u00f1os<\/p>               <\/div>\n                                                    <\/div>           <div class=\"component list p-0\">\n                                                        <ul class=\"\">                       <li>ELIS Murcia prepara a los estudiantes para acceder a universidades del Reino Unido, Espa\u00f1a o internacionales mediante un programa \u00fanico de orientaci\u00f3n vocacional. <\/li>                       <li>Nuestro Bachillerato combina A-Levels Internacionales y Bachillerato espa\u00f1ol, junto con un apoyo personalizado que incluye tutor\u00edas, intercambios, viajes y programas de preparaci\u00f3n para la universidad. <\/li>        <\/ul>\n                                                    <\/div>\n                                                    <div class=\"component link pt-3\">           <a class=\"btn btn-primary btn-primary--border\" href=\"\/es\/bachillerato\/\">Descubre m\u00e1s<\/a>           <\/div>\n                                                <\/div>\n                                                <div class=\"col-md-6 col-lg-6 order-1 order-md-2 p-0 p-md-3\">\n                                                    <div class=\"img-sec\">\n                                                        <div class=\"component\">\n                                                            <div class=\"modal_image_ite5381 callout-img map--img leftBottom-content\" style=\"background-image: url(https:\/\/elismurcia.com\/wp-content\/uploads\/sites\/110\/2025\/11\/ELIS-Murcia-Oct25-39.jpg);background-position:center;\">\n                                                            <\/div>\n                                                            <\/div>\n                                                        <\/div>\n                                                        \n                                                    <\/div>\n                                                <\/div>\n                                            <\/div>\n\n                                            \n                                        <\/div>\n                                    <\/div>\n                                    <\/div>[\/vc_column][\/vc_row][vc_row css=&#8221;.vc_custom_1695734325120{margin-top: 5px !important;background-color: #f3f4f2 !important;}&#8221;][vc_column]<div class=\"wrapper\"><section  style='' class=\"section    pb-0 container-width \"><div class=\"container-fluid\"><div class=\"row m-0 align-items-center centerText \" >\n                        <div class=\"col-sm-12 col-md-10 col-lg-9 mx-auto\"><div class=\"sub-heading component\">\n                                        <h2 class=\"h5\">Te puede interesar<\/h2>\n                                    <\/div><div class=\"sub-heading component\"><\/div><style>\n                        .flex-button {\n                        margin-top: 25px;\n                    } \n                        \n                    @media (max-width: 767px){\n                     .flex-button {\n                      display: block;\n                      margin-left: 0;\n                    }\n                    .flex-button .text-center{\n                     text-align: left !important;\n                    }\n                    }\n\n\n                        <\/style><\/div><\/div><\/section><\/div><section  class=\"section      \" style='margin-top:-60px;'><div class=\"container-fluid \" ><style>\n            .background-box .heading .h5:after {\n                display:none;\n            }\n            <\/style><div class=\"row m-0 justify-content-center pt-3 pt-md-3\"><style>\n                .thumbnail_img_overlay_2593 .callout-img.halfcol--img .img-overlay {\n                    background: rgba(12,5,5,0.5);\n                    \n                }\n\n                .thumbnail_img_overlay_2593 .tech-images .callout-img.halfcol--img {\n                    background: rgba(12,5,5,0.5);\n                    \n                }\n\n                <\/style><style>\n                .thumbnail_img_overlay_2593 .heading .h5 {\n                    background: rgba(106,157,65,0.7);\n                    \n                }\n\n            \n\n                <\/style><style>\n                .thumbnail_img_overlay_2593 .heading .h5 a {\n                    font-size: 24px;\n                    line-height:24px;\n                    \n                }\n\n                .thumbnail_img_overlay_2593 .heading .h5 {\n                    font-size: 24px;\n                    line-height: 24px;\n                    \n                }\n               \n                <\/style><style>\n                .thumbnail_img_overlay_2593 .heading .h5 a {\n                    color: #ffffffpx;\n                    \n                }\n\n                .thumbnail_img_overlay_2593 .heading .h5 {\n                    color: #ffffffpx;\n                    \n                }\n               \n                <\/style><div class=\"col-lg-3 col-md-3 col-sm-3 mb-3 pb-2\">\n                            <div class=\"card card--white tech-images next-steps-module  thumbnail_img_overlay_2593\">   <a class=\"\" href = \"\/es\/excelencia-academica\/\" ><div class=\"ratio ratio-21x9 callout-img halfcol--img leftBottom-content\" style=\"background-image: url(https:\/\/elismurcia.com\/wp-content\/uploads\/sites\/110\/2025\/11\/ELIS-Murcia-Oct25-416.jpg);background-position:center;\">\n                                 \n                                 <div class=\"img-overlay \">\n                                 \n                                     <div class=\"heading component\">\n                                        <h5 class=\"h5\" >Excelencia Acad\u00e9mica<\/h5>\n                                     <\/div>\n                                   \n                                \n                             <\/div>\n                                 \n                                 <\/div><\/a>\n                            <\/div>\n                        <\/div><style>\n                .thumbnail_img_overlay_9811 .callout-img.halfcol--img .img-overlay {\n                    background: rgba(12,5,5,0.3);\n                    \n                }\n\n                .thumbnail_img_overlay_9811 .tech-images .callout-img.halfcol--img {\n                    background: rgba(12,5,5,0.3);\n                    \n                }\n\n                <\/style><style>\n                .thumbnail_img_overlay_9811 .heading .h5 {\n                    background: rgba(106,157,65,0.7);\n                    \n                }\n\n            \n\n                <\/style><style>\n                .thumbnail_img_overlay_9811 .heading .h5 a {\n                    font-size: 24px;\n                    line-height:24px;\n                    \n                }\n\n                .thumbnail_img_overlay_9811 .heading .h5 {\n                    font-size: 24px;\n                    line-height: 24px;\n                    \n                }\n               \n                <\/style><style>\n                .thumbnail_img_overlay_9811 .heading .h5 a {\n                    color: #ffffffpx;\n                    \n                }\n\n                .thumbnail_img_overlay_9811 .heading .h5 {\n                    color: #ffffffpx;\n                    \n                }\n               \n                <\/style><div class=\"col-lg-3 col-md-3 col-sm-3 mb-3 pb-2\">\n                            <div class=\"card card--white tech-images next-steps-module  thumbnail_img_overlay_9811\">   <a class=\"\" href = \"\/es\/instalaciones-y-localizacion\/\" ><div class=\"ratio ratio-21x9 callout-img halfcol--img leftBottom-content\" style=\"background-image: url(https:\/\/elismurcia.com\/wp-content\/uploads\/sites\/110\/2023\/08\/2J6A5285_b.jpg);background-position:center;\">\n                                 \n                                 <div class=\"img-overlay \">\n                                 \n                                     <div class=\"heading component\">\n                                        <h5 class=\"h5\" >Instalaciones y Localizaci\u00f3n<\/h5>\n                                     <\/div>\n                                   \n                                \n                             <\/div>\n                                 \n                                 <\/div><\/a>\n                            <\/div>\n                        <\/div><style>\n                .thumbnail_img_overlay_3379 .callout-img.halfcol--img .img-overlay {\n                    background: rgba(0,0,0,0.3);\n                    \n                }\n\n                .thumbnail_img_overlay_3379 .tech-images .callout-img.halfcol--img {\n                    background: rgba(0,0,0,0.3);\n                    \n                }\n\n                <\/style><style>\n                .thumbnail_img_overlay_3379 .heading .h5 {\n                    background: rgba(106,157,65,0.7);\n                    \n                }\n\n            \n\n                <\/style><style>\n                .thumbnail_img_overlay_3379 .heading .h5 a {\n                    font-size: 24px;\n                    line-height:24px;\n                    \n                }\n\n                .thumbnail_img_overlay_3379 .heading .h5 {\n                    font-size: 24px;\n                    line-height: 24px;\n                    \n                }\n               \n                <\/style><style>\n                .thumbnail_img_overlay_3379 .heading .h5 a {\n                    color: #ffffffpx;\n                    \n                }\n\n                .thumbnail_img_overlay_3379 .heading .h5 {\n                    color: #ffffffpx;\n                    \n                }\n               \n                <\/style><div class=\"col-lg-3 col-md-3 col-sm-3 mb-3 pb-2\">\n                            <div class=\"card card--white tech-images next-steps-module  thumbnail_img_overlay_3379\">   <a class=\"\" href = \"\/es\/puertas-abiertas-y-visitas\/\" ><div class=\"ratio ratio-21x9 callout-img halfcol--img leftBottom-content\" style=\"background-image: url(https:\/\/elismurcia.com\/wp-content\/uploads\/sites\/110\/2025\/11\/ELIS-Murcia-Oct25-168.jpg);background-position:center;\">\n                                 \n                                 <div class=\"img-overlay \">\n                                 \n                                     <div class=\"heading component\">\n                                        <h5 class=\"h5\" >Puertas Abiertas y Visitas<\/h5>\n                                     <\/div>\n                                   \n                                \n                             <\/div>\n                                 \n                                 <\/div><\/a>\n                            <\/div>\n                        <\/div><style>\n                .thumbnail_img_overlay_4700 .callout-img.halfcol--img .img-overlay {\n                    background: rgba(0,0,0,0.3);\n                    \n                }\n\n                .thumbnail_img_overlay_4700 .tech-images .callout-img.halfcol--img {\n                    background: rgba(0,0,0,0.3);\n                    \n                }\n\n                <\/style><style>\n                .thumbnail_img_overlay_4700 .heading .h5 {\n                    background: rgba(106,157,65,0.7);\n                    \n                }\n\n            \n\n                <\/style><style>\n                .thumbnail_img_overlay_4700 .heading .h5 a {\n                    font-size: 24px;\n                    line-height:24px;\n                    \n                }\n\n                .thumbnail_img_overlay_4700 .heading .h5 {\n                    font-size: 24px;\n                    line-height: 24px;\n                    \n                }\n               \n                <\/style><style>\n                .thumbnail_img_overlay_4700 .heading .h5 a {\n                    color: #ffffffpx;\n                    \n                }\n\n                .thumbnail_img_overlay_4700 .heading .h5 {\n                    color: #ffffffpx;\n                    \n                }\n               \n                <\/style><div class=\"col-lg-3 col-md-3 col-sm-3 mb-3 pb-2\">\n                            <div class=\"card card--white tech-images next-steps-module  thumbnail_img_overlay_4700\">   <a class=\"\" href = \"\/es\/proceso-de-admision\/\" ><div class=\"ratio ratio-21x9 callout-img halfcol--img leftBottom-content\" style=\"background-image: url(https:\/\/elismurcia.com\/wp-content\/uploads\/sites\/110\/2025\/11\/ELIS-Murcia-Oct25-384.jpg);background-position:center;\">\n                                 \n                                 <div class=\"img-overlay \">\n                                 \n                                     <div class=\"heading component\">\n                                        <h5 class=\"h5\" >Proceso de Admisi\u00f3n<\/h5>\n                                     <\/div>\n                                   \n                                \n                             <\/div>\n                                 \n                                 <\/div><\/a>\n                            <\/div>\n                        <\/div><\/div><\/div>\n            <\/section>[\/vc_column][\/vc_row][vc_row css=&#8221;.vc_custom_1694162374357{background-image: url(https:\/\/elismurcia.com\/wp-content\/uploads\/sites\/110\/2023\/09\/prospectus-background-01-01-01-01-01-01.png?id=70917) !important;background-position: center !important;background-repeat: no-repeat !important;background-size: cover !important;}&#8221;][vc_column]<section  style='' class=\"section  wpb_animate_when_almost_visible wpb_fadeInUp fadeInUp     \"><div class=\"container-fluid\"><div class=\"row m-0 align-items-center centerText \" >\n                        <div class=\"col-sm-12 col-md-10 col-lg-9 mx-auto\"><div class=\"sub-heading component\">\n                                        <h2 class=\"h5\">Descubre m\u00e1s sobre ELIS Murcia<\/h2>\n                                    <\/div><div class=\"sub-heading component\"><\/div><div class=\"component link\"><a href=\"\/es\/descarga-nuestro-catalogo\/\" class=\" btn btn-primary btn-primary--border\">Solicita nuestro Cat\u00e1logo<\/a><\/div><style>\n                        .flex-button {\n                        margin-top: 25px;\n                    } \n                        \n                    @media (max-width: 767px){\n                     .flex-button {\n                      display: block;\n                      margin-left: 0;\n                    }\n                    .flex-button .text-center{\n                     text-align: left !important;\n                    }\n                    }\n\n\n                        <\/style><\/div><\/div><\/section>[\/vc_column][\/vc_row][vc_row][vc_column]<section class=\"section section--blue bottom-step TopBottomBorder   \" style=\"background-image: url('https:\/\/elismurcia.com\/wp-content\/uploads\/sites\/110\/2025\/11\/ELIS-Murcia-Oct25-646-e1763473085267.jpg');;;\"><style>.bottom-step.section--blue:before {background: rgba(106,157,65,0.8);}<\/style><div class=\"container-fluid\"><div class=\"row\"><div class=\"col-sm-12\"><div class=\"component title\"><p class=\"body-small\">Ponte en Contacto<\/p><\/div><\/div><\/div><div class=\"row\"><div class=\"col-md-4\"><div class=\"component linkcard \">\n                                <a class=\"card card--bordered\" href=\"\/es\/haz-una-consulta\/\">\n                                    <div class=\"card-body d-flex align-items-center\">\n                                    <div> <div class=\"component link\">\n                                            <div  class=\"btn btn-link simple-link h5\">Haz una Consulta<\/div>\n                                        <\/div><\/div><\/div><\/a><\/div><\/div><div class=\"col-md-4\"><div class=\"component linkcard \">\n                                <a class=\"card card--bordered\" href=\"\/es\/solicita-una-visita-privada\/\">\n                                    <div class=\"card-body d-flex align-items-center\">\n                                    <div> <div class=\"component link\">\n                                            <div  class=\"btn btn-link simple-link h5\">Solicita una Visita Privada<\/div>\n                                        <\/div><\/div><\/div><\/a><\/div><\/div><div class=\"col-md-4\"><div class=\"component linkcard \">\n                                <a class=\"card card--bordered\" href=\"\/es\/reserva-un-jornada-de-puertas-abiertas\/\">\n                                    <div class=\"card-body d-flex align-items-center\">\n                                    <div> <div class=\"component link\">\n                                            <div  class=\"btn btn-link simple-link h5\">Ven a un D\u00eda de Puertas Abiertas<\/div>\n                                        <\/div><\/div><\/div><\/a><\/div><\/div><\/div><\/section>[\/vc_column][\/vc_row]<\/p>\n<\/div>","protected":false},"excerpt":{"rendered":"<p>[vc_row][vc_column][\/vc_column][\/vc_row][vc_row][vc_column][\/vc_column][\/vc_row][vc_row][vc_column][\/vc_column][\/vc_row][vc_row css=&#8221;.vc_custom_1695734347815{margin-top: 40px !important;background-image: url(https:\/\/elismurcia.com\/wp-content\/uploads\/sites\/110\/2023\/08\/gradient-12.png?id=69892) !important;background-position: center !important;background-repeat: no-repeat !important;background-size: cover !important;}&#8221;][vc_column][\/vc_column][\/vc_row][vc_row css=&#8221;.vc_custom_1695734325120{margin-top: 5px !important;background-color: #f3f4f2 !important;}&#8221;][vc_column][\/vc_column][\/vc_row][vc_row css=&#8221;.vc_custom_1694162374357{background-image: url(https:\/\/elismurcia.com\/wp-content\/uploads\/sites\/110\/2023\/09\/prospectus-background-01-01-01-01-01-01.png?id=70917) !important;background-position: center !important;background-repeat: no-repeat !important;background-size: cover !important;}&#8221;][vc_column][\/vc_column][\/vc_row][vc_row][vc_column][\/vc_column][\/vc_row]<\/p>\n","protected":false},"author":390,"featured_media":0,"parent":0,"menu_order":0,"comment_status":"closed","ping_status":"closed","template":"","meta":{"_acf_changed":false,"footnotes":""},"class_list":["post-71994","page","type-page","status-publish","hentry"],"acf":[],"yoast_head":"<!-- This site is optimized with the Yoast SEO plugin v27.4 - https:\/\/yoast.com\/product\/yoast-seo-wordpress\/ -->\n<title>Proceso de Admisi\u00f3n - ELIS Murcia<\/title>\n<meta name=\"description\" content=\"Hemos dise\u00f1ado nuestro proceso de admisi\u00f3n para que sea lo m\u00e1s sencillo posible. Estaremos encantados de guiarte paso a paso. \u00a1Ven e inf\u00f3rmate!\" \/>\n<meta name=\"robots\" content=\"index, follow, max-snippet:-1, max-image-preview:large, max-video-preview:-1\" \/>\n<link rel=\"canonical\" href=\"https:\/\/elismurcia.com\/es\/proceso-de-admision\/\" \/>\n<meta property=\"og:locale\" content=\"es_ES\" \/>\n<meta property=\"og:type\" content=\"article\" \/>\n<meta property=\"og:title\" content=\"Proceso de Admisi\u00f3n - ELIS Murcia\" \/>\n<meta property=\"og:description\" content=\"Hemos dise\u00f1ado nuestro proceso de admisi\u00f3n para que sea lo m\u00e1s sencillo posible. Estaremos encantados de guiarte paso a paso. \u00a1Ven e inf\u00f3rmate!\" \/>\n<meta property=\"og:url\" content=\"https:\/\/elismurcia.com\/es\/proceso-de-admision\/\" \/>\n<meta property=\"og:site_name\" content=\"ELIS El Limonar International British School Of Murcia\" \/>\n<meta property=\"article:modified_time\" content=\"2026-01-30T12:08:25+00:00\" \/>\n<meta property=\"og:image\" content=\"https:\/\/elismurcia.com\/wp-content\/uploads\/sites\/110\/2024\/10\/LOGO-ELIS-MURCIA-BLANCO.png?w=1024\" \/>\n<meta name=\"twitter:card\" content=\"summary_large_image\" \/>\n<meta name=\"twitter:label1\" content=\"Tiempo de lectura\" \/>\n\t<meta name=\"twitter:data1\" content=\"1 minuto\" \/>\n<!-- \/ Yoast SEO plugin. -->","yoast_head_json":{"title":"Proceso de Admisi\u00f3n - ELIS Murcia","description":"Hemos dise\u00f1ado nuestro proceso de admisi\u00f3n para que sea lo m\u00e1s sencillo posible. Estaremos encantados de guiarte paso a paso. \u00a1Ven e inf\u00f3rmate!","robots":{"index":"index","follow":"follow","max-snippet":"max-snippet:-1","max-image-preview":"max-image-preview:large","max-video-preview":"max-video-preview:-1"},"canonical":"https:\/\/elismurcia.com\/es\/proceso-de-admision\/","og_locale":"es_ES","og_type":"article","og_title":"Proceso de Admisi\u00f3n - ELIS Murcia","og_description":"Hemos dise\u00f1ado nuestro proceso de admisi\u00f3n para que sea lo m\u00e1s sencillo posible. Estaremos encantados de guiarte paso a paso. \u00a1Ven e inf\u00f3rmate!","og_url":"https:\/\/elismurcia.com\/es\/proceso-de-admision\/","og_site_name":"ELIS El Limonar International British School Of Murcia","article_modified_time":"2026-01-30T12:08:25+00:00","og_image":[{"url":"https:\/\/elismurcia.com\/wp-content\/uploads\/sites\/110\/2024\/10\/LOGO-ELIS-MURCIA-BLANCO.png?w=1024","type":"","width":"","height":""}],"twitter_card":"summary_large_image","twitter_misc":{"Tiempo de lectura":"1 minuto"},"schema":{"@context":"https:\/\/schema.org","@graph":[{"@type":"WebPage","@id":"https:\/\/elismurcia.com\/es\/proceso-de-admision\/","url":"https:\/\/elismurcia.com\/es\/proceso-de-admision\/","name":"Proceso de Admisi\u00f3n - ELIS Murcia","isPartOf":{"@id":"https:\/\/elismurcia.com\/es\/#website"},"datePublished":"2021-09-27T12:34:42+00:00","dateModified":"2026-01-30T12:08:25+00:00","description":"Hemos dise\u00f1ado nuestro proceso de admisi\u00f3n para que sea lo m\u00e1s sencillo posible. Estaremos encantados de guiarte paso a paso. \u00a1Ven e inf\u00f3rmate!","breadcrumb":{"@id":"https:\/\/elismurcia.com\/es\/proceso-de-admision\/#breadcrumb"},"inLanguage":"es","potentialAction":[{"@type":"ReadAction","target":["https:\/\/elismurcia.com\/es\/proceso-de-admision\/"]}]},{"@type":"BreadcrumbList","@id":"https:\/\/elismurcia.com\/es\/proceso-de-admision\/#breadcrumb","itemListElement":[{"@type":"ListItem","position":1,"name":"Home","item":"https:\/\/elismurcia.com\/es\/"},{"@type":"ListItem","position":2,"name":"Proceso de Admisi\u00f3n"}]},{"@type":"WebSite","@id":"https:\/\/elismurcia.com\/es\/#website","url":"https:\/\/elismurcia.com\/es\/","name":"ELIS El Limonar International British School Of Murcia","description":"ELIS Murcia is part of the Cognita Schools Group","publisher":{"@id":"https:\/\/elismurcia.com\/es\/#organization"},"alternateName":"ELIS Murcia","potentialAction":[{"@type":"SearchAction","target":{"@type":"EntryPoint","urlTemplate":"https:\/\/elismurcia.com\/es\/?s={search_term_string}"},"query-input":{"@type":"PropertyValueSpecification","valueRequired":true,"valueName":"search_term_string"}}],"inLanguage":"es"},{"@type":"Organization","@id":"https:\/\/elismurcia.com\/es\/#organization","name":"El Limonar International British School Murcia","alternateName":"ELIS Murcia","url":"https:\/\/elismurcia.com\/es\/","logo":{"@type":"ImageObject","inLanguage":"es","@id":"https:\/\/elismurcia.com\/es\/#\/schema\/logo\/image\/","url":"https:\/\/elismurcia.com\/wp-content\/uploads\/sites\/110\/2024\/11\/LOGO-ELIS-MURCIA-COLOR.jpg","contentUrl":"https:\/\/elismurcia.com\/wp-content\/uploads\/sites\/110\/2024\/11\/LOGO-ELIS-MURCIA-COLOR.jpg","width":1240,"height":575,"caption":"El Limonar International British School Murcia"},"image":{"@id":"https:\/\/elismurcia.com\/es\/#\/schema\/logo\/image\/"}}]}},"jetpack_sharing_enabled":true,"_links":{"self":[{"href":"https:\/\/elismurcia.com\/es\/wp-json\/wp\/v2\/pages\/71994","targetHints":{"allow":["GET"]}}],"collection":[{"href":"https:\/\/elismurcia.com\/es\/wp-json\/wp\/v2\/pages"}],"about":[{"href":"https:\/\/elismurcia.com\/es\/wp-json\/wp\/v2\/types\/page"}],"author":[{"embeddable":true,"href":"https:\/\/elismurcia.com\/es\/wp-json\/wp\/v2\/users\/390"}],"replies":[{"embeddable":true,"href":"https:\/\/elismurcia.com\/es\/wp-json\/wp\/v2\/comments?post=71994"}],"version-history":[{"count":17,"href":"https:\/\/elismurcia.com\/es\/wp-json\/wp\/v2\/pages\/71994\/revisions"}],"predecessor-version":[{"id":79978,"href":"https:\/\/elismurcia.com\/es\/wp-json\/wp\/v2\/pages\/71994\/revisions\/79978"}],"wp:attachment":[{"href":"https:\/\/elismurcia.com\/es\/wp-json\/wp\/v2\/media?parent=71994"}],"curies":[{"name":"wp","href":"https:\/\/api.w.org\/{rel}","templated":true}]}}