
     {"id":72014,"date":"2021-09-14T07:29:21","date_gmt":"2021-09-14T05:29:21","guid":{"rendered":"https:\/\/elismurcia.com\/elis-murcia-community\/"},"modified":"2026-03-18T14:40:26","modified_gmt":"2026-03-18T13:40:26","slug":"comunidad-de-elis-murcia","status":"publish","type":"page","link":"https:\/\/elismurcia.com\/es\/comunidad-de-elis-murcia\/","title":{"rendered":"Comunidad de ELIS Murcia"},"content":{"rendered":"<div class=\"wpb-content-wrapper\"><p>[vc_row][vc_column]<section  class=\"bg-video-wrap hero section hero--centertext   \" style='background: url(https:\/\/elismurcia.com\/wp-content\/uploads\/sites\/110\/2026\/01\/community-e1769169694752.jpg) top ;background-size:cover ;'>\n                <div class=\"bg-overlay\" style='background:#000000;opacity:0.4;'><\/div>\n                <div class=\"overlay\" >\n                  <div class=\"container-fluid\">\n                    <div class=\"row\">\n                      <div class=\"col-md-12 col-lg-12\">\n\n                        <div class=\"caption text-start\"><div class=\"component sub-heading\" >\n                              <h1 class=\"display-h1\">Comunidad de ELIS Murcia<\/h1>\n                            <\/div><\/div>\n                      <\/div>\n                    <\/div>\n                  <\/div>\n                <\/div>\n              <\/section><div class='row  m-x-0 breadcrumb-wrap ' style=''><div class='container-fluid' >\n                <nav aria-label='breadcrumb'><ol class=\"breadcrumb mt-3\">\n                  <li class=\"breadcrumb-item\"><a href=\"https:\/\/elismurcia.com\/es\/\">Home<\/a><\/li>\n                  <li class=\"breadcrumb-item active\" aria-current=\"page\">Comunidad de ELIS Murcia<\/li>\n                <\/ol>\n              <\/nav>\n              <\/div>\n            <\/div>[\/vc_column][\/vc_row][vc_row][vc_column]\n            <div class=\"wrapper\">\n    <section  style='background-image: url(https:\/\/elismurcia.com\/wp-content\/uploads\/sites\/110\/2023\/08\/Leaf-header-01-01-01-01.png);' class=\"section    container-width   section--withBG \" ><div class=\"bg-overlay\" ><\/div><div class=\"container-fluid\"><div class=\"row  justify-content-between  \"><div class=\" col-lg-6 col-md-6      \" ><div class=\"component mb-1 mt-0  radius-bottom-LR \" style='px'><div class=\"sub-heading component\"><h2  class=\"h6  \">\u00a1Conoce a nuestra comunidad escolar!<\/h2><\/div>\n                        <div class=\"sub-heading component \">\n                        <p class=\"body-medium\">En ELIS Murcia estamos muy orgullosos de nuestra gran comunidad de padres, profesores y estudiantes.<br \/>\n<br \/>\nA trav\u00e9s de una mezcla de diversas culturas, antecedentes y perspectivas, cultivamos un rico tapiz de experiencias que enriquecen el viaje educativo de cada individuo.<br \/>\n<br \/>\nCon un enfoque en la colaboraci\u00f3n, el respeto y la comprensi\u00f3n mutua, nuestra comunidad escolar sirve como piedra angular para el crecimiento personal, el desarrollo integral y las conexiones de por vida.<\/p>\n                        <\/div><\/div><\/div>\n                    <div class=\"col-lg-5 col-md-6    \"><div class=\"component IconWithText-list\">\n                    <div class=\"card\"><div class=\"card-header section--blue\" style='background-color:#3c5128;px'>\n                            <div class=\"sub-heading component mb-0\">\n                                <p class=\"body-medium\">Ver m\u00e1s:<\/p>\n                            <\/div>\n                        <\/div><div class=\"card-body section--white\">\n                            <div class=\"component list list--IconWithText-list bordered--icon blue-icon\">\n                                <ul><li><div class=\"component link\"><a href=\"#testimonials\" class=\" btn btn-link\">Testimonios<\/a><\/div><\/li><li><div class=\"component link\"><a href=\"#family-clubs\" class=\" btn btn-link\">Family Clubs<\/a><\/div><\/li><li><div class=\"component link\"><a href=\"#school-for-parents\" class=\" btn btn-link\">Escuela de padres<\/a><\/div><\/li><li><div class=\"component link\"><a href=\"#elis-graduates\" class=\" btn btn-link\">Antiguos Alumnos de ELIS<\/a><\/div><\/li><li><div class=\"component link\"><a href=\"#alumni-of-the-year\" class=\" btn btn-link\">Conoce a nuestros antiguos alumnos del a\u00f1o<\/a><\/div><\/li>              <\/ul>\n                            <\/div>\n                    <\/div>  <\/div>\n            <\/div> <\/div>\n             <\/div>\n        <\/div>\n<\/section>\n            <\/div>[\/vc_column][\/vc_row][vc_row css=&#8221;.vc_custom_1693761699523{background-image: url(https:\/\/elismurcia.com\/wp-content\/uploads\/sites\/110\/2023\/08\/gradient-12.png?id=69892) !important;background-position: center !important;background-repeat: no-repeat !important;background-size: cover !important;}&#8221;][vc_column]\n            <div class=\"wrapper\">\n    <section  style='' class=\"section   section--blue container-width    \" ><div class=\"container-fluid\"><div class=\"row    \"><div class=\" col-lg-6 col-md-6      \" ><div class=\"component mb-1 mt-0  radius-bottom-LR \" style='px'><div class=\"sub-heading component\"><h2  class=\"h6  \">En ELIS Murcia estamos muy orgullosos de nuestra incre\u00edble comunidad de padres, profesores y estudiantes.<\/h2><\/div>\n                        <div class=\"sub-heading component \">\n                        <p class=\"body-medium\">Obt\u00e9n una visi\u00f3n de la esencia de nuestra escuela explorando las perspectivas genuinas de Padres, Profesores y Estudiantes.<br \/>\n<br \/>\nNo solo descubrir\u00e1s las conexiones significativas dentro de nuestra comunidad, sino que tambi\u00e9n obtendr\u00e1s una visi\u00f3n de la educaci\u00f3n enriquecedora y comprometida que espera a tu hijo.<br \/>\n<br \/>\nSus testimonios arrojan luz sobre las experiencias impactantes que esperan a tu hijo en nuestra escuela.<\/p>\n                        <\/div><\/div><\/div>\n                    <div class=\"col-lg-6 col-md-6    \"><div class=\"callout__img--image ratio ratio-16x9\">\n                           \n\n                            <iframe id=\"video-1\" class=\"callout__iframe\" style=\"width:100%; max-width:100%; opacity:1; height:100%;\" src=\"https:\/\/www.youtube.com\/embed\/TaNVeCrkhcw?si=jcfNjbL5tLYJP--i\" frameborder=\"0\" allowfullscreen allow=\"xr-spatial-tracking\"><\/iframe>\n\n\n                        <\/div><figcaption>Testimonios de nuestros padres<\/figcaption> <\/div>\n             <\/div>\n        <\/div>\n<\/section>\n            <\/div>\n            <div class=\"wrapper\">\n    <section  style='' class=\"section   section--blue container-width pt-0   \" ><div class=\"container-fluid\"><div class=\"row    \"><div class=\" col-lg-6 col-md-6      \" ><div class=\"callout__img--image ratio ratio-16x9\">\n                           \n\n                            <iframe id=\"video-1\" class=\"callout__iframe\" style=\"width:100%; max-width:100%; opacity:1; height:100%;\" src=\"https:\/\/www.youtube.com\/embed\/KWy6l2B_jPM?si=g_fgLNVexdcPnO7f\" frameborder=\"0\" allowfullscreen allow=\"xr-spatial-tracking\"><\/iframe>\n\n\n                        <\/div><figcaption>Testimonios de nuestros profesores<\/figcaption><\/div>\n                    <div class=\"col-lg-6 col-md-6    \"><div class=\"callout__img--image ratio ratio-16x9\">\n                           \n\n                            <iframe id=\"video-1\" class=\"callout__iframe\" style=\"width:100%; max-width:100%; opacity:1; height:100%;\" src=\"https:\/\/www.youtube.com\/embed\/8G1xLUeZpus?si=tHQv3Jk6LhlomIxi\" frameborder=\"0\" allowfullscreen allow=\"xr-spatial-tracking\"><\/iframe>\n\n\n                        <\/div><figcaption>Testimonios de nuestros estudiantes <\/figcaption> <\/div>\n             <\/div>\n        <\/div>\n<\/section>\n            <\/div>[\/vc_column][\/vc_row][vc_row][vc_column]\n            <div class=\"wrapper\">\n    <section  id=\"family-clubs\"  style='background-image: url(https:\/\/elismurcia.com\/wp-content\/uploads\/sites\/110\/2023\/08\/Leaf-header-01-01-01-01-01.png);' class=\"section    container-width   section--withBG \" ><div class=\"bg-overlay\" ><\/div><div class=\"container-fluid\"><div class=\"row    \"><div class=\" col-lg-6 col-md-6      \" ><div class=\"component mb-1 mt-0  radius-bottom-LR \" style='px'><div class=\"sub-heading component\"><h2  class=\"h5  \">\u00a1Disfruta de nuestros Family Clubs!<\/h2><\/div>\n                        <div class=\"sub-heading component \">\n                        <p class=\"body-medium\">Nuestro colegio abre sus puertas varios s\u00e1bados por la ma\u00f1ana para diferentes talleres donde mam\u00e1s, pap\u00e1s y ni\u00f1os pueden disfrutar participando en actividades guiadas, dise\u00f1adas especialmente para que toda la familia se divierta aprendiendo junta.<br \/>\n<br \/>\nEl Family Club de ELIS Murcia est\u00e1 abierto a todos aquellos que deseen participar en estas actividades educativas en ingl\u00e9s, ya sean parte o no de la comunidad de ELIS.<br \/>\n<br \/>\nLas actividades son adecuadas para familias con ni\u00f1os de entre 2 y 11 a\u00f1os y est\u00e1n dirigidas por miembros de nuestro personal docente y administrativo.<\/p>\n                        <\/div><\/div><\/div>\n                    <div class=\"col-lg-6 col-md-6    \"><div class=\"component fee-table\"><table class=\"table\">\n                                <thead>\n                                    <tr>\n                                        <th style='background-color:#3c5128' class=\"section--blue\">Fechas<\/th>\n                                        <th style='background-color:#3c5128' class=\"section--blue\">Talleres<\/th><\/tr>\n                                <\/thead>\n                                <tbody><tr>\n                                        <td class=\"\" >S\u00e1bado 25 de octubre de 2025<\/td>\n                                        <td class=\"text-left text-md-right \" > Halloween<\/td><\/tr><tr>\n                                        <td class=\"\" >S\u00e1bado 29 de noviembre de 2025<\/td>\n                                        <td class=\"text-left text-md-right \" >Navidad<\/td><\/tr><tr>\n                                        <td class=\"\" >S\u00e1bado 14 de febrero de 2026<\/td>\n                                        <td class=\"text-left text-md-right \" >San Valent\u00edn<\/td><\/tr><tr>\n                                        <td class=\"\" >S\u00e1bado 14 de marzo de 2026<\/td>\n                                        <td class=\"text-left text-md-right \" >Pascua \/ El Valle Trail<\/td><\/tr><\/tbody>\n                            <\/table>\n                        <\/div><div class=\"component mb-1 mt-0  radius-bottom-LR \" style='px'>\n                        <div class=\"sub-heading component \">\n                        <p class=\"body-medium\"><br>Confirmar la asistencia es muy importante, ya que nos permite programar el uso del espacio y los materiales de manera adecuada.<\/p>\n                        <\/div><\/div><div class=\"component link\"><a href=\"\/es\/formulario-de-inscripcion-family-club\/\" class=\" btn btn-primary btn-primary--border\">Inscr\u00edbete<\/a><\/div> <\/div>\n             <\/div>\n        <\/div>\n<\/section>\n            <\/div>[\/vc_column][\/vc_row][vc_row][vc_column]<section  class=\"section callout-img full--img  has-bg-image   \" style=\"background-image: url('https:\/\/elismurcia.com\/wp-content\/uploads\/sites\/110\/2026\/01\/ELIS-Murcia-HD-Oct25-316-e1769169636761.jpg'); background-size: cover;\"margin-top:5px;><div class=\"img-overlay overlay3050\"><\/div><div class=\"container-fluid\">\n                                <div class=\"row \"><style>\n                @media (max-width: 767px) {\n                    .img_overlay_uniq8216 {\n                        width: 90%;\n                    }\n                }\n                <\/style><div class=\"col-lg-12 col-md-12\">\n                                    <div class=\"heading component\">\n                                    <div class=\"\" >\n                                    <div class=\"img-overlay-middle img_overlay_uniq8216\" style=\" \">\n                                    <div><style>\n                                            .callout-img blockquote::before {\n                                                content: open-quote;\n                                            }\n                                            .callout-img blockquote::after {\n                                                content: close-quote;\n                                            }\n                                            <\/style><div class=\"heading component\">\n                                                    <blockquote class=\"h4\">Este es un lugar fant\u00e1stico para que un ni\u00f1o se desarrolle, fomentando su integraci\u00f3n y su confianza.<\/blockquote>\n                                                <\/div><div class=\"heading component\">\n                                                                        <p class=\"body-large\"><\/p>\n<h6>&#8211; Padre de una alumna de Y6<\/h6>\n<p><\/p>\n                                                                    <\/div><div class=\"component link cust-link\"><\/div><\/div>\n                                                    <\/div>\n                                                <\/div>\n                                            <\/div>\n                                        \n                                        <\/div>\n                                    <\/div>\n                                <\/div>\n                            <\/section>[\/vc_column][\/vc_row][vc_row css=&#8221;.vc_custom_1693828731159{margin-top: 5px !important;background-image: url(https:\/\/elismurcia.com\/wp-content\/uploads\/sites\/110\/2023\/08\/gradient-9.png?id=68810) !important;background-position: center !important;background-repeat: no-repeat !important;background-size: cover !important;}&#8221;][vc_column]\n    <section  id=\"school-for-parents\"  style='' class=\"section   section--blue     \" ><div class=\"container-fluid\"><div class=\"row    \"><div class=\" col-lg-6 col-md-6      \" ><div class=\"component mb-1 mt-0  radius-bottom-LR \" style='px'><div class=\"sub-heading component\"><h2  class=\"h5  \">\u00a1\u00danete a nuestra Escuela de Padres!<\/h2><\/div>\n                        <div class=\"sub-heading component \">\n                        <p class=\"body-medium\">Durante el curso escolar, ELIS Murcia organiza talleres para padres con el objetivo de permitirles explorar y compartir ideas sobre la educaci\u00f3n de sus hijos. La sesiones se realizan de 3:15 a 4:15 pm.<br \/>\n<br \/>\nEstos talleres est\u00e1n cuidadosamente dise\u00f1ados y ofrecen sesiones pr\u00e1cticas e informativas en las que nuestros especialistas brindan consejos sobre c\u00f3mo apoyar mejor a los hijos en casa y de diferentes formas. Al mismo tiempo, se puede compartir experiencias con otros padres, brind\u00e1ndose apoyo mutuo.<br \/>\n<br \/>\nTodos los padres son bienvenidos a asistir a nuestros talleres, independientemente de si sus hijos estudian o no en nuestro colegio.<\/p>\n                        <\/div><\/div><\/div>\n                    <div class=\"col-lg-6 col-md-6    \"><div class=\"component fee-table\"><table class=\"table\">\n                                <thead>\n                                    <tr>\n                                        <th style='background-color:#3c5128' class=\"section--blue\">Fechas<\/th>\n                                        <th style='background-color:#3c5128' class=\"section--blue\">Talleres<\/th><\/tr>\n                                <\/thead>\n                                <tbody><tr>\n                                        <td class=\"\" >Mi\u00e9rcoles 22 de octubre 2025<\/td>\n                                        <td class=\"text-left text-md-right \" >Favorecer la adquisici\u00f3n de la lectura y la escritura desde casa (Year 2)<\/td><\/tr><tr>\n                                        <td class=\"\" >Mi\u00e9rcoles 5 de noviembre 2025<\/td>\n                                        <td class=\"text-left text-md-right \" >Favorecer la adquisici\u00f3n de la lectura y la escritura desde casa (Year 1)<\/td><\/tr><tr>\n                                        <td class=\"\" >Mi\u00e9rcoles 19 de noviembre 2025<\/td>\n                                        <td class=\"text-left text-md-right \" >Matem\u00e1ticas divertidas: c\u00f3mo crear actividades l\u00fadicas para reforzar las matem\u00e1ticas desde casa (Years 3-4)<\/td><\/tr><\/tbody>\n                            <\/table>\n                        <\/div><div class=\"component link\"><a href=\"\/es\/formulario-de-inscripcion-al-club-de-padres\/\" class=\" btn btn-primary btn-primary--border\">Inscr\u00edbete<\/a><\/div> <\/div>\n             <\/div>\n        <\/div>\n<\/section>[\/vc_column][\/vc_row][vc_row][vc_column]\n            <div class=\"wrapper\">\n    <section  id=\"elis-graduates\"  style='background-image: url(https:\/\/elismurcia.com\/wp-content\/uploads\/sites\/110\/2023\/08\/Leaf-header-01-01-01.png);' class=\"section    container-width   section--withBG \" ><div class=\"bg-overlay\" ><\/div><div class=\"container-fluid\"><div class=\"row    \"><div class=\" col-lg-6 col-md-6      \" ><div class=\"component mb-1 mt-0  radius-bottom-LR \" style='px'><div class=\"sub-heading component\"><h2  class=\"h5  \">\u00bfEres antiguo alumno de ELIS?<\/h2><\/div>\n                        <div class=\"sub-heading component \">\n                        <p class=\"body-medium\">A trav\u00e9s de ELIS Alumni, El Limonar International School quiere seguir en contacto con sus graduados promoviendo la interacci\u00f3n y el apoyo una vez que finalizan sus d\u00edas en nuestro colegio. ELIS Alumni ofrece la posibilidad de seguir formando parte de la comunidad escolar a trav\u00e9s de diferentes actividades.<br \/>\n<br><\/p>\n                        <\/div><\/div><div class=\"component mb-1 mt-0  radius-bottom-LR \" style='px'><div class=\"sub-heading component\"><h2  class=\"h7  \">\u00bfC\u00f3mo me convierto en miembro?<\/h2><\/div>\n                        <div class=\"sub-heading component \">\n                        <p class=\"body-medium\">\u00a1Como graduado de ELIS Murcia o ELIS Villamart\u00edn, bienvenido a ELIS Alumni! Para que podamos mantenernos en contacto y orientar mejor nuestras actividades, simplemente te pedimos que completes este formulario de registro con algunos datos personales que ayudar\u00e1n a nuestra planificaci\u00f3n para el Programa de ELIS Alumni.<\/p>\n                        <\/div><\/div><div class=\"component link\"><a href=\"\/es\/formulario-de-registro-elismurcia-alumni\/\" class=\" btn btn-primary btn-primary--border\">Registro<\/a><\/div><\/div>\n                    <div class=\"col-lg-6 col-md-6    \"><div class=\"component single-img \"><div class=\"ratio ratio-4x3 callout-img halfcol--img image_overlay_2010\" style=\"background-image: url(https:\/\/elismurcia.com\/wp-content\/uploads\/sites\/110\/2026\/01\/graduation.jpg);\"><\/div><\/div> <\/div>\n             <\/div>\n        <\/div>\n<\/section>\n            <\/div>[\/vc_column][\/vc_row][vc_row css=&#8221;.vc_custom_1694161867312{margin-top: 5px !important;background-image: url(https:\/\/elismurcia.com\/wp-content\/uploads\/sites\/110\/2023\/08\/Book-a-Visit-banner.png?id=70348) !important;background-position: center !important;background-repeat: no-repeat !important;background-size: cover !important;}&#8221;][vc_column]<div class=\"wrapper\"><section  style='' class=\"section   section--blue  container-width \"><div class=\"container-fluid\"><div class=\"row m-0 align-items-center centerText \" >\n                        <div class=\"col-sm-12 col-md-10 col-lg-9 mx-auto\"><div class=\"sub-heading component\"><h1 style=\"text-align: center\">Reserva una Visita<\/h1>\n<p>&nbsp;<\/p>\n<p style=\"text-align: center\">Te invitamos a venir y ver nuestro colegio en acci\u00f3n: una gran oportunidad para conocer nuestro variado plan de estudios y descubrir el ambiente de aprendizaje en nuestros campus.<\/p>\n<\/div><div class=\"component link\"><a href=\"\/es\/solicita-una-visita-privada\/\" class=\" btn btn-primary btn-primary--border\">Solicita una Visita Privada<\/a><\/div><style>\n                        .flex-button {\n                        margin-top: 25px;\n                    } \n                        \n                    @media (max-width: 767px){\n                     .flex-button {\n                      display: block;\n                      margin-left: 0;\n                    }\n                    .flex-button .text-center{\n                     text-align: left !important;\n                    }\n                    }\n\n\n                        <\/style><\/div><\/div><\/section><\/div>[\/vc_column][\/vc_row][vc_row][vc_column]<div class=\"wrapper\"><section  id=\"alumni-of-the-year\"  style='' class=\"section     container-width \"><div class=\"container-fluid\"><div class=\"row m-0 align-items-center centerText \" >\n                        <div class=\"col-sm-12 col-md-10 col-lg-9 mx-auto\"><div class=\"sub-heading component\"><h6 style=\"text-align: center;\"><img loading=\"lazy\" decoding=\"async\" class=\"alignnone wp-image-78042 size-medium\" src=\"https:\/\/elismurcia.com\/wp-content\/uploads\/sites\/110\/2024\/12\/Logo-ELIS-Alumni-2024.jpg?w=300\" alt=\"\" width=\"300\" height=\"193\" srcset=\"https:\/\/elismurcia.com\/wp-content\/uploads\/sites\/110\/2024\/12\/Logo-ELIS-Alumni-2024.jpg 1241w, https:\/\/elismurcia.com\/wp-content\/uploads\/sites\/110\/2024\/12\/Logo-ELIS-Alumni-2024.jpg?resize=300,193 300w, https:\/\/elismurcia.com\/wp-content\/uploads\/sites\/110\/2024\/12\/Logo-ELIS-Alumni-2024.jpg?resize=768,495 768w, https:\/\/elismurcia.com\/wp-content\/uploads\/sites\/110\/2024\/12\/Logo-ELIS-Alumni-2024.jpg?resize=1024,660 1024w\" sizes=\"auto, (max-width: 300px) 100vw, 300px\" \/><\/h6>\n<h6><\/h6>\n<h6><\/h6>\n<h5 style=\"text-align: center;\">Premios Alumnus del A\u00f1o<\/h5>\n<p>&nbsp;<\/p>\n<p style=\"text-align: center;\">Nuestros premios anuales celebran a los antiguos alumnos de ELIS Murcia por sus logros excepcionales y contribuciones en diversas \u00e1reas, incluyendo sus campos de expertise, servicio comunitario, esfuerzos humanitarios, las artes, el deporte, trabajo solidario y \u00e9xitos universitarios.<\/p>\n<\/div><style>\n                        .flex-button {\n                        margin-top: 25px;\n                    } \n                        \n                    @media (max-width: 767px){\n                     .flex-button {\n                      display: block;\n                      margin-left: 0;\n                    }\n                    .flex-button .text-center{\n                     text-align: left !important;\n                    }\n                    }\n\n\n                        <\/style><\/div><\/div><\/section><\/div>[\/vc_column][\/vc_row][vc_row css=&#8221;.vc_custom_1694288409764{background-image: url(https:\/\/elismurcia.com\/wp-content\/uploads\/sites\/110\/2023\/08\/gradient-12.png?id=69892) !important;background-position: center !important;background-repeat: no-repeat !important;background-size: cover !important;}&#8221;][vc_column]\n            <div class=\"wrapper\">\n    <section  style='' class=\"section   section--blue container-width    \" ><div class=\"container-fluid\"><div class=\"row    \"><div class=\" col-lg-6 col-md-6      \" ><div class=\"component mb-1 mt-0  radius-bottom-LR \" style='px'><div class=\"sub-heading component\"><h2  class=\"h5  \">Conoce a Marta Palaz\u00f3n de la Torre, Alumnus del A\u00f1o 2025-26<\/h2><\/div>\n                        <div class=\"sub-heading component \">\n                        <p class=\"body-medium\">Marta termin\u00f3 su educaci\u00f3n en ELIS Murcia en 2015 como nuestra Dux Litterarum. Tras completar sus A-Levels y las asignaturas de PCE, se matricul\u00f3 en Medicina en la UMU. Su paso por la carrera de Medicina fue fluida y se gradu\u00f3 seis a\u00f1os despu\u00e9s, lista para preparar su examen MIR y centrarse en su especialidad.<br \/>\nMarta siempre destac\u00f3 acad\u00e9micamente, obteniendo las mejores calificaciones en todas las \u00e1reas durante sus 15 a\u00f1os en ELIS. Pero, m\u00e1s importante a\u00fan, Marta se destac\u00f3 por sus valores y su compromiso con la comunidad. Tambi\u00e9n estaba dispuesta a implicarse, participar y promover actividades, ya fuera apareciendo en una producci\u00f3n escolar, participando en la ELIS Cup jugando al balonmano, o recaudando dinero para la Fundaci\u00f3n Vicente Ferrer o UNICEF.<\/p>\n                        <\/div><\/div><div class=\"component link\"><a href=\"\/es\/alumnus-year\/marta-palazon-alumnus-del-ano-2025-26\/\" class=\" btn btn-primary btn-primary--border\">Conoce a Marta<\/a><\/div><div class=\"component link\"><a href=\"\/es\/alumnus-year\/\" class=\" btn btn-primary btn-primary--border\">Conoce a los anteriores Alumni del A\u00f1o<\/a><\/div><\/div>\n                    <div class=\"col-lg-6 col-md-6    \"><div class=\"component single-img \"><div class=\"ratio ratio-4x3 callout-img halfcol--img image_overlay_5386\" style=\"background-image: url(https:\/\/elismurcia.com\/wp-content\/uploads\/sites\/110\/2026\/02\/Marta-Palazon-Alumnus-of-the-YEar-25-26-3.jpeg);\"><\/div><\/div> <\/div>\n             <\/div>\n        <\/div>\n<\/section>\n            <\/div>[\/vc_column][\/vc_row][vc_row][vc_column]<section  class=\"section callout-img full--img  has-bg-image   \" style=\"background-image: url('https:\/\/elismurcia.com\/wp-content\/uploads\/sites\/110\/2023\/08\/ELIS-Murcia-256-e1693476403111.jpg'); background-size: cover;\"margin-top:5px;margin-bottom:5px;><div class=\"img-overlay overlay6316\"><\/div><div class=\"container-fluid\">\n                                <div class=\"row \"><style>\n                @media (max-width: 767px) {\n                    .img_overlay_uniq2417 {\n                        width: 90%;\n                    }\n                }\n                <\/style><div class=\"col-lg-12 col-md-12\">\n                                    <div class=\"heading component\">\n                                    <div class=\"\" >\n                                    <div class=\"img-overlay-middle img_overlay_uniq2417\" style=\" \">\n                                    <div><div class=\"heading component\">\n                                                    <div class=\"h4\">\u201cEstoy muy agradecido por la base que ELIS Murcia me proporcion\u00f3. Las habilidades y conocimientos que adquir\u00ed mientras estudiaba all\u00ed me han ayudado enormemente en mis estudios y en mi desarrollo profesional.\u201d<\/div>\n                                                <\/div><div class=\"heading component\">\n                                                                        <p class=\"body-large\"><\/p>\n<h6>&#8211; Antigua alumna<\/h6>\n<p><\/p>\n                                                                    <\/div><div class=\"component link cust-link\"><\/div><\/div>\n                                                    <\/div>\n                                                <\/div>\n                                            <\/div>\n                                        \n                                        <\/div>\n                                    <\/div>\n                                <\/div>\n                            <\/section>[\/vc_column][\/vc_row][vc_row css=&#8221;.vc_custom_1695720879867{background-image: url(https:\/\/elismurcia.com\/wp-content\/uploads\/sites\/110\/2023\/08\/gradient-12.png?id=69892) !important;background-position: center !important;background-repeat: no-repeat !important;background-size: cover !important;}&#8221;][vc_column]<div class=\"wrapper  wpb_animate_when_almost_visible wpb_fadeInUp fadeInUp\" ><section  id=\"your-childs-journey\"  class=\"section container-width   section--blue \" style='background-color:#6a9d41;'>\n    <div class=\"container-fluid \">\n        <div class=\"row m-0 centerText\">\n            \n<div class=\"col-sm-12 col-md-12 col-lg-10 col-xl-8 mx-auto\">       <div class=\"component\">\n                    <h3 class=\"h5\">Inicia una experiencia de aprendizaje \u00fanica\n                    <\/h3>\n                <\/div>     <\/div><div class=\"col-sm-12 col-md-7 col-lg-6 col-xl-5 mx-auto\">       <div class=\"component mt-3\">\n                    <div class=\"body-large\"><\/p>\n<p style=\"text-align: center;\">Descubre el enriquecedor viaje educativo que espera a tu hijo en las diferentes etapas de El Limonar International School Murcia.<\/p>\n<p><\/div>\n                <\/div>        <div class=\"component link\"><div class=\"component link\"><a href=\"\/es\/el-viaje-de-tu-hijo\/\" class=\" btn btn-primary btn-primary--border\">El viaje de tu hijo<\/a><\/div><\/div>\n            <\/div>\n        <\/div>\n    <\/div>\n<\/section><section class=\"section cards--section pt-0 container-width  section--blue \" style='background-color:#6a9d41;'>\n                <div class=\"container-fluid \">\n                    <div class=\"row m-0\"><div class=\"col-sm-12 col-md-6 col-lg-6\">\n                            <div class=\"card horizontal--card horizontal--card-sm img--100 mb-3\">\n                                <div class=\"row m-0 g-0\">                         <div class=\"col-5 col-md-5 col-lg-5\">\n                                    <div class=\"thumbnail_img_overlay_5571\"> <img decoding=\"async\" src=\"https:\/\/elismurcia.com\/wp-content\/uploads\/sites\/110\/2025\/11\/ELIS-Murcia-Oct25-156.jpg\" class=\"img-fluid rounded-start\" alt=\"...\"><\/div>\n                                  <\/div>                        <div class=\"col-7 col-md-7 col-lg-7\">\n                                    <div class=\"card-body\">\n                                        <div class=\"component\" data-bs-toggle=\"modal\" data-bs-target=\"#classmodal6501\">\n                                           <a href=\"\" class=\"body-large-bold\">Infantil<\/a>\n                                        <\/div>\n                                        <div class=\"component m-0\"><p class=\"p\">3 - 5 a\u00f1os<\/p><\/div>                              <div class=\"modal-overlay sm--modal link\" data-bs-toggle=\"modal\" data-bs-target=\"#classmodal6501\">\n                                            <button class=\"btn btn-link\" title=\"Student journey popup link\"><i class=\"fa fa-plus\"><\/i><\/button>\n                                        <\/div>                           <\/div>\n                                  <\/div>\n                                <\/div>\n                            <\/div>\n                        <\/div><div class=\"col-sm-12 col-md-6 col-lg-6\">\n                            <div class=\"card horizontal--card horizontal--card-sm img--100 mb-3\">\n                                <div class=\"row m-0 g-0\">                         <div class=\"col-5 col-md-5 col-lg-5\">\n                                    <div class=\"thumbnail_img_overlay_2011\"> <img decoding=\"async\" src=\"https:\/\/elismurcia.com\/wp-content\/uploads\/sites\/110\/2025\/11\/ELIS-Murcia-Oct25-670.jpg\" class=\"img-fluid rounded-start\" alt=\"...\"><\/div>\n                                  <\/div>                        <div class=\"col-7 col-md-7 col-lg-7\">\n                                    <div class=\"card-body\">\n                                        <div class=\"component\" data-bs-toggle=\"modal\" data-bs-target=\"#classmodal3024\">\n                                           <a href=\"\" class=\"body-large-bold\">Primaria<\/a>\n                                        <\/div>\n                                        <div class=\"component m-0\"><p class=\"p\">5 - 11 a\u00f1os<\/p><\/div>                              <div class=\"modal-overlay sm--modal link\" data-bs-toggle=\"modal\" data-bs-target=\"#classmodal3024\">\n                                            <button class=\"btn btn-link\" title=\"Student journey popup link\"><i class=\"fa fa-plus\"><\/i><\/button>\n                                        <\/div>                           <\/div>\n                                  <\/div>\n                                <\/div>\n                            <\/div>\n                        <\/div><div class=\"col-sm-12 col-md-6 col-lg-6\">\n                            <div class=\"card horizontal--card horizontal--card-sm img--100 mb-3\">\n                                <div class=\"row m-0 g-0\">                         <div class=\"col-5 col-md-5 col-lg-5\">\n                                    <div class=\"thumbnail_img_overlay_6584\"> <img decoding=\"async\" src=\"https:\/\/elismurcia.com\/wp-content\/uploads\/sites\/110\/2025\/11\/ELIS-Murcia-Oct25-567.jpg\" class=\"img-fluid rounded-start\" alt=\"...\"><\/div>\n                                  <\/div>                        <div class=\"col-7 col-md-7 col-lg-7\">\n                                    <div class=\"card-body\">\n                                        <div class=\"component\" data-bs-toggle=\"modal\" data-bs-target=\"#classmodal8981\">\n                                           <a href=\"\" class=\"body-large-bold\">Secundaria<\/a>\n                                        <\/div>\n                                        <div class=\"component m-0\"><p class=\"p\">11 - 16 a\u00f1os<\/p><\/div>                              <div class=\"modal-overlay sm--modal link\" data-bs-toggle=\"modal\" data-bs-target=\"#classmodal8981\">\n                                            <button class=\"btn btn-link\" title=\"Student journey popup link\"><i class=\"fa fa-plus\"><\/i><\/button>\n                                        <\/div>                           <\/div>\n                                  <\/div>\n                                <\/div>\n                            <\/div>\n                        <\/div><div class=\"col-sm-12 col-md-6 col-lg-6\">\n                            <div class=\"card horizontal--card horizontal--card-sm img--100 mb-3\">\n                                <div class=\"row m-0 g-0\">                         <div class=\"col-5 col-md-5 col-lg-5\">\n                                    <div class=\"thumbnail_img_overlay_6414\"> <img decoding=\"async\" src=\"https:\/\/elismurcia.com\/wp-content\/uploads\/sites\/110\/2025\/11\/ELIS-Murcia-Oct25-39.jpg\" class=\"img-fluid rounded-start\" alt=\"...\"><\/div>\n                                  <\/div>                        <div class=\"col-7 col-md-7 col-lg-7\">\n                                    <div class=\"card-body\">\n                                        <div class=\"component\" data-bs-toggle=\"modal\" data-bs-target=\"#classmodal5445\">\n                                           <a href=\"\" class=\"body-large-bold\">Bachillerato<\/a>\n                                        <\/div>\n                                        <div class=\"component m-0\"><p class=\"p\">16 - 18 a\u00f1os<\/p><\/div>                              <div class=\"modal-overlay sm--modal link\" data-bs-toggle=\"modal\" data-bs-target=\"#classmodal5445\">\n                                            <button class=\"btn btn-link\" title=\"Student journey popup link\"><i class=\"fa fa-plus\"><\/i><\/button>\n                                        <\/div>                           <\/div>\n                                  <\/div>\n                                <\/div>\n                            <\/div>\n                        <\/div>          <\/div>\n                <\/div>\n            <\/section><\/div><div class=\"modal fade booking-modal extra--padding mob-P-0 show\" id=\"classmodal6501\" data-bs-backdrop=\"static\" data-bs-keyboard=\"false\" tabindex=\"-1\" aria-labelledby=\"staticBackdropLabel\" style=\"display: none;\" aria-modal=\"true\" role=\"dialog\">\n                                    <div class=\"modal-dialog modal-lg\">\n                                    <div class=\"modal-content section--white\">\n                                        <div class=\"modal-body\">\n                                            <button type=\"button\" class=\"btn-close\" data-bs-dismiss=\"modal\" aria-label=\"Close\"><i class=\"fa fa-times\"><\/i><\/button>\n                                            <div class=\"row m-0\">\n                                                <div class=\"col-md-6 col-lg-6 order-2 order-md-1 px-3 px-md-0 pt-4 pt-md-0\">\n                                                    <div class=\"col-md-12 col-lg-12\">\n                                                        <div class=\"component link\"><a href=\"\/es\/educacion-infantil\/\" class=\"highlights__link btn btn-link\">Infantil<\/a>                  <\/div>\n                                                        <div class=\"sub-heading component mt-0\">                <p class=\"body-small\">3 - 5 a\u00f1os<\/p>               <\/div>\n                                                    <\/div>           <div class=\"component list p-0\">\n                                                        <ul class=\"\">                       <li>Descubre nuestro curr\u00edculo dise\u00f1ado para ni\u00f1os de 3 a 5 a\u00f1os, que ofrece la base ideal para su itinerario educativo. <\/li>                       <li>Nuestras instalaciones proporcionan un ambiente acogedor, con personal altamente cualificado que garantiza una transici\u00f3n fluida desde la guarder\u00eda al colegio y un aprendizaje integral en siete \u00e1reas esenciales. <\/li>        <\/ul>\n                                                    <\/div>\n                                                    <div class=\"component link pt-3\">           <a class=\"btn btn-primary btn-primary--border\" href=\"\/es\/educacion-infantil\/\">Descubre m\u00e1s<\/a>           <\/div>\n                                                <\/div>\n                                                <div class=\"col-md-6 col-lg-6 order-1 order-md-2 p-0 p-md-3\">\n                                                    <div class=\"img-sec\">\n                                                        <div class=\"component\">\n                                                            <div class=\"modal_image_ite4336 callout-img map--img leftBottom-content\" style=\"background-image: url(https:\/\/elismurcia.com\/wp-content\/uploads\/sites\/110\/2025\/11\/ELIS-Murcia-Oct25-156.jpg);background-position:center;\">\n                                                            <\/div>\n                                                            <\/div>\n                                                        <\/div>\n                                                        \n                                                    <\/div>\n                                                <\/div>\n                                            <\/div>\n\n                                            \n                                        <\/div>\n                                    <\/div>\n                                    <\/div><div class=\"modal fade booking-modal extra--padding mob-P-0 show\" id=\"classmodal3024\" data-bs-backdrop=\"static\" data-bs-keyboard=\"false\" tabindex=\"-1\" aria-labelledby=\"staticBackdropLabel\" style=\"display: none;\" aria-modal=\"true\" role=\"dialog\">\n                                    <div class=\"modal-dialog modal-lg\">\n                                    <div class=\"modal-content section--white\">\n                                        <div class=\"modal-body\">\n                                            <button type=\"button\" class=\"btn-close\" data-bs-dismiss=\"modal\" aria-label=\"Close\"><i class=\"fa fa-times\"><\/i><\/button>\n                                            <div class=\"row m-0\">\n                                                <div class=\"col-md-6 col-lg-6 order-2 order-md-1 px-3 px-md-0 pt-4 pt-md-0\">\n                                                    <div class=\"col-md-12 col-lg-12\">\n                                                        <div class=\"component link\"><a href=\"\/es\/primaria\/\" class=\"highlights__link btn btn-link\">Primaria<\/a>                  <\/div>\n                                                        <div class=\"sub-heading component mt-0\">                <p class=\"body-small\">5 - 11 a\u00f1os<\/p>               <\/div>\n                                                    <\/div>           <div class=\"component list p-0\">\n                                                        <ul class=\"\">                       <li>Una educaci\u00f3n hol\u00edstica que prepara a los ni\u00f1os de 5 a 11 a\u00f1os para un crecimiento y aprendizaje continuos a lo largo de su vida. <\/li>                       <li>Nuestro curr\u00edculo combina lo mejor de la educaci\u00f3n brit\u00e1nica y espa\u00f1ola, ofreciendo un tercer idioma y un programa de tutor\u00eda individualizada. <\/li>        <\/ul>\n                                                    <\/div>\n                                                    <div class=\"component link pt-3\">           <a class=\"btn btn-primary btn-primary--border\" href=\"\/es\/primaria\/\">Descubre m\u00e1s<\/a>           <\/div>\n                                                <\/div>\n                                                <div class=\"col-md-6 col-lg-6 order-1 order-md-2 p-0 p-md-3\">\n                                                    <div class=\"img-sec\">\n                                                        <div class=\"component\">\n                                                            <div class=\"modal_image_ite8448 callout-img map--img leftBottom-content\" style=\"background-image: url(https:\/\/elismurcia.com\/wp-content\/uploads\/sites\/110\/2025\/11\/ELIS-Murcia-Oct25-670.jpg);background-position:center;\">\n                                                            <\/div>\n                                                            <\/div>\n                                                        <\/div>\n                                                        \n                                                    <\/div>\n                                                <\/div>\n                                            <\/div>\n\n                                            \n                                        <\/div>\n                                    <\/div>\n                                    <\/div><div class=\"modal fade booking-modal extra--padding mob-P-0 show\" id=\"classmodal8981\" data-bs-backdrop=\"static\" data-bs-keyboard=\"false\" tabindex=\"-1\" aria-labelledby=\"staticBackdropLabel\" style=\"display: none;\" aria-modal=\"true\" role=\"dialog\">\n                                    <div class=\"modal-dialog modal-lg\">\n                                    <div class=\"modal-content section--white\">\n                                        <div class=\"modal-body\">\n                                            <button type=\"button\" class=\"btn-close\" data-bs-dismiss=\"modal\" aria-label=\"Close\"><i class=\"fa fa-times\"><\/i><\/button>\n                                            <div class=\"row m-0\">\n                                                <div class=\"col-md-6 col-lg-6 order-2 order-md-1 px-3 px-md-0 pt-4 pt-md-0\">\n                                                    <div class=\"col-md-12 col-lg-12\">\n                                                        <div class=\"component link\"><a href=\"\/es\/secundaria\/\" class=\"highlights__link btn btn-link\">Secundaria<\/a>                  <\/div>\n                                                        <div class=\"sub-heading component mt-0\">                <p class=\"body-small\">11 - 16 a\u00f1os<\/p>               <\/div>\n                                                    <\/div>           <div class=\"component list p-0\">\n                                                        <ul class=\"\">                       <li>Nuestro curr\u00edculo de Secundaria prepara a los estudiantes para ex\u00e1menes internacionales externos y rigurosos mejorando sus habilidades en diferentes materias. <\/li>                       <li>Nuestro compromiso con la excelencia se refleja en el proyecto Montevida: instalaciones de primer nivel que potencian el aprendizaje y facilitan la preparaci\u00f3n de los alumnos para el futuro. <\/li>        <\/ul>\n                                                    <\/div>\n                                                    <div class=\"component link pt-3\">           <a class=\"btn btn-primary btn-primary--border\" href=\"\/es\/secundaria\/\">Descubre m\u00e1s<\/a>           <\/div>\n                                                <\/div>\n                                                <div class=\"col-md-6 col-lg-6 order-1 order-md-2 p-0 p-md-3\">\n                                                    <div class=\"img-sec\">\n                                                        <div class=\"component\">\n                                                            <div class=\"modal_image_ite7319 callout-img map--img leftBottom-content\" style=\"background-image: url(https:\/\/elismurcia.com\/wp-content\/uploads\/sites\/110\/2025\/11\/ELIS-Murcia-Oct25-567.jpg);background-position:center;\">\n                                                            <\/div>\n                                                            <\/div>\n                                                        <\/div>\n                                                        \n                                                    <\/div>\n                                                <\/div>\n                                            <\/div>\n\n                                            \n                                        <\/div>\n                                    <\/div>\n                                    <\/div><div class=\"modal fade booking-modal extra--padding mob-P-0 show\" id=\"classmodal5445\" data-bs-backdrop=\"static\" data-bs-keyboard=\"false\" tabindex=\"-1\" aria-labelledby=\"staticBackdropLabel\" style=\"display: none;\" aria-modal=\"true\" role=\"dialog\">\n                                    <div class=\"modal-dialog modal-lg\">\n                                    <div class=\"modal-content section--white\">\n                                        <div class=\"modal-body\">\n                                            <button type=\"button\" class=\"btn-close\" data-bs-dismiss=\"modal\" aria-label=\"Close\"><i class=\"fa fa-times\"><\/i><\/button>\n                                            <div class=\"row m-0\">\n                                                <div class=\"col-md-6 col-lg-6 order-2 order-md-1 px-3 px-md-0 pt-4 pt-md-0\">\n                                                    <div class=\"col-md-12 col-lg-12\">\n                                                        <div class=\"component link\"><a href=\"\/es\/bachillerato\/\" class=\"highlights__link btn btn-link\">Bachillerato<\/a>                  <\/div>\n                                                        <div class=\"sub-heading component mt-0\">                <p class=\"body-small\">16 - 18 a\u00f1os<\/p>               <\/div>\n                                                    <\/div>           <div class=\"component list p-0\">\n                                                        <ul class=\"\">                       <li>ELIS Murcia prepara a los estudiantes para acceder a universidades del Reino Unido, Espa\u00f1a o internacionales mediante un programa \u00fanico de orientaci\u00f3n vocacional. <\/li>                       <li>Nuestro Bachillerato combina A-Levels Internacionales y Bachillerato espa\u00f1ol, junto con un apoyo personalizado que incluye tutor\u00edas, intercambios, viajes y programas de preparaci\u00f3n para la universidad. <\/li>        <\/ul>\n                                                    <\/div>\n                                                    <div class=\"component link pt-3\">           <a class=\"btn btn-primary btn-primary--border\" href=\"\/es\/bachillerato\/\">Descubre m\u00e1s<\/a>           <\/div>\n                                                <\/div>\n                                                <div class=\"col-md-6 col-lg-6 order-1 order-md-2 p-0 p-md-3\">\n                                                    <div class=\"img-sec\">\n                                                        <div class=\"component\">\n                                                            <div class=\"modal_image_ite1829 callout-img map--img leftBottom-content\" style=\"background-image: url(https:\/\/elismurcia.com\/wp-content\/uploads\/sites\/110\/2025\/11\/ELIS-Murcia-Oct25-39.jpg);background-position:center;\">\n                                                            <\/div>\n                                                            <\/div>\n                                                        <\/div>\n                                                        \n                                                    <\/div>\n                                                <\/div>\n                                            <\/div>\n\n                                            \n                                        <\/div>\n                                    <\/div>\n                                    <\/div>[\/vc_column][\/vc_row][vc_row css=&#8221;.vc_custom_1695720846490{margin-top: 5px !important;background-color: #f3f4f2 !important;}&#8221;][vc_column]<div class=\"wrapper\"><section  style='' class=\"section    pb-0 container-width \"><div class=\"container-fluid\"><div class=\"row m-0 align-items-center centerText \" >\n                        <div class=\"col-sm-12 col-md-10 col-lg-9 mx-auto\"><div class=\"sub-heading component\">\n                                        <h2 class=\"h5\">Te puede interesar<\/h2>\n                                    <\/div><div class=\"sub-heading component\"><\/div><style>\n                        .flex-button {\n                        margin-top: 25px;\n                    } \n                        \n                    @media (max-width: 767px){\n                     .flex-button {\n                      display: block;\n                      margin-left: 0;\n                    }\n                    .flex-button .text-center{\n                     text-align: left !important;\n                    }\n                    }\n\n\n                        <\/style><\/div><\/div><\/section><\/div><section  class=\"section      \" style='margin-top:-60px;'><div class=\"container-fluid \" ><style>\n            .background-box .heading .h5:after {\n                display:none;\n            }\n            <\/style><div class=\"row m-0 justify-content-center pt-3 pt-md-3\"><style>\n                .thumbnail_img_overlay_9471 .callout-img.halfcol--img .img-overlay {\n                    background: rgba(12,5,5,0.5);\n                    \n                }\n\n                .thumbnail_img_overlay_9471 .tech-images .callout-img.halfcol--img {\n                    background: rgba(12,5,5,0.5);\n                    \n                }\n\n                <\/style><style>\n                .thumbnail_img_overlay_9471 .heading .h5 {\n                    background: rgba(106,157,65,0.7);\n                    \n                }\n\n            \n\n                <\/style><style>\n                .thumbnail_img_overlay_9471 .heading .h5 a {\n                    font-size: 24px;\n                    line-height:24px;\n                    \n                }\n\n                .thumbnail_img_overlay_9471 .heading .h5 {\n                    font-size: 24px;\n                    line-height: 24px;\n                    \n                }\n               \n                <\/style><style>\n                .thumbnail_img_overlay_9471 .heading .h5 a {\n                    color: #ffffffpx;\n                    \n                }\n\n                .thumbnail_img_overlay_9471 .heading .h5 {\n                    color: #ffffffpx;\n                    \n                }\n               \n                <\/style><div class=\"col-lg-3 col-md-3 col-sm-3 mb-3 pb-2\">\n                            <div class=\"card card--white tech-images next-steps-module  thumbnail_img_overlay_9471\">   <a class=\"\" href = \"\/es\/excelencia-academica\/\" ><div class=\"ratio ratio-21x9 callout-img halfcol--img leftBottom-content\" style=\"background-image: url(https:\/\/elismurcia.com\/wp-content\/uploads\/sites\/110\/2025\/11\/ELIS-Murcia-Oct25-416.jpg);background-position:center;\">\n                                 \n                                 <div class=\"img-overlay \">\n                                 \n                                     <div class=\"heading component\">\n                                        <h5 class=\"h5\" >Excelencia Acad\u00e9mica<\/h5>\n                                     <\/div>\n                                   \n                                \n                             <\/div>\n                                 \n                                 <\/div><\/a>\n                            <\/div>\n                        <\/div><style>\n                .thumbnail_img_overlay_8827 .callout-img.halfcol--img .img-overlay {\n                    background: rgba(12,5,5,0.3);\n                    \n                }\n\n                .thumbnail_img_overlay_8827 .tech-images .callout-img.halfcol--img {\n                    background: rgba(12,5,5,0.3);\n                    \n                }\n\n                <\/style><style>\n                .thumbnail_img_overlay_8827 .heading .h5 {\n                    background: rgba(106,157,65,0.7);\n                    \n                }\n\n            \n\n                <\/style><style>\n                .thumbnail_img_overlay_8827 .heading .h5 a {\n                    font-size: 24px;\n                    line-height:24px;\n                    \n                }\n\n                .thumbnail_img_overlay_8827 .heading .h5 {\n                    font-size: 24px;\n                    line-height: 24px;\n                    \n                }\n               \n                <\/style><style>\n                .thumbnail_img_overlay_8827 .heading .h5 a {\n                    color: #ffffffpx;\n                    \n                }\n\n                .thumbnail_img_overlay_8827 .heading .h5 {\n                    color: #ffffffpx;\n                    \n                }\n               \n                <\/style><div class=\"col-lg-3 col-md-3 col-sm-3 mb-3 pb-2\">\n                            <div class=\"card card--white tech-images next-steps-module  thumbnail_img_overlay_8827\">   <a class=\"\" href = \"\/es\/instalaciones-y-localizacion\/\" ><div class=\"ratio ratio-21x9 callout-img halfcol--img leftBottom-content\" style=\"background-image: url(https:\/\/elismurcia.com\/wp-content\/uploads\/sites\/110\/2023\/08\/2J6A5285_b.jpg);background-position:center;\">\n                                 \n                                 <div class=\"img-overlay \">\n                                 \n                                     <div class=\"heading component\">\n                                        <h5 class=\"h5\" >Instalaciones y Localizaci\u00f3n<\/h5>\n                                     <\/div>\n                                   \n                                \n                             <\/div>\n                                 \n                                 <\/div><\/a>\n                            <\/div>\n                        <\/div><style>\n                .thumbnail_img_overlay_4959 .callout-img.halfcol--img .img-overlay {\n                    background: rgba(0,0,0,0.3);\n                    \n                }\n\n                .thumbnail_img_overlay_4959 .tech-images .callout-img.halfcol--img {\n                    background: rgba(0,0,0,0.3);\n                    \n                }\n\n                <\/style><style>\n                .thumbnail_img_overlay_4959 .heading .h5 {\n                    background: rgba(106,157,65,0.7);\n                    \n                }\n\n            \n\n                <\/style><style>\n                .thumbnail_img_overlay_4959 .heading .h5 a {\n                    font-size: 24px;\n                    line-height:24px;\n                    \n                }\n\n                .thumbnail_img_overlay_4959 .heading .h5 {\n                    font-size: 24px;\n                    line-height: 24px;\n                    \n                }\n               \n                <\/style><style>\n                .thumbnail_img_overlay_4959 .heading .h5 a {\n                    color: #ffffffpx;\n                    \n                }\n\n                .thumbnail_img_overlay_4959 .heading .h5 {\n                    color: #ffffffpx;\n                    \n                }\n               \n                <\/style><div class=\"col-lg-3 col-md-3 col-sm-3 mb-3 pb-2\">\n                            <div class=\"card card--white tech-images next-steps-module  thumbnail_img_overlay_4959\">   <a class=\"\" href = \"\/es\/puertas-abiertas-y-visitas\/\" ><div class=\"ratio ratio-21x9 callout-img halfcol--img leftBottom-content\" style=\"background-image: url(https:\/\/elismurcia.com\/wp-content\/uploads\/sites\/110\/2025\/11\/ELIS-Murcia-Oct25-168.jpg);background-position:center;\">\n                                 \n                                 <div class=\"img-overlay \">\n                                 \n                                     <div class=\"heading component\">\n                                        <h5 class=\"h5\" >Puertas Abiertas y Visitas<\/h5>\n                                     <\/div>\n                                   \n                                \n                             <\/div>\n                                 \n                                 <\/div><\/a>\n                            <\/div>\n                        <\/div><style>\n                .thumbnail_img_overlay_5068 .callout-img.halfcol--img .img-overlay {\n                    background: rgba(0,0,0,0.3);\n                    \n                }\n\n                .thumbnail_img_overlay_5068 .tech-images .callout-img.halfcol--img {\n                    background: rgba(0,0,0,0.3);\n                    \n                }\n\n                <\/style><style>\n                .thumbnail_img_overlay_5068 .heading .h5 {\n                    background: rgba(106,157,65,0.7);\n                    \n                }\n\n            \n\n                <\/style><style>\n                .thumbnail_img_overlay_5068 .heading .h5 a {\n                    font-size: 24px;\n                    line-height:24px;\n                    \n                }\n\n                .thumbnail_img_overlay_5068 .heading .h5 {\n                    font-size: 24px;\n                    line-height: 24px;\n                    \n                }\n               \n                <\/style><style>\n                .thumbnail_img_overlay_5068 .heading .h5 a {\n                    color: #ffffffpx;\n                    \n                }\n\n                .thumbnail_img_overlay_5068 .heading .h5 {\n                    color: #ffffffpx;\n                    \n                }\n               \n                <\/style><div class=\"col-lg-3 col-md-3 col-sm-3 mb-3 pb-2\">\n                            <div class=\"card card--white tech-images next-steps-module  thumbnail_img_overlay_5068\">   <a class=\"\" href = \"\/es\/proceso-de-admision\/\" ><div class=\"ratio ratio-21x9 callout-img halfcol--img leftBottom-content\" style=\"background-image: url(https:\/\/elismurcia.com\/wp-content\/uploads\/sites\/110\/2025\/11\/ELIS-Murcia-Oct25-384.jpg);background-position:center;\">\n                                 \n                                 <div class=\"img-overlay \">\n                                 \n                                     <div class=\"heading component\">\n                                        <h5 class=\"h5\" >Proceso de Admisi\u00f3n<\/h5>\n                                     <\/div>\n                                   \n                                \n                             <\/div>\n                                 \n                                 <\/div><\/a>\n                            <\/div>\n                        <\/div><\/div><\/div>\n            <\/section>[\/vc_column][\/vc_row][vc_row css=&#8221;.vc_custom_1694162374357{background-image: url(https:\/\/elismurcia.com\/wp-content\/uploads\/sites\/110\/2023\/09\/prospectus-background-01-01-01-01-01-01.png?id=70917) !important;background-position: center !important;background-repeat: no-repeat !important;background-size: cover !important;}&#8221;][vc_column]<section  style='' class=\"section  wpb_animate_when_almost_visible wpb_fadeInUp fadeInUp     \"><div class=\"container-fluid\"><div class=\"row m-0 align-items-center centerText \" >\n                        <div class=\"col-sm-12 col-md-10 col-lg-9 mx-auto\"><div class=\"sub-heading component\">\n                                        <h2 class=\"h5\">Descubre m\u00e1s sobre ELIS Murcia<\/h2>\n                                    <\/div><div class=\"sub-heading component\"><\/div><div class=\"component link\"><a href=\"\/es\/descarga-nuestro-catalogo\/\" class=\" btn btn-primary btn-primary--border\">Solicita nuestro Cat\u00e1logo<\/a><\/div><style>\n                        .flex-button {\n                        margin-top: 25px;\n                    } \n                        \n                    @media (max-width: 767px){\n                     .flex-button {\n                      display: block;\n                      margin-left: 0;\n                    }\n                    .flex-button .text-center{\n                     text-align: left !important;\n                    }\n                    }\n\n\n                        <\/style><\/div><\/div><\/section>[\/vc_column][\/vc_row][vc_row][vc_column]<section class=\"section section--blue bottom-step TopBottomBorder   \" style=\"background-image: url('https:\/\/elismurcia.com\/wp-content\/uploads\/sites\/110\/2025\/11\/ELIS-Murcia-Oct25-646-e1763473085267.jpg');;;\"><style>.bottom-step.section--blue:before {background: rgba(106,157,65,0.8);}<\/style><div class=\"container-fluid\"><div class=\"row\"><div class=\"col-sm-12\"><div class=\"component title\"><p class=\"body-small\">Ponte en Contacto<\/p><\/div><\/div><\/div><div class=\"row\"><div class=\"col-md-4\"><div class=\"component linkcard \">\n                                <a class=\"card card--bordered\" href=\"\/es\/haz-una-consulta\/\">\n                                    <div class=\"card-body d-flex align-items-center\">\n                                    <div> <div class=\"component link\">\n                                            <div  class=\"btn btn-link simple-link h5\">Haz una Consulta<\/div>\n                                        <\/div><\/div><\/div><\/a><\/div><\/div><div class=\"col-md-4\"><div class=\"component linkcard \">\n                                <a class=\"card card--bordered\" href=\"\/es\/solicita-una-visita-privada\/\">\n                                    <div class=\"card-body d-flex align-items-center\">\n                                    <div> <div class=\"component link\">\n                                            <div  class=\"btn btn-link simple-link h5\">Solicita una Visita Privada<\/div>\n                                        <\/div><\/div><\/div><\/a><\/div><\/div><div class=\"col-md-4\"><div class=\"component linkcard \">\n                                <a class=\"card card--bordered\" href=\"\/es\/reserva-un-jornada-de-puertas-abiertas\/\">\n                                    <div class=\"card-body d-flex align-items-center\">\n                                    <div> <div class=\"component link\">\n                                            <div  class=\"btn btn-link simple-link h5\">Ven a un D\u00eda de Puertas Abiertas<\/div>\n                                        <\/div><\/div><\/div><\/a><\/div><\/div><\/div><\/section>[\/vc_column][\/vc_row]<\/p>\n<\/div>","protected":false},"excerpt":{"rendered":"<p>[vc_row][vc_column][\/vc_column][\/vc_row][vc_row][vc_column][\/vc_column][\/vc_row][vc_row css=&#8221;.vc_custom_1693761699523{background-image: url(https:\/\/elismurcia.com\/wp-content\/uploads\/sites\/110\/2023\/08\/gradient-12.png?id=69892) !important;background-position: center !important;background-repeat: no-repeat !important;background-size: cover !important;}&#8221;][vc_column][\/vc_column][\/vc_row][vc_row][vc_column][\/vc_column][\/vc_row][vc_row][vc_column][\/vc_column][\/vc_row][vc_row css=&#8221;.vc_custom_1693828731159{margin-top: 5px !important;background-image: url(https:\/\/elismurcia.com\/wp-content\/uploads\/sites\/110\/2023\/08\/gradient-9.png?id=68810) !important;background-position: center !important;background-repeat: no-repeat !important;background-size: cover !important;}&#8221;][vc_column][\/vc_column][\/vc_row][vc_row][vc_column][\/vc_column][\/vc_row][vc_row css=&#8221;.vc_custom_1694161867312{margin-top: 5px !important;background-image: url(https:\/\/elismurcia.com\/wp-content\/uploads\/sites\/110\/2023\/08\/Book-a-Visit-banner.png?id=70348) !important;background-position: center !important;background-repeat: no-repeat !important;background-size: cover !important;}&#8221;][vc_column][\/vc_column][\/vc_row][vc_row][vc_column][\/vc_column][\/vc_row][vc_row css=&#8221;.vc_custom_1694288409764{background-image: url(https:\/\/elismurcia.com\/wp-content\/uploads\/sites\/110\/2023\/08\/gradient-12.png?id=69892) !important;background-position: center !important;background-repeat: no-repeat !important;background-size: cover !important;}&#8221;][vc_column][\/vc_column][\/vc_row][vc_row][vc_column][\/vc_column][\/vc_row][vc_row css=&#8221;.vc_custom_1695720879867{background-image: url(https:\/\/elismurcia.com\/wp-content\/uploads\/sites\/110\/2023\/08\/gradient-12.png?id=69892) !important;background-position: center !important;background-repeat: no-repeat !important;background-size: cover !important;}&#8221;][vc_column][\/vc_column][\/vc_row][vc_row css=&#8221;.vc_custom_1695720846490{margin-top: 5px !important;background-color: #f3f4f2 !important;}&#8221;][vc_column][\/vc_column][\/vc_row][vc_row [&hellip;]<\/p>\n","protected":false},"author":390,"featured_media":0,"parent":0,"menu_order":0,"comment_status":"closed","ping_status":"closed","template":"","meta":{"_acf_changed":false,"footnotes":""},"class_list":["post-72014","page","type-page","status-publish","hentry"],"acf":[],"yoast_head":"<!-- This site is optimized with the Yoast SEO plugin v27.4 - https:\/\/yoast.com\/product\/yoast-seo-wordpress\/ -->\n<title>Comunidad de ELIS Murcia<\/title>\n<meta name=\"description\" content=\"En ELIS Murcia fomentamos un sentimiento de pertenencia e identidad creando un entorno de aprendizaje propicio y enriquecedor.\" \/>\n<meta name=\"robots\" content=\"index, follow, max-snippet:-1, max-image-preview:large, max-video-preview:-1\" \/>\n<link rel=\"canonical\" href=\"https:\/\/elismurcia.com\/es\/comunidad-de-elis-murcia\/\" \/>\n<meta property=\"og:locale\" content=\"es_ES\" \/>\n<meta property=\"og:type\" content=\"article\" \/>\n<meta property=\"og:title\" content=\"Comunidad de ELIS Murcia\" \/>\n<meta property=\"og:description\" content=\"En ELIS Murcia fomentamos un sentimiento de pertenencia e identidad creando un entorno de aprendizaje propicio y enriquecedor.\" \/>\n<meta property=\"og:url\" content=\"https:\/\/elismurcia.com\/es\/comunidad-de-elis-murcia\/\" \/>\n<meta property=\"og:site_name\" content=\"ELIS El Limonar International British School Of Murcia\" \/>\n<meta property=\"article:modified_time\" content=\"2026-03-18T13:40:26+00:00\" \/>\n<meta property=\"og:image\" content=\"https:\/\/elismurcia.com\/wp-content\/uploads\/sites\/110\/2024\/12\/Logo-ELIS-Alumni-2024.jpg\" \/>\n\t<meta property=\"og:image:width\" content=\"1241\" \/>\n\t<meta property=\"og:image:height\" content=\"800\" \/>\n\t<meta property=\"og:image:type\" content=\"image\/jpeg\" \/>\n<meta name=\"twitter:card\" content=\"summary_large_image\" \/>\n<meta name=\"twitter:label1\" content=\"Tiempo de lectura\" \/>\n\t<meta name=\"twitter:data1\" content=\"2 minutos\" \/>\n<!-- \/ Yoast SEO plugin. -->","yoast_head_json":{"title":"Comunidad de ELIS Murcia","description":"En ELIS Murcia fomentamos un sentimiento de pertenencia e identidad creando un entorno de aprendizaje propicio y enriquecedor.","robots":{"index":"index","follow":"follow","max-snippet":"max-snippet:-1","max-image-preview":"max-image-preview:large","max-video-preview":"max-video-preview:-1"},"canonical":"https:\/\/elismurcia.com\/es\/comunidad-de-elis-murcia\/","og_locale":"es_ES","og_type":"article","og_title":"Comunidad de ELIS Murcia","og_description":"En ELIS Murcia fomentamos un sentimiento de pertenencia e identidad creando un entorno de aprendizaje propicio y enriquecedor.","og_url":"https:\/\/elismurcia.com\/es\/comunidad-de-elis-murcia\/","og_site_name":"ELIS El Limonar International British School Of Murcia","article_modified_time":"2026-03-18T13:40:26+00:00","og_image":[{"width":1241,"height":800,"url":"https:\/\/elismurcia.com\/wp-content\/uploads\/sites\/110\/2024\/12\/Logo-ELIS-Alumni-2024.jpg","type":"image\/jpeg"}],"twitter_card":"summary_large_image","twitter_misc":{"Tiempo de lectura":"2 minutos"},"schema":{"@context":"https:\/\/schema.org","@graph":[{"@type":"WebPage","@id":"https:\/\/elismurcia.com\/es\/comunidad-de-elis-murcia\/","url":"https:\/\/elismurcia.com\/es\/comunidad-de-elis-murcia\/","name":"Comunidad de ELIS Murcia","isPartOf":{"@id":"https:\/\/elismurcia.com\/es\/#website"},"primaryImageOfPage":{"@id":"https:\/\/elismurcia.com\/es\/comunidad-de-elis-murcia\/#primaryimage"},"image":{"@id":"https:\/\/elismurcia.com\/es\/comunidad-de-elis-murcia\/#primaryimage"},"thumbnailUrl":"https:\/\/elismurcia.com\/wp-content\/uploads\/sites\/110\/2024\/12\/Logo-ELIS-Alumni-2024.jpg?w=300","datePublished":"2021-09-14T05:29:21+00:00","dateModified":"2026-03-18T13:40:26+00:00","description":"En ELIS Murcia fomentamos un sentimiento de pertenencia e identidad creando un entorno de aprendizaje propicio y enriquecedor.","breadcrumb":{"@id":"https:\/\/elismurcia.com\/es\/comunidad-de-elis-murcia\/#breadcrumb"},"inLanguage":"es","potentialAction":[{"@type":"ReadAction","target":["https:\/\/elismurcia.com\/es\/comunidad-de-elis-murcia\/"]}]},{"@type":"ImageObject","inLanguage":"es","@id":"https:\/\/elismurcia.com\/es\/comunidad-de-elis-murcia\/#primaryimage","url":"https:\/\/elismurcia.com\/wp-content\/uploads\/sites\/110\/2024\/12\/Logo-ELIS-Alumni-2024.jpg?w=300","contentUrl":"https:\/\/elismurcia.com\/wp-content\/uploads\/sites\/110\/2024\/12\/Logo-ELIS-Alumni-2024.jpg?w=300"},{"@type":"BreadcrumbList","@id":"https:\/\/elismurcia.com\/es\/comunidad-de-elis-murcia\/#breadcrumb","itemListElement":[{"@type":"ListItem","position":1,"name":"Home","item":"https:\/\/elismurcia.com\/es\/"},{"@type":"ListItem","position":2,"name":"Comunidad de ELIS Murcia"}]},{"@type":"WebSite","@id":"https:\/\/elismurcia.com\/es\/#website","url":"https:\/\/elismurcia.com\/es\/","name":"ELIS El Limonar International British School Of Murcia","description":"ELIS Murcia is part of the Cognita Schools Group","publisher":{"@id":"https:\/\/elismurcia.com\/es\/#organization"},"alternateName":"ELIS Murcia","potentialAction":[{"@type":"SearchAction","target":{"@type":"EntryPoint","urlTemplate":"https:\/\/elismurcia.com\/es\/?s={search_term_string}"},"query-input":{"@type":"PropertyValueSpecification","valueRequired":true,"valueName":"search_term_string"}}],"inLanguage":"es"},{"@type":"Organization","@id":"https:\/\/elismurcia.com\/es\/#organization","name":"El Limonar International British School Murcia","alternateName":"ELIS Murcia","url":"https:\/\/elismurcia.com\/es\/","logo":{"@type":"ImageObject","inLanguage":"es","@id":"https:\/\/elismurcia.com\/es\/#\/schema\/logo\/image\/","url":"https:\/\/elismurcia.com\/wp-content\/uploads\/sites\/110\/2024\/11\/LOGO-ELIS-MURCIA-COLOR.jpg","contentUrl":"https:\/\/elismurcia.com\/wp-content\/uploads\/sites\/110\/2024\/11\/LOGO-ELIS-MURCIA-COLOR.jpg","width":1240,"height":575,"caption":"El Limonar International British School Murcia"},"image":{"@id":"https:\/\/elismurcia.com\/es\/#\/schema\/logo\/image\/"}}]}},"jetpack_sharing_enabled":true,"_links":{"self":[{"href":"https:\/\/elismurcia.com\/es\/wp-json\/wp\/v2\/pages\/72014","targetHints":{"allow":["GET"]}}],"collection":[{"href":"https:\/\/elismurcia.com\/es\/wp-json\/wp\/v2\/pages"}],"about":[{"href":"https:\/\/elismurcia.com\/es\/wp-json\/wp\/v2\/types\/page"}],"author":[{"embeddable":true,"href":"https:\/\/elismurcia.com\/es\/wp-json\/wp\/v2\/users\/390"}],"replies":[{"embeddable":true,"href":"https:\/\/elismurcia.com\/es\/wp-json\/wp\/v2\/comments?post=72014"}],"version-history":[{"count":86,"href":"https:\/\/elismurcia.com\/es\/wp-json\/wp\/v2\/pages\/72014\/revisions"}],"predecessor-version":[{"id":80512,"href":"https:\/\/elismurcia.com\/es\/wp-json\/wp\/v2\/pages\/72014\/revisions\/80512"}],"wp:attachment":[{"href":"https:\/\/elismurcia.com\/es\/wp-json\/wp\/v2\/media?parent=72014"}],"curies":[{"name":"wp","href":"https:\/\/api.w.org\/{rel}","templated":true}]}}