
     {"id":72093,"date":"2021-09-15T15:17:56","date_gmt":"2021-09-15T13:17:56","guid":{"rendered":"https:\/\/elismurcia.com\/your-childs-journey\/"},"modified":"2026-01-23T13:57:26","modified_gmt":"2026-01-23T12:57:26","slug":"el-viaje-de-tu-hijo","status":"publish","type":"page","link":"https:\/\/elismurcia.com\/es\/el-viaje-de-tu-hijo\/","title":{"rendered":"El viaje de tu hijo"},"content":{"rendered":"<div class=\"wpb-content-wrapper\"><p>[vc_row][vc_column]<section  class=\"bg-video-wrap hero section hero--centertext  small-header \" style='background: url(https:\/\/elismurcia.com\/wp-content\/uploads\/sites\/110\/2023\/08\/ELIS-Murcia-048-e1692713308237.jpg) center ;background-size:cover ;'>\n                <div class=\"bg-overlay\" style='background:#0a0505;opacity:0.4;'><\/div>\n                <div class=\"overlay\" >\n                  <div class=\"container-fluid\">\n                    <div class=\"row\">\n                      <div class=\"col-md-12 col-lg-12\">\n\n                        <div class=\"caption text-start\"><div class=\"component sub-heading\" >\n                              <h1 class=\"display-h1\">El viaje de tu hijo<\/h1>\n                            <\/div><\/div>\n                      <\/div>\n                    <\/div>\n                  <\/div>\n                <\/div>\n              <\/section><div class='row  m-x-0 breadcrumb-wrap ' style=''><div class='container-fluid' >\n                <nav aria-label='breadcrumb'><ol class=\"breadcrumb mt-3\">\n                  <li class=\"breadcrumb-item\"><a href=\"https:\/\/elismurcia.com\/es\/\">Home<\/a><\/li>\n                  <li class=\"breadcrumb-item active\" aria-current=\"page\">El viaje de tu hijo<\/li>\n                <\/ol>\n              <\/nav>\n              <\/div>\n            <\/div>[\/vc_column][\/vc_row][vc_row css=&#8221;.vc_custom_1694365713698{background-image: url(https:\/\/elismurcia.com\/wp-content\/uploads\/sites\/110\/2023\/09\/Leaf-background-pattern-1.png?id=71428) !important;background-position: center !important;background-repeat: no-repeat !important;background-size: cover !important;}&#8221;][vc_column]<div class=\"wrapper\"><section  style='' class=\"section     container-width \"><div class=\"container-fluid\"><div class=\"row m-0 align-items-center centerText \" >\n                        <div class=\"col-sm-12 col-md-10 col-lg-9 mx-auto\"><div class=\"sub-heading component\">\n                                        <h2 class=\"h5\">Vive un itinerario de aprendizaje personalizado<\/h2>\n                                    <\/div><div class=\"sub-heading component\"><p style=\"text-align: center\">En ELIS Murcia, nos comprometemos a proporcionar una experiencia de aprendizaje \u00fanica y personalizada a los alumnos desde su infancia hasta los 18 a\u00f1os. Nuestro innovador dise\u00f1o curricular, unido a nuestra pasi\u00f3n por el aprendizaje, nos permiten guiar a cada ni\u00f1o a lo largo de su propio camino, asegur\u00e1ndonos de que desarrollan un amor por el aprendizaje que los preparar\u00e1 para los retos de un mundo globalizado.<\/p>\n<p>&nbsp;<\/p>\n<p style=\"text-align: center\">Con puntos de entrada tanto en nuestro campus de Buenavista como en el de Montevida, tu hijo tendr\u00e1 la oportunidad de embarcarse en un viaje inolvidable en ELIS Murcia.<\/p>\n<p>&nbsp;<\/p>\n<p style=\"text-align: center\"><strong>\u00danete a nosotros y descubre las infinitas posibilidades de una educaci\u00f3n verdaderamente excepcional.<\/strong><\/p>\n<\/div><div class=\"component link\"><a href=\"\/es\/solicita-una-visita-privada\/\" class=\" btn btn-primary btn-primary--border\">Solicita una Visita Privada<\/a><\/div><style>\n                        .flex-button {\n                        margin-top: 25px;\n                    } \n                        \n                    @media (max-width: 767px){\n                     .flex-button {\n                      display: block;\n                      margin-left: 0;\n                    }\n                    .flex-button .text-center{\n                     text-align: left !important;\n                    }\n                    }\n\n\n                        <\/style><\/div><\/div><\/section><\/div>[\/vc_column][\/vc_row][vc_row css=&#8221;.vc_custom_1694580391806{background-image: url(https:\/\/elismurcia.com\/wp-content\/uploads\/sites\/110\/2023\/08\/gradient-12.png?id=69892) !important;background-position: center !important;background-repeat: no-repeat !important;background-size: cover !important;}&#8221;][vc_column]<div class=\"wrapper\"><section  style='margin-bottom:-20px;' class=\"section   section--blue pb-0 container-width \"><div class=\"container-fluid\"><div class=\"row m-0 align-items-center centerText \" >\n                        <div class=\"col-sm-12 col-md-10 col-lg-9 mx-auto\"><div class=\"sub-heading component\">\n                                        <h2 class=\"h5\">El viaje de tu hijo<\/h2>\n                                    <\/div><div class=\"sub-heading component\"><\/div><style>\n                        .flex-button {\n                        margin-top: 25px;\n                    } \n                        \n                    @media (max-width: 767px){\n                     .flex-button {\n                      display: block;\n                      margin-left: 0;\n                    }\n                    .flex-button .text-center{\n                     text-align: left !important;\n                    }\n                    }\n\n\n                        <\/style><\/div><\/div><\/section><\/div>\n            <div class=\"wrapper\"><section  class=\"section age-school  container-width   \" style='margin-top:-80px;'>\n                <div class=\"container-fluid \"><div class=\"row m-0 justify-content-center mt-3 text-center\"><div class=\"col-12 col-md-auto order-3 order-md-2 \"><\/div><\/div><div class=\"row m-0 one-column pt-4\">\n                                    <div class=\"col-12 col-md-12 col-lg-10 col-xl-8 mx-auto\"><div class=\"component\">\n                                            <div class=\"card card--white\">               <div class=\"d-flex\" >\n                                                    <img decoding=\"async\" src=\"https:\/\/elismurcia.com\/wp-content\/uploads\/sites\/110\/2026\/01\/ELIS-Murcia-Oct25-150.jpg\" class=\"card-img-top\" alt=\"img\">\n                                                <\/div>               <div class=\"card-body\">                 <div class=\"component link\"><div class=\"component link\"><a href=\"\/es\/educacion-infantil\/\" class=\"simple-link h5 btn btn-link\">Infantil<\/a><\/div>               <\/div><div class=\"component hash-list d-none flex-fill d-lg-block\">\n                                                        <ul><li>\n                                                                        <p>Descubre nuestro curr\u00edculo dise\u00f1ado para ni\u00f1os de 3 a 5 a\u00f1os, que ofrece la base ideal para su itinerario educativo.<\/p>\n                                                                    <\/li><li>\n                                                                        <p>Nuestras instalaciones proporcionan un ambiente acogedor, con personal altamente cualificado que garantiza una transici\u00f3n fluida desde la guarder\u00eda al colegio y un aprendizaje integral en siete \u00e1reas esenciales.<\/p>\n                                                                    <\/li><\/ul>\n                                                            <\/div><div class=\"component link mt-3  d-none d-lg-block\"><a class=\"btn btn-primary btn-primary--border\" href=\"\/es\/educacion-infantil\/\">Descubre m\u00e1s<\/a><\/div>\n                                                    <\/div>\n                                                <\/div>\n                                        <\/div>\n                                    <\/div>\n                                <\/div><div class=\"row m-0 justify-content-center mt-3 text-center\"><div class=\"col-12 col-md-auto order-3 order-md-2 \"><\/div><\/div><div class=\"row m-0 one-column pt-4\">\n                                    <div class=\"col-12 col-md-12 col-lg-10 col-xl-8 mx-auto\"><div class=\"component\">\n                                            <div class=\"card card--white\">               <div class=\"d-flex\" >\n                                                    <img decoding=\"async\" src=\"https:\/\/elismurcia.com\/wp-content\/uploads\/sites\/110\/2026\/01\/ELIS-Murcia-Oct25-267.jpg\" class=\"card-img-top\" alt=\"img\">\n                                                <\/div>               <div class=\"card-body\">                 <div class=\"component link\"><div class=\"component link\"><a href=\"\/es\/primaria\/\" class=\"simple-link h5 btn btn-link\">Primaria<\/a><\/div>               <\/div><div class=\"component hash-list d-none flex-fill d-lg-block\">\n                                                        <ul><li>\n                                                                        <p>Una educaci\u00f3n hol\u00edstica que prepara a los ni\u00f1os de 5 a 11 a\u00f1os para un crecimiento y aprendizaje continuos a lo largo de su vida.<\/p>\n                                                                    <\/li><li>\n                                                                        <p>Nuestro curr\u00edculo combina lo mejor de la educaci\u00f3n brit\u00e1nica y espa\u00f1ola, ofreciendo un tercer idioma y un programa de tutor\u00eda individualizada.<\/p>\n                                                                    <\/li><\/ul>\n                                                            <\/div><div class=\"component link mt-3  d-none d-lg-block\"><a class=\"btn btn-primary btn-primary--border\" href=\"\/es\/primaria\/\">Descubre m\u00e1s<\/a><\/div>\n                                                    <\/div>\n                                                <\/div>\n                                        <\/div>\n                                    <\/div>\n                                <\/div><div class=\"row m-0 justify-content-center mt-3 text-center\"><div class=\"col-12 col-md-auto order-3 order-md-2 \"><\/div><\/div><div class=\"row m-0 one-column pt-4\">\n                                    <div class=\"col-12 col-md-12 col-lg-10 col-xl-8 mx-auto\"><div class=\"component\">\n                                            <div class=\"card card--white\">               <div class=\"d-flex\" >\n                                                    <img decoding=\"async\" src=\"https:\/\/elismurcia.com\/wp-content\/uploads\/sites\/110\/2026\/01\/ELIS-Murcia-Oct25-562-e1769172859289.jpg\" class=\"card-img-top\" alt=\"img\">\n                                                <\/div>               <div class=\"card-body\">                 <div class=\"component link\"><div class=\"component link\"><a href=\"\/es\/secundaria\/\" class=\"simple-link h5 btn btn-link\">Secundaria<\/a><\/div>               <\/div><div class=\"component hash-list d-none flex-fill d-lg-block\">\n                                                        <ul><li>\n                                                                        <p>Nuestro curr\u00edculo de Secundaria prepara a los estudiantes para ex\u00e1menes internacionales externos y rigurosos mejorando sus habilidades en diferentes materias.<\/p>\n                                                                    <\/li><li>\n                                                                        <p>Nuestro compromiso con la excelencia se refleja en el proyecto Montevida: instalaciones de primer nivel que potencian el aprendizaje y facilitan la preparaci\u00f3n de los alumnos para el futuro.<\/p>\n                                                                    <\/li><\/ul>\n                                                            <\/div><div class=\"component link mt-3  d-none d-lg-block\"><a class=\"btn btn-primary btn-primary--border\" href=\"\/es\/secundaria\/\">Descubre m\u00e1s<\/a><\/div>\n                                                    <\/div>\n                                                <\/div>\n                                        <\/div>\n                                    <\/div>\n                                <\/div><div class=\"row m-0 justify-content-center mt-3 text-center\"><div class=\"col-12 col-md-auto order-3 order-md-2 \"><\/div><\/div><div class=\"row m-0 one-column pt-4\">\n                                    <div class=\"col-12 col-md-12 col-lg-10 col-xl-8 mx-auto\"><div class=\"component\">\n                                            <div class=\"card card--white\">               <div class=\"d-flex\" >\n                                                    <img decoding=\"async\" src=\"https:\/\/elismurcia.com\/wp-content\/uploads\/sites\/110\/2026\/01\/ELIS-Murcia-Oct25-462.jpg\" class=\"card-img-top\" alt=\"img\">\n                                                <\/div>               <div class=\"card-body\">                 <div class=\"component link\"><div class=\"component link\"><a href=\"\/es\/bachillerato\/\" class=\"simple-link h5 btn btn-link\">Bachillerato<\/a><\/div>               <\/div><div class=\"component hash-list d-none flex-fill d-lg-block\">\n                                                        <ul><li>\n                                                                        <p>ELIS Murcia prepara a los estudiantes para acceder a universidades del Reino Unido, Espa\u00f1a o internacionales mediante un programa \u00fanico de orientaci\u00f3n vocacional.<\/p>\n                                                                    <\/li><li>\n                                                                        <p>Nuestro Bachillerato combina A-Levels Internacionales y Bachillerato espa\u00f1ol, junto con un apoyo personalizado que incluye tutor\u00edas, intercambios, viajes y programas de preparaci\u00f3n para la universidad.<\/p>\n                                                                    <\/li><\/ul>\n                                                            <\/div><div class=\"component link mt-3  d-none d-lg-block\"><a class=\"btn btn-primary btn-primary--border\" href=\"\/es\/bachillerato\/\">Descubre m\u00e1s<\/a><\/div>\n                                                    <\/div>\n                                                <\/div>\n                                        <\/div>\n                                    <\/div>\n                                <\/div><\/div>\n        <\/section>\n            <\/div>[\/vc_column][\/vc_row][vc_row css=&#8221;.vc_custom_1695617340009{background-color: #f3f4f2 !important;}&#8221;][vc_column]<div class=\"wrapper\"><section  style='' class=\"section    pb-0 container-width \"><div class=\"container-fluid\"><div class=\"row m-0 align-items-center centerText \" >\n                        <div class=\"col-sm-12 col-md-10 col-lg-9 mx-auto\"><div class=\"sub-heading component\">\n                                        <h2 class=\"h5\">Te puede interesar<\/h2>\n                                    <\/div><div class=\"sub-heading component\"><\/div><style>\n                        .flex-button {\n                        margin-top: 25px;\n                    } \n                        \n                    @media (max-width: 767px){\n                     .flex-button {\n                      display: block;\n                      margin-left: 0;\n                    }\n                    .flex-button .text-center{\n                     text-align: left !important;\n                    }\n                    }\n\n\n                        <\/style><\/div><\/div><\/section><\/div><section  class=\"section      \" style='margin-top:-60px;'><div class=\"container-fluid \" ><style>\n            .background-box .heading .h5:after {\n                display:none;\n            }\n            <\/style><div class=\"row m-0 justify-content-center pt-3 pt-md-3\"><style>\n                .thumbnail_img_overlay_8212 .callout-img.halfcol--img .img-overlay {\n                    background: rgba(12,5,5,0.5);\n                    \n                }\n\n                .thumbnail_img_overlay_8212 .tech-images .callout-img.halfcol--img {\n                    background: rgba(12,5,5,0.5);\n                    \n                }\n\n                <\/style><style>\n                .thumbnail_img_overlay_8212 .heading .h5 {\n                    background: rgba(106,157,65,0.7);\n                    \n                }\n\n            \n\n                <\/style><style>\n                .thumbnail_img_overlay_8212 .heading .h5 a {\n                    font-size: 24px;\n                    line-height:24px;\n                    \n                }\n\n                .thumbnail_img_overlay_8212 .heading .h5 {\n                    font-size: 24px;\n                    line-height: 24px;\n                    \n                }\n               \n                <\/style><style>\n                .thumbnail_img_overlay_8212 .heading .h5 a {\n                    color: #ffffffpx;\n                    \n                }\n\n                .thumbnail_img_overlay_8212 .heading .h5 {\n                    color: #ffffffpx;\n                    \n                }\n               \n                <\/style><div class=\"col-lg-3 col-md-3 col-sm-3 mb-3 pb-2\">\n                            <div class=\"card card--white tech-images next-steps-module  thumbnail_img_overlay_8212\">   <a class=\"\" href = \"\/es\/excelencia-academica\/\" ><div class=\"ratio ratio-21x9 callout-img halfcol--img leftBottom-content\" style=\"background-image: url(https:\/\/elismurcia.com\/wp-content\/uploads\/sites\/110\/2025\/11\/ELIS-Murcia-Oct25-416.jpg);background-position:center;\">\n                                 \n                                 <div class=\"img-overlay \">\n                                 \n                                     <div class=\"heading component\">\n                                         <h5 class=\"h5\" >Excelencia Acad\u00e9mica<\/h5>\n                                     <\/div>\n                                   \n                                \n                             <\/div>\n                                 \n                                 <\/div><\/a>\n                            <\/div>\n                        <\/div><style>\n                .thumbnail_img_overlay_1709 .callout-img.halfcol--img .img-overlay {\n                    background: rgba(12,5,5,0.3);\n                    \n                }\n\n                .thumbnail_img_overlay_1709 .tech-images .callout-img.halfcol--img {\n                    background: rgba(12,5,5,0.3);\n                    \n                }\n\n                <\/style><style>\n                .thumbnail_img_overlay_1709 .heading .h5 {\n                    background: rgba(106,157,65,0.7);\n                    \n                }\n\n            \n\n                <\/style><style>\n                .thumbnail_img_overlay_1709 .heading .h5 a {\n                    font-size: 24px;\n                    line-height:24px;\n                    \n                }\n\n                .thumbnail_img_overlay_1709 .heading .h5 {\n                    font-size: 24px;\n                    line-height: 24px;\n                    \n                }\n               \n                <\/style><style>\n                .thumbnail_img_overlay_1709 .heading .h5 a {\n                    color: #ffffffpx;\n                    \n                }\n\n                .thumbnail_img_overlay_1709 .heading .h5 {\n                    color: #ffffffpx;\n                    \n                }\n               \n                <\/style><div class=\"col-lg-3 col-md-3 col-sm-3 mb-3 pb-2\">\n                            <div class=\"card card--white tech-images next-steps-module  thumbnail_img_overlay_1709\">   <a class=\"\" href = \"\/es\/instalaciones-y-localizacion\/\" ><div class=\"ratio ratio-21x9 callout-img halfcol--img leftBottom-content\" style=\"background-image: url(https:\/\/elismurcia.com\/wp-content\/uploads\/sites\/110\/2023\/08\/2J6A5285_b.jpg);background-position:center;\">\n                                 \n                                 <div class=\"img-overlay \">\n                                 \n                                     <div class=\"heading component\">\n                                         <h5 class=\"h5\" >Instalaciones y Localizaci\u00f3n<\/h5>\n                                     <\/div>\n                                   \n                                \n                             <\/div>\n                                 \n                                 <\/div><\/a>\n                            <\/div>\n                        <\/div><style>\n                .thumbnail_img_overlay_4862 .callout-img.halfcol--img .img-overlay {\n                    background: rgba(0,0,0,0.3);\n                    \n                }\n\n                .thumbnail_img_overlay_4862 .tech-images .callout-img.halfcol--img {\n                    background: rgba(0,0,0,0.3);\n                    \n                }\n\n                <\/style><style>\n                .thumbnail_img_overlay_4862 .heading .h5 {\n                    background: rgba(106,157,65,0.7);\n                    \n                }\n\n            \n\n                <\/style><style>\n                .thumbnail_img_overlay_4862 .heading .h5 a {\n                    font-size: 24px;\n                    line-height:24px;\n                    \n                }\n\n                .thumbnail_img_overlay_4862 .heading .h5 {\n                    font-size: 24px;\n                    line-height: 24px;\n                    \n                }\n               \n                <\/style><style>\n                .thumbnail_img_overlay_4862 .heading .h5 a {\n                    color: #ffffffpx;\n                    \n                }\n\n                .thumbnail_img_overlay_4862 .heading .h5 {\n                    color: #ffffffpx;\n                    \n                }\n               \n                <\/style><div class=\"col-lg-3 col-md-3 col-sm-3 mb-3 pb-2\">\n                            <div class=\"card card--white tech-images next-steps-module  thumbnail_img_overlay_4862\">   <a class=\"\" href = \"\/es\/puertas-abiertas-y-visitas\/\" ><div class=\"ratio ratio-21x9 callout-img halfcol--img leftBottom-content\" style=\"background-image: url(https:\/\/elismurcia.com\/wp-content\/uploads\/sites\/110\/2025\/11\/ELIS-Murcia-Oct25-168.jpg);background-position:center;\">\n                                 \n                                 <div class=\"img-overlay \">\n                                 \n                                     <div class=\"heading component\">\n                                         <h5 class=\"h5\" >Puertas Abiertas y Visitas<\/h5>\n                                     <\/div>\n                                   \n                                \n                             <\/div>\n                                 \n                                 <\/div><\/a>\n                            <\/div>\n                        <\/div><style>\n                .thumbnail_img_overlay_4001 .callout-img.halfcol--img .img-overlay {\n                    background: rgba(0,0,0,0.3);\n                    \n                }\n\n                .thumbnail_img_overlay_4001 .tech-images .callout-img.halfcol--img {\n                    background: rgba(0,0,0,0.3);\n                    \n                }\n\n                <\/style><style>\n                .thumbnail_img_overlay_4001 .heading .h5 {\n                    background: rgba(106,157,65,0.7);\n                    \n                }\n\n            \n\n                <\/style><style>\n                .thumbnail_img_overlay_4001 .heading .h5 a {\n                    font-size: 24px;\n                    line-height:24px;\n                    \n                }\n\n                .thumbnail_img_overlay_4001 .heading .h5 {\n                    font-size: 24px;\n                    line-height: 24px;\n                    \n                }\n               \n                <\/style><style>\n                .thumbnail_img_overlay_4001 .heading .h5 a {\n                    color: #ffffffpx;\n                    \n                }\n\n                .thumbnail_img_overlay_4001 .heading .h5 {\n                    color: #ffffffpx;\n                    \n                }\n               \n                <\/style><div class=\"col-lg-3 col-md-3 col-sm-3 mb-3 pb-2\">\n                            <div class=\"card card--white tech-images next-steps-module  thumbnail_img_overlay_4001\">   <a class=\"\" href = \"\/es\/proceso-de-admision\/\" ><div class=\"ratio ratio-21x9 callout-img halfcol--img leftBottom-content\" style=\"background-image: url(https:\/\/elismurcia.com\/wp-content\/uploads\/sites\/110\/2025\/11\/ELIS-Murcia-Oct25-384.jpg);background-position:center;\">\n                                 \n                                 <div class=\"img-overlay \">\n                                 \n                                     <div class=\"heading component\">\n                                         <h5 class=\"h5\" >Proceso de Admisi\u00f3n<\/h5>\n                                     <\/div>\n                                   \n                                \n                             <\/div>\n                                 \n                                 <\/div><\/a>\n                            <\/div>\n                        <\/div><\/div><\/div>\n            <\/section>[\/vc_column][\/vc_row][vc_row css=&#8221;.vc_custom_1694162374357{background-image: url(https:\/\/elismurcia.com\/wp-content\/uploads\/sites\/110\/2023\/09\/prospectus-background-01-01-01-01-01-01.png?id=70917) !important;background-position: center !important;background-repeat: no-repeat !important;background-size: cover !important;}&#8221;][vc_column]<section  style='' class=\"section  wpb_animate_when_almost_visible wpb_fadeInUp fadeInUp     \"><div class=\"container-fluid\"><div class=\"row m-0 align-items-center centerText \" >\n                        <div class=\"col-sm-12 col-md-10 col-lg-9 mx-auto\"><div class=\"sub-heading component\">\n                                        <h2 class=\"h5\">Descubre m\u00e1s sobre ELIS Murcia<\/h2>\n                                    <\/div><div class=\"sub-heading component\"><\/div><div class=\"component link\"><a href=\"\/es\/descarga-nuestro-catalogo\/\" class=\" btn btn-primary btn-primary--border\">Solicita nuestro Cat\u00e1logo<\/a><\/div><style>\n                        .flex-button {\n                        margin-top: 25px;\n                    } \n                        \n                    @media (max-width: 767px){\n                     .flex-button {\n                      display: block;\n                      margin-left: 0;\n                    }\n                    .flex-button .text-center{\n                     text-align: left !important;\n                    }\n                    }\n\n\n                        <\/style><\/div><\/div><\/section>[\/vc_column][\/vc_row][vc_row][vc_column]<section class=\"section section--blue bottom-step TopBottomBorder   \" style=\"background-image: url('https:\/\/elismurcia.com\/wp-content\/uploads\/sites\/110\/2025\/11\/ELIS-Murcia-Oct25-646-e1763473085267.jpg');;;\"><style>.bottom-step.section--blue:before {background: rgba(106,157,65,0.8);}<\/style><div class=\"container-fluid\"><div class=\"row\"><div class=\"col-sm-12\"><div class=\"component title\"><p class=\"body-small\">Ponte en Contacto<\/p><\/div><\/div><\/div><div class=\"row\"><div class=\"col-md-4\"><div class=\"component linkcard \">\n                                <a class=\"card card--bordered\" href=\"\/es\/haz-una-consulta\/\">\n                                    <div class=\"card-body d-flex align-items-center\">\n                                    <div> <div class=\"component link\">\n                                            <div  class=\"btn btn-link simple-link h5\">Haz una Consulta<\/div>\n                                        <\/div><\/div><\/div><\/a><\/div><\/div><div class=\"col-md-4\"><div class=\"component linkcard \">\n                                <a class=\"card card--bordered\" href=\"\/es\/solicita-una-visita-privada\/\">\n                                    <div class=\"card-body d-flex align-items-center\">\n                                    <div> <div class=\"component link\">\n                                            <div  class=\"btn btn-link simple-link h5\">Solicita una Visita Privada<\/div>\n                                        <\/div><\/div><\/div><\/a><\/div><\/div><div class=\"col-md-4\"><div class=\"component linkcard \">\n                                <a class=\"card card--bordered\" href=\"\/es\/reserva-un-jornada-de-puertas-abiertas\/\">\n                                    <div class=\"card-body d-flex align-items-center\">\n                                    <div> <div class=\"component link\">\n                                            <div  class=\"btn btn-link simple-link h5\">Ven a un D\u00eda de Puertas Abiertas<\/div>\n                                        <\/div><\/div><\/div><\/a><\/div><\/div><\/div><\/section>[\/vc_column][\/vc_row]<\/p>\n<\/div>","protected":false},"excerpt":{"rendered":"<p>[vc_row][vc_column][\/vc_column][\/vc_row][vc_row css=&#8221;.vc_custom_1694365713698{background-image: url(https:\/\/elismurcia.com\/wp-content\/uploads\/sites\/110\/2023\/09\/Leaf-background-pattern-1.png?id=71428) !important;background-position: center !important;background-repeat: no-repeat !important;background-size: cover !important;}&#8221;][vc_column][\/vc_column][\/vc_row][vc_row css=&#8221;.vc_custom_1694580391806{background-image: url(https:\/\/elismurcia.com\/wp-content\/uploads\/sites\/110\/2023\/08\/gradient-12.png?id=69892) !important;background-position: center !important;background-repeat: no-repeat !important;background-size: cover !important;}&#8221;][vc_column][\/vc_column][\/vc_row][vc_row css=&#8221;.vc_custom_1695617340009{background-color: #f3f4f2 !important;}&#8221;][vc_column][\/vc_column][\/vc_row][vc_row css=&#8221;.vc_custom_1694162374357{background-image: url(https:\/\/elismurcia.com\/wp-content\/uploads\/sites\/110\/2023\/09\/prospectus-background-01-01-01-01-01-01.png?id=70917) !important;background-position: center !important;background-repeat: no-repeat !important;background-size: cover !important;}&#8221;][vc_column][\/vc_column][\/vc_row][vc_row][vc_column][\/vc_column][\/vc_row]<\/p>\n","protected":false},"author":390,"featured_media":0,"parent":0,"menu_order":0,"comment_status":"closed","ping_status":"closed","template":"","meta":{"_acf_changed":false,"footnotes":""},"class_list":["post-72093","page","type-page","status-publish","hentry"],"acf":[],"yoast_head":"<!-- This site is optimized with the Yoast SEO plugin v26.5 - https:\/\/yoast.com\/wordpress\/plugins\/seo\/ -->\n<title>Oferta educativa - El viaje de su hijo - ELIS Murcia<\/title>\n<meta name=\"description\" content=\"Apoyaremos el aprendizaje de su hijo de principio a fin proporcion\u00e1ndole una excelente educaci\u00f3n brit\u00e1nica a nivel acad\u00e9mico y humano.\" \/>\n<meta name=\"robots\" content=\"index, follow, max-snippet:-1, max-image-preview:large, max-video-preview:-1\" \/>\n<link rel=\"canonical\" href=\"https:\/\/elismurcia.com\/es\/el-viaje-de-tu-hijo\/\" \/>\n<meta property=\"og:locale\" content=\"es_ES\" \/>\n<meta property=\"og:type\" content=\"article\" \/>\n<meta property=\"og:title\" content=\"Oferta educativa - El viaje de su hijo - ELIS Murcia\" \/>\n<meta property=\"og:description\" content=\"Apoyaremos el aprendizaje de su hijo de principio a fin proporcion\u00e1ndole una excelente educaci\u00f3n brit\u00e1nica a nivel acad\u00e9mico y humano.\" \/>\n<meta property=\"og:url\" content=\"https:\/\/elismurcia.com\/es\/el-viaje-de-tu-hijo\/\" \/>\n<meta property=\"og:site_name\" content=\"ELIS El Limonar International British School Of Murcia\" \/>\n<meta property=\"article:modified_time\" content=\"2026-01-23T12:57:26+00:00\" \/>\n<meta property=\"og:image\" content=\"https:\/\/elismurcia.com\/wp-content\/uploads\/sites\/110\/2024\/11\/LOGO-ELIS-MURCIA-COLOR.jpg\" \/>\n\t<meta property=\"og:image:width\" content=\"1240\" \/>\n\t<meta property=\"og:image:height\" content=\"575\" \/>\n\t<meta property=\"og:image:type\" content=\"image\/jpeg\" \/>\n<meta name=\"twitter:card\" content=\"summary_large_image\" \/>\n<meta name=\"twitter:label1\" content=\"Tiempo de lectura\" \/>\n\t<meta name=\"twitter:data1\" content=\"2 minutos\" \/>\n<!-- \/ Yoast SEO plugin. -->","yoast_head_json":{"title":"Oferta educativa - El viaje de su hijo - ELIS Murcia","description":"Apoyaremos el aprendizaje de su hijo de principio a fin proporcion\u00e1ndole una excelente educaci\u00f3n brit\u00e1nica a nivel acad\u00e9mico y humano.","robots":{"index":"index","follow":"follow","max-snippet":"max-snippet:-1","max-image-preview":"max-image-preview:large","max-video-preview":"max-video-preview:-1"},"canonical":"https:\/\/elismurcia.com\/es\/el-viaje-de-tu-hijo\/","og_locale":"es_ES","og_type":"article","og_title":"Oferta educativa - El viaje de su hijo - ELIS Murcia","og_description":"Apoyaremos el aprendizaje de su hijo de principio a fin proporcion\u00e1ndole una excelente educaci\u00f3n brit\u00e1nica a nivel acad\u00e9mico y humano.","og_url":"https:\/\/elismurcia.com\/es\/el-viaje-de-tu-hijo\/","og_site_name":"ELIS El Limonar International British School Of Murcia","article_modified_time":"2026-01-23T12:57:26+00:00","og_image":[{"width":1240,"height":575,"url":"https:\/\/elismurcia.com\/wp-content\/uploads\/sites\/110\/2024\/11\/LOGO-ELIS-MURCIA-COLOR.jpg","type":"image\/jpeg"}],"twitter_card":"summary_large_image","twitter_misc":{"Tiempo de lectura":"2 minutos"},"schema":{"@context":"https:\/\/schema.org","@graph":[{"@type":"WebPage","@id":"https:\/\/elismurcia.com\/es\/el-viaje-de-tu-hijo\/","url":"https:\/\/elismurcia.com\/es\/el-viaje-de-tu-hijo\/","name":"Oferta educativa - El viaje de su hijo - ELIS Murcia","isPartOf":{"@id":"https:\/\/elismurcia.com\/es\/#website"},"datePublished":"2021-09-15T13:17:56+00:00","dateModified":"2026-01-23T12:57:26+00:00","description":"Apoyaremos el aprendizaje de su hijo de principio a fin proporcion\u00e1ndole una excelente educaci\u00f3n brit\u00e1nica a nivel acad\u00e9mico y humano.","breadcrumb":{"@id":"https:\/\/elismurcia.com\/es\/el-viaje-de-tu-hijo\/#breadcrumb"},"inLanguage":"es","potentialAction":[{"@type":"ReadAction","target":["https:\/\/elismurcia.com\/es\/el-viaje-de-tu-hijo\/"]}]},{"@type":"BreadcrumbList","@id":"https:\/\/elismurcia.com\/es\/el-viaje-de-tu-hijo\/#breadcrumb","itemListElement":[{"@type":"ListItem","position":1,"name":"Home","item":"https:\/\/elismurcia.com\/es\/"},{"@type":"ListItem","position":2,"name":"El viaje de tu hijo"}]},{"@type":"WebSite","@id":"https:\/\/elismurcia.com\/es\/#website","url":"https:\/\/elismurcia.com\/es\/","name":"ELIS El Limonar International British School Of Murcia","description":"ELIS Murcia is part of the Cognita Schools Group","publisher":{"@id":"https:\/\/elismurcia.com\/es\/#organization"},"alternateName":"ELIS Murcia","potentialAction":[{"@type":"SearchAction","target":{"@type":"EntryPoint","urlTemplate":"https:\/\/elismurcia.com\/es\/?s={search_term_string}"},"query-input":{"@type":"PropertyValueSpecification","valueRequired":true,"valueName":"search_term_string"}}],"inLanguage":"es"},{"@type":"Organization","@id":"https:\/\/elismurcia.com\/es\/#organization","name":"El Limonar International British School Murcia","alternateName":"ELIS Murcia","url":"https:\/\/elismurcia.com\/es\/","logo":{"@type":"ImageObject","inLanguage":"es","@id":"https:\/\/elismurcia.com\/es\/#\/schema\/logo\/image\/","url":"https:\/\/elismurcia.com\/wp-content\/uploads\/sites\/110\/2024\/11\/LOGO-ELIS-MURCIA-COLOR.jpg","contentUrl":"https:\/\/elismurcia.com\/wp-content\/uploads\/sites\/110\/2024\/11\/LOGO-ELIS-MURCIA-COLOR.jpg","width":1240,"height":575,"caption":"El Limonar International British School Murcia"},"image":{"@id":"https:\/\/elismurcia.com\/es\/#\/schema\/logo\/image\/"}}]}},"jetpack_sharing_enabled":true,"_links":{"self":[{"href":"https:\/\/elismurcia.com\/es\/wp-json\/wp\/v2\/pages\/72093","targetHints":{"allow":["GET"]}}],"collection":[{"href":"https:\/\/elismurcia.com\/es\/wp-json\/wp\/v2\/pages"}],"about":[{"href":"https:\/\/elismurcia.com\/es\/wp-json\/wp\/v2\/types\/page"}],"author":[{"embeddable":true,"href":"https:\/\/elismurcia.com\/es\/wp-json\/wp\/v2\/users\/390"}],"replies":[{"embeddable":true,"href":"https:\/\/elismurcia.com\/es\/wp-json\/wp\/v2\/comments?post=72093"}],"version-history":[{"count":17,"href":"https:\/\/elismurcia.com\/es\/wp-json\/wp\/v2\/pages\/72093\/revisions"}],"predecessor-version":[{"id":79816,"href":"https:\/\/elismurcia.com\/es\/wp-json\/wp\/v2\/pages\/72093\/revisions\/79816"}],"wp:attachment":[{"href":"https:\/\/elismurcia.com\/es\/wp-json\/wp\/v2\/media?parent=72093"}],"curies":[{"name":"wp","href":"https:\/\/api.w.org\/{rel}","templated":true}]}}