
     {"id":72109,"date":"2023-09-14T05:07:47","date_gmt":"2023-09-14T03:07:47","guid":{"rendered":"https:\/\/elismurcia.com\/our-team\/"},"modified":"2026-08-25T11:56:32","modified_gmt":"2026-08-25T09:56:32","slug":"nuestro-equipo","status":"publish","type":"page","link":"https:\/\/elismurcia.com\/es\/nuestro-equipo\/","title":{"rendered":"Nuestro Equipo"},"content":{"rendered":"<div class=\"wpb-content-wrapper\"><p>[vc_row][vc_column]<section  class=\"bg-video-wrap hero section hero--centertext   \" style='background: url(https:\/\/elismurcia.com\/wp-content\/uploads\/sites\/110\/2023\/10\/ELIS-Murcia-271b.jpg) center ;background-size:cover ;'>\n                <div class=\"bg-overlay\" style='background:#000000;opacity:0.3;'><\/div>\n                <div class=\"overlay\" >\n                  <div class=\"container-fluid\">\n                    <div class=\"row\">\n                      <div class=\"col-md-12 col-lg-12\">\n\n                        <div class=\"caption text-start\"><div class=\"component sub-heading\" >\n                              <h1 class=\"display-h1\">Nuestro Equipo<\/h1>\n                            <\/div><\/div>\n                      <\/div>\n                    <\/div>\n                  <\/div>\n                <\/div>\n              <\/section><div class='row  m-x-0 breadcrumb-wrap ' style=''><div class='container-fluid' >\n                <nav aria-label='breadcrumb'><ol class=\"breadcrumb mt-3\">\n                  <li class=\"breadcrumb-item\"><a href=\"https:\/\/elismurcia.com\/es\/\">Home<\/a><\/li>\n                  <li class=\"breadcrumb-item active\" aria-current=\"page\">Nuestro Equipo<\/li>\n                <\/ol>\n              <\/nav>\n              <\/div>\n            <\/div>[\/vc_column][\/vc_row][vc_row][vc_column]\n            <div class=\"wrapper\">\n    <section  style='background-image: url(https:\/\/elismurcia.com\/wp-content\/uploads\/sites\/110\/2023\/08\/Leaf-header-01-01-01-01-01.png);' class=\"section    container-width   section--withBG \" ><div class=\"bg-overlay\" ><\/div><div class=\"container-fluid\"><div class=\"row    \"><div class=\" col-lg-8 col-md-8      \" ><div class=\"component mb-1 mt-0  radius-bottom-LR \" style='px'><div class=\"sub-heading component\"><h2  class=\"h4  \">ELIS Murcia encarna una comunidad de aprendizaje enriquecedora, liderada por un equipo de profesionales dedicados y apasionados<\/h2><\/div>\n                        <div class=\"sub-heading component \">\n                        <p class=\"body-medium\"><br><b>Conoce a nuestro Equipo Directivo<\/b><\/p>\n                        <\/div><\/div><\/div>\n                    <div class=\"col-lg-4 col-md-4    \"> <\/div>\n             <\/div>\n        <\/div>\n<\/section>\n            <\/div>[\/vc_column][\/vc_row][vc_row css=&#8221;.vc_custom_1696945803759{background-image: url(https:\/\/elismurcia.com\/wp-content\/uploads\/sites\/110\/2023\/08\/gradient-12.png?id=69892) !important;background-position: center !important;background-repeat: no-repeat !important;background-size: cover !important;}&#8221;][vc_column]\n    <section  style='' class=\"section   section--blue     \" ><div class=\"container-fluid\"><div class=\"row    \"><div class=\" col-lg-6 col-md-6      \" ><div class=\"component mb-1 mt-0  radius-bottom-LR \" style='px'><div class=\"sub-heading component\"><h2  class=\"h5  \">Vanessa Grimward<\/h2><\/div><\/div><div class=\"component mb-1 mt-0  radius-bottom-LR \" style='px'><div class=\"sub-heading component\"><h2  class=\"h6  \">Directora Ejecutiva de ELIS Cognita<\/h2><\/div>\n                        <div class=\"sub-heading component \">\n                        <p class=\"body-medium\">Vanessa Grimward fue nombrada Directora Ejecutiva de ELIS Murcia y ELIS Villamart\u00edn en septiembre de 2023, tras haber desempe\u00f1ado anteriormente diversos cargos directivos en ELIS Murcia. Vanessa trabaja estrechamente con los Directores de los colegios ELIS para apoyar el desarrollo estrat\u00e9gico y compartir las mejores pr\u00e1cticas dentro de la comunidad ELIS Cognita. Adem\u00e1s, desde septiembre de 2026, Vanessa asume una nueva responsabilidad, proporcionando orientaci\u00f3n estrat\u00e9gica al nuevo Director de The English Montessori School (TEMS) en Madrid.<br \/>\n<br \/>\nEsta graduada con Matr\u00edcula de Honor por la Universidad de Southampton y posee un M\u00e1ster en Liderazgo Educativo por la Universidad de Buckingham.<br \/>\n<br \/>\nA Vanessa le apasiona garantizar que el personal de sus colegios mantenga unas expectativas elevadas tanto respecto a s\u00ed mismos como a sus alumnos, y que est\u00e9 comprometido con ofrecer una experiencia educativa de la m\u00e1xima calidad a todos los alumnos y familias.<br \/>\n<br \/>\nEs evaluadora acreditada por el Consejo de Colegios Internacionales (CIS) e inspectora cualificada de la Asociaci\u00f3n Nacional de Colegios Brit\u00e1nicos en Espa\u00f1a (NABSS).<\/p>\n                        <\/div><\/div><\/div>\n                    <div class=\"col-lg-6 col-md-6    \"><div class=\"component single-img \"><div class=\"ratio ratio-1x1 callout-img halfcol--img image_overlay_5159\" style=\"background-image: url(https:\/\/elismurcia.com\/wp-content\/uploads\/sites\/110\/2023\/11\/Vanessa-Grimward-20x20-1.jpg);\"><\/div><\/div> <\/div>\n             <\/div>\n        <\/div>\n<\/section>[\/vc_column][\/vc_row][vc_row css=&#8221;.vc_custom_1696946998812{background-image: url(https:\/\/elismurcia.com\/wp-content\/uploads\/sites\/110\/2023\/08\/gradient-9.png?id=68810) !important;background-position: center !important;background-repeat: no-repeat !important;background-size: cover !important;}&#8221;][vc_column]\n    <section  style='' class=\"section   section--blue     \" ><div class=\"container-fluid\"><div class=\"row    \"><div class=\" col-lg-6 col-md-6      \" ><div class=\"component mb-1 mt-0  radius-bottom-LR \" style='px'><div class=\"sub-heading component\"><h2  class=\"h5  \">Lealand Pearce<\/h2><\/div><\/div><div class=\"component mb-1 mt-0  radius-bottom-LR \" style='px'><div class=\"sub-heading component\"><h2  class=\"h6  \">Director<\/h2><\/div>\n                        <div class=\"sub-heading component \">\n                        <p class=\"body-medium\">Lealand Pearce es Director de ELIS Murcia desde septiembre de 2026, liderando la direcci\u00f3n estrat\u00e9gica del colegio y supervisando tanto la excelencia acad\u00e9mica como el desarrollo pastoral.<br \/>\n<br \/>\nAntes de su nombramiento como Director, Lealand desempe\u00f1\u00f3 el cargo de Director de Secundaria y Bachillerato desde agosto de 2023 hasta el verano de 2026, dirigiendo el desarrollo acad\u00e9mico y pastoral del alumnado de Year 7 a Year 13. Se incorpor\u00f3 a ELIS Murcia tras haber sido Deputy Head en Harrow Bangkok y despu\u00e9s de ocupar diversos puestos de liderazgo en prestigiosos colegios independientes del Reino Unido. Adem\u00e1s, preside el comit\u00e9 de educaci\u00f3n de una de las principales instituciones del Reino Unido especializadas en ense\u00f1anza y aprendizaje.<br \/>\n<br \/>\nLealand posee un M\u00e1ster en Liderazgo Educativo por la Universidad de Leicester y un Grado en Log\u00edstica Internacional y Gesti\u00f3n Avanzada de Operaciones. Su firme compromiso con la promoci\u00f3n de la salud mental y las intervenciones especializadas queda reflejado en su labor como formador de la principal organizaci\u00f3n mundial dedicada a la intervenci\u00f3n en casos de riesgo de suicidio.<br \/>\n<\/p>\n                        <\/div><\/div><\/div>\n                    <div class=\"col-lg-6 col-md-6    \"><div class=\"component single-img \"><div class=\"ratio ratio-1x1 callout-img halfcol--img image_overlay_7558\" style=\"background-image: url(https:\/\/elismurcia.com\/wp-content\/uploads\/sites\/110\/2026\/08\/Lealand-Pearce-20x20-1.jpg);\"><\/div><\/div> <\/div>\n             <\/div>\n        <\/div>\n<\/section>[\/vc_column][\/vc_row][vc_row css=&#8221;.vc_custom_1696946628131{background-image: url(https:\/\/elismurcia.com\/wp-content\/uploads\/sites\/110\/2023\/08\/Leaf-header-01-01-01-01.png?id=68451) !important;background-position: center !important;background-repeat: no-repeat !important;background-size: cover !important;}&#8221;][vc_column]\n    <section  style='' class=\"section        \" ><div class=\"container-fluid\"><div class=\"row    \"><div class=\" col-lg-6 col-md-6      \" ><div class=\"component mb-1 mt-0  radius-bottom-LR \" style='px'><div class=\"sub-heading component\"><h2  class=\"h5  \">Mar\u00eda Dios Zetterlind<\/h2><\/div><\/div><div class=\"component mb-1 mt-0  radius-bottom-LR \" style='px'><div class=\"sub-heading component\"><h2  class=\"h6  \">Subdirectora<\/h2><\/div>\n                        <div class=\"sub-heading component \">\n                        <p class=\"body-medium\">Mar\u00eda Dios forma parte de la familia de ELIS Murcia pr\u00e1cticamente desde su fundaci\u00f3n, por lo que su extensa y brillante carrera profesional en el colegio siempre ha estado vinculada a un incuestionable compromiso y dedicaci\u00f3n que le ha permitido asumir numerosas responsabilidades, desde sus inicios como profesora, pasando por su etapa como Directora de Infantil, Directora de Lower School (Infantil y Primaria) y, actualmente, como Subdirectora. <br \/>\n<br \/>\nDesde esos inicios, el colegio ha evolucionado a medida y en consonancia con la sociedad, lo que le ha llevado a interpretar la necesidad de seguir form\u00e1ndose para adquirir nuevas capacidades asociadas a nuevos retos, como asumir el liderazgo y la implantaci\u00f3n de los valores asociados a la Ciudadan\u00eda Global. <br \/>\n<br \/>\nSu capacidad de trabajo y su car\u00e1cter le han granjeado el respeto de toda la comunidad educativa, especialmente con los padres, con los que siempre ha tenido una excepcional y fruct\u00edfera interlocuci\u00f3n en beneficio de las familias y del propio centro. <br \/>\n<br \/>\nMar\u00eda Dios es titulada en Educaci\u00f3n Primaria, especialidad Lengua Extranjera Ingl\u00e9s, M\u00e1ster de Logopedia y Master en Liderazgo Educativo por la Universidad de Buckingham.<\/p>\n                        <\/div><\/div><\/div>\n                    <div class=\"col-lg-6 col-md-6    \"><div class=\"component single-img \"><div class=\"ratio ratio-1x1 callout-img halfcol--img image_overlay_4028\" style=\"background-image: url(https:\/\/elismurcia.com\/wp-content\/uploads\/sites\/110\/2023\/11\/Maria-Dios-20x20-1.jpg);\"><\/div><\/div> <\/div>\n             <\/div>\n        <\/div>\n<\/section>[\/vc_column][\/vc_row][vc_row css=&#8221;.vc_custom_1696946725315{background-image: url(https:\/\/elismurcia.com\/wp-content\/uploads\/sites\/110\/2023\/08\/gradient-8.png?id=68707) !important;background-position: center !important;background-repeat: no-repeat !important;background-size: cover !important;}&#8221;][vc_column]\n    <section  style='' class=\"section   section--blue     \" ><div class=\"container-fluid\"><div class=\"row    \"><div class=\" col-lg-6 col-md-6      \" ><div class=\"component mb-1 mt-0  radius-bottom-LR \" style='px'><div class=\"sub-heading component\"><h2  class=\"h5  \">Yanalie Stevens<\/h2><\/div><\/div><div class=\"component mb-1 mt-0  radius-bottom-LR \" style='px'><div class=\"sub-heading component\"><h2  class=\"h6  \">Directora de Infantil y Primaria<\/h2><\/div>\n                        <div class=\"sub-heading component \">\n                        <p class=\"body-medium\">Yanalie se uni\u00f3 a ELIS Murcia en 2003 y desde entonces ha sido una parte integral de la comunidad educativa del colegio. Su compromiso con la excelencia y su capacidad para inspirar tanto a estudiantes como a colegas le han valido numerosos cargos de liderazgo en ELIS La dedicaci\u00f3n de Yanalie a la educaci\u00f3n se destaca por sus logros acad\u00e9micos. Posee un Certificado de Postgrado en Educaci\u00f3n (PGCE) y un M\u00e1ster en Educaci\u00f3n, ambos obtenidos en la Universidad de Nottingham. A lo largo de los a\u00f1os, Yanalie ha desempe\u00f1ado diversos roles en el centro, comenzando como profesora de cursos desde Year 2 a Year 6. <br \/>\n<br \/>\nLa versatilidad de sus habilidades tambi\u00e9n la ha llevado a asumir importantes responsabilidades, como la coordinaci\u00f3n del departamento de Ingl\u00e9s y ser coordinadora tanto de Key Stage 1 como de Key Stage 2. Esta experiencia multifac\u00e9tica le ha proporcionado una comprensi\u00f3n completa del panorama educativo. Est\u00e1 dedicada a asegurar el crecimiento y el \u00e9xito continuado de Infantil y Primaria.<\/p>\n                        <\/div><\/div><\/div>\n                    <div class=\"col-lg-6 col-md-6    \"><div class=\"component single-img \"><div class=\"ratio ratio-1x1 callout-img halfcol--img image_overlay_5727\" style=\"background-image: url(https:\/\/elismurcia.com\/wp-content\/uploads\/sites\/110\/2023\/11\/Yanalie-Stevens-20x20-1.jpg);\"><\/div><\/div> <\/div>\n             <\/div>\n        <\/div>\n<\/section>[\/vc_column][\/vc_row][vc_row css=&#8221;.vc_custom_1696946839824{background-image: url(https:\/\/elismurcia.com\/wp-content\/uploads\/sites\/110\/2023\/08\/Leaf-header-01-01-01-01.png?id=68451) !important;background-position: center !important;background-repeat: no-repeat !important;background-size: cover !important;}&#8221;][vc_column]\n    <section  style='' class=\"section        \" ><div class=\"container-fluid\"><div class=\"row    \"><div class=\" col-lg-6 col-md-6      \" ><div class=\"component mb-1 mt-0  radius-bottom-LR \" style='px'><div class=\"sub-heading component\"><h2  class=\"h5  \">Stefania Pimblett<\/h2><\/div><\/div><div class=\"component mb-1 mt-0  radius-bottom-LR \" style='px'><div class=\"sub-heading component\"><h2  class=\"h6  \">Directora Interina de Secundaria y Bachillerato<\/h2><\/div>\n                        <div class=\"sub-heading component \">\n                        <p class=\"body-medium\">Stefania ocupa el cargo de Directora Interina de Secundaria y Bachillerato desde septiembre de 2026, funci\u00f3n que desempe\u00f1a adem\u00e1s de sus responsabilidades como Responsable de Protecci\u00f3n y Bienestar del y Coordinadora de Necesidades Educativas Especiales del colegio.<br \/>\n<br \/>\nAport\u00f3 una amplia experiencia al incorporarse al centro, tras haber trabajado tanto en el Reino Unido como en Oriente Medio. Es una referente en el \u00e1mbito del apoyo e intervenci\u00f3n avanzada al alumnado, siempre dispuesta a ayudar tanto al personal como a los estudiantes.<br \/>\n<br \/>\nStefania posee un M\u00e1ster en Necesidades Educativas Especiales y Discapacidad, que incluye la cualificaci\u00f3n NASENCO (Cualificaci\u00f3n Nacional para Coordinadores de Necesidades Educativas Especiales).<br \/>\nSu dedicaci\u00f3n y experiencia la convierten en un miembro de enorme valor para la comunidad educativa, velando por la seguridad y el bienestar de todos los alumnos.<\/p>\n                        <\/div><\/div><\/div>\n                    <div class=\"col-lg-6 col-md-6    \"><div class=\"component single-img \"><div class=\"ratio ratio-1x1 callout-img halfcol--img image_overlay_8355\" style=\"background-image: url(https:\/\/elismurcia.com\/wp-content\/uploads\/sites\/110\/2026\/08\/Stefania-Pimblett-cuadrada.jpg);\"><\/div><\/div> <\/div>\n             <\/div>\n        <\/div>\n<\/section>[\/vc_column][\/vc_row][vc_row css=&#8221;.vc_custom_1696946998812{background-image: url(https:\/\/elismurcia.com\/wp-content\/uploads\/sites\/110\/2023\/08\/gradient-9.png?id=68810) !important;background-position: center !important;background-repeat: no-repeat !important;background-size: cover !important;}&#8221;][vc_column]\n    <section  style='' class=\"section   section--blue     \" ><div class=\"container-fluid\"><div class=\"row    \"><div class=\" col-lg-6 col-md-6      \" ><div class=\"component mb-1 mt-0  radius-bottom-LR \" style='px'><div class=\"sub-heading component\"><h2  class=\"h5  \">Jose Antonio Garc\u00eda<\/h2><\/div><\/div><div class=\"component mb-1 mt-0  radius-bottom-LR \" style='px'><div class=\"sub-heading component\"><h2  class=\"h6  \">Business Manager<\/h2><\/div>\n                        <div class=\"sub-heading component \">\n                        <p class=\"body-medium\">Con una licenciatura en Administraci\u00f3n y Direcci\u00f3n de Empresas, comenz\u00f3 a trabajar en El Limonar International School Murcia en 2008, coincidiendo con la adquisici\u00f3n del colegio por parte del Grupo Cognita. Anteriormente, desempe\u00f1\u00f3 roles en Control y Gesti\u00f3n en diversos sectores, incluyendo construcci\u00f3n, la industria qu\u00edmica y recursos humanos.<br \/>\n<br \/>\nTrabajar en El Limonar International School Murcia le ha brindado la oportunidad de aprender sobre el sector educativo, un sector de gran importancia en nuestras vidas, y durante estos a\u00f1os ha desarrollado su carrera con gran \u00e9xito y satisfacci\u00f3n. <br \/>\n<br \/>\nJunto con el resto del Equipo Directivo, trabaja sin descanso para lograr mejoras constantes en la oferta del colegio, permitiendo que nuestros estudiantes disfruten de las mejores instalaciones y la tecnolog\u00eda m\u00e1s avanzada en su experiencia educativa.<\/p>\n                        <\/div><\/div><\/div>\n                    <div class=\"col-lg-6 col-md-6    \"><div class=\"component single-img \"><div class=\"ratio ratio-1x1 callout-img halfcol--img image_overlay_5900\" style=\"background-image: url(https:\/\/elismurcia.com\/wp-content\/uploads\/sites\/110\/2023\/11\/Jose-Antonio-Garcia-20x20-1.jpg);\"><\/div><\/div> <\/div>\n             <\/div>\n        <\/div>\n<\/section>[\/vc_column][\/vc_row][vc_row][vc_column]<section class=\"section section--blue bottom-step TopBottomBorder   \" style=\"background-image: url('https:\/\/elismurcia.com\/wp-content\/uploads\/sites\/110\/2025\/11\/ELIS-Murcia-Oct25-646-e1763473085267.jpg');;;\"><style>.bottom-step.section--blue:before {background: rgba(106,157,65,0.8);}<\/style><div class=\"container-fluid\"><div class=\"row\"><div class=\"col-sm-12\"><div class=\"component title\"><p class=\"body-small\">Ponte en Contacto<\/p><\/div><\/div><\/div><div class=\"row\"><div class=\"col-md-4\"><div class=\"component linkcard \">\n                                <a class=\"card card--bordered\" href=\"\/es\/haz-una-consulta\/\">\n                                    <div class=\"card-body d-flex align-items-center\">\n                                    <div> <div class=\"component link\">\n                                            <div  class=\"btn btn-link simple-link h5\">Haz una Consulta<\/div>\n                                        <\/div><\/div><\/div><\/a><\/div><\/div><div class=\"col-md-4\"><div class=\"component linkcard \">\n                                <a class=\"card card--bordered\" href=\"\/es\/solicita-una-visita-privada\/\">\n                                    <div class=\"card-body d-flex align-items-center\">\n                                    <div> <div class=\"component link\">\n                                            <div  class=\"btn btn-link simple-link h5\">Solicita una Visita Privada<\/div>\n                                        <\/div><\/div><\/div><\/a><\/div><\/div><div class=\"col-md-4\"><div class=\"component linkcard \">\n                                <a class=\"card card--bordered\" href=\"\/es\/reserva-un-jornada-de-puertas-abiertas\/\">\n                                    <div class=\"card-body d-flex align-items-center\">\n                                    <div> <div class=\"component link\">\n                                            <div  class=\"btn btn-link simple-link h5\">Ven a un D\u00eda de Puertas Abiertas<\/div>\n                                        <\/div><\/div><\/div><\/a><\/div><\/div><\/div><\/section>[\/vc_column][\/vc_row]<\/p>\n<\/div>","protected":false},"excerpt":{"rendered":"<p>[vc_row][vc_column][\/vc_column][\/vc_row][vc_row][vc_column][\/vc_column][\/vc_row][vc_row css=&#8221;.vc_custom_1696945803759{background-image: url(https:\/\/elismurcia.com\/wp-content\/uploads\/sites\/110\/2023\/08\/gradient-12.png?id=69892) !important;background-position: center !important;background-repeat: no-repeat !important;background-size: cover !important;}&#8221;][vc_column][\/vc_column][\/vc_row][vc_row css=&#8221;.vc_custom_1696946998812{background-image: url(https:\/\/elismurcia.com\/wp-content\/uploads\/sites\/110\/2023\/08\/gradient-9.png?id=68810) !important;background-position: center !important;background-repeat: no-repeat !important;background-size: cover !important;}&#8221;][vc_column][\/vc_column][\/vc_row][vc_row css=&#8221;.vc_custom_1696946628131{background-image: url(https:\/\/elismurcia.com\/wp-content\/uploads\/sites\/110\/2023\/08\/Leaf-header-01-01-01-01.png?id=68451) !important;background-position: center !important;background-repeat: no-repeat !important;background-size: cover !important;}&#8221;][vc_column][\/vc_column][\/vc_row][vc_row css=&#8221;.vc_custom_1696946725315{background-image: url(https:\/\/elismurcia.com\/wp-content\/uploads\/sites\/110\/2023\/08\/gradient-8.png?id=68707) !important;background-position: center !important;background-repeat: no-repeat !important;background-size: cover !important;}&#8221;][vc_column][\/vc_column][\/vc_row][vc_row css=&#8221;.vc_custom_1696946839824{background-image: url(https:\/\/elismurcia.com\/wp-content\/uploads\/sites\/110\/2023\/08\/Leaf-header-01-01-01-01.png?id=68451) !important;background-position: center !important;background-repeat: no-repeat !important;background-size: cover !important;}&#8221;][vc_column][\/vc_column][\/vc_row][vc_row css=&#8221;.vc_custom_1696946998812{background-image: url(https:\/\/elismurcia.com\/wp-content\/uploads\/sites\/110\/2023\/08\/gradient-9.png?id=68810) !important;background-position: center !important;background-repeat: no-repeat !important;background-size: cover !important;}&#8221;][vc_column][\/vc_column][\/vc_row][vc_row][vc_column][\/vc_column][\/vc_row]<\/p>\n","protected":false},"author":441,"featured_media":0,"parent":0,"menu_order":0,"comment_status":"closed","ping_status":"closed","template":"","meta":{"_acf_changed":false,"footnotes":""},"class_list":["post-72109","page","type-page","status-publish","hentry"],"acf":[],"yoast_head":"<!-- This site is optimized with the Yoast SEO plugin v28.3 - https:\/\/yoast.com\/product\/yoast-seo-wordpress\/ -->\n<title>Nuestro Equipo - ELIS El Limonar International British School Of Murcia<\/title>\n<meta name=\"robots\" content=\"index, follow, max-snippet:-1, max-image-preview:large, max-video-preview:-1\" \/>\n<link rel=\"canonical\" href=\"https:\/\/elismurcia.com\/es\/nuestro-equipo\/\" \/>\n<meta property=\"og:locale\" content=\"es_ES\" \/>\n<meta property=\"og:type\" content=\"article\" \/>\n<meta property=\"og:title\" content=\"Nuestro Equipo - ELIS El Limonar International British School Of Murcia\" \/>\n<meta property=\"og:description\" content=\"[vc_row][vc_column][\/vc_column][\/vc_row][vc_row][vc_column][\/vc_column][\/vc_row][vc_row css=&#8221;.vc_custom_1696945803759{background-image: url(https:\/\/elismurcia.com\/wp-content\/uploads\/sites\/110\/2023\/08\/gradient-12.png?id=69892) !important;background-position: center !important;background-repeat: no-repeat !important;background-size: cover !important;}&#8221;][vc_column][\/vc_column][\/vc_row][vc_row css=&#8221;.vc_custom_1696946998812{background-image: url(https:\/\/elismurcia.com\/wp-content\/uploads\/sites\/110\/2023\/08\/gradient-9.png?id=68810) !important;background-position: center !important;background-repeat: no-repeat !important;background-size: cover !important;}&#8221;][vc_column][\/vc_column][\/vc_row][vc_row css=&#8221;.vc_custom_1696946628131{background-image: url(https:\/\/elismurcia.com\/wp-content\/uploads\/sites\/110\/2023\/08\/Leaf-header-01-01-01-01.png?id=68451) !important;background-position: center !important;background-repeat: no-repeat !important;background-size: cover !important;}&#8221;][vc_column][\/vc_column][\/vc_row][vc_row css=&#8221;.vc_custom_1696946725315{background-image: url(https:\/\/elismurcia.com\/wp-content\/uploads\/sites\/110\/2023\/08\/gradient-8.png?id=68707) !important;background-position: center !important;background-repeat: no-repeat !important;background-size: cover !important;}&#8221;][vc_column][\/vc_column][\/vc_row][vc_row css=&#8221;.vc_custom_1696946839824{background-image: url(https:\/\/elismurcia.com\/wp-content\/uploads\/sites\/110\/2023\/08\/Leaf-header-01-01-01-01.png?id=68451) !important;background-position: center !important;background-repeat: no-repeat !important;background-size: cover !important;}&#8221;][vc_column][\/vc_column][\/vc_row][vc_row css=&#8221;.vc_custom_1696946998812{background-image: url(https:\/\/elismurcia.com\/wp-content\/uploads\/sites\/110\/2023\/08\/gradient-9.png?id=68810) !important;background-position: center !important;background-repeat: no-repeat !important;background-size: cover !important;}&#8221;][vc_column][\/vc_column][\/vc_row][vc_row][vc_column][\/vc_column][\/vc_row]\" \/>\n<meta property=\"og:url\" content=\"https:\/\/elismurcia.com\/es\/nuestro-equipo\/\" \/>\n<meta property=\"og:site_name\" content=\"ELIS El Limonar International British School Of Murcia\" \/>\n<meta property=\"article:modified_time\" content=\"2026-08-25T09:56:32+00:00\" \/>\n<meta property=\"og:image\" content=\"https:\/\/elismurcia.com\/wp-content\/uploads\/sites\/110\/2024\/11\/LOGO-ELIS-MURCIA-COLOR.jpg\" \/>\n\t<meta property=\"og:image:width\" content=\"1240\" \/>\n\t<meta property=\"og:image:height\" content=\"575\" \/>\n\t<meta property=\"og:image:type\" content=\"image\/jpeg\" \/>\n<meta name=\"twitter:card\" content=\"summary_large_image\" \/>\n<meta name=\"twitter:label1\" content=\"Tiempo de lectura\" \/>\n\t<meta name=\"twitter:data1\" content=\"1 minuto\" \/>\n<!-- \/ Yoast SEO plugin. -->","yoast_head_json":{"title":"Nuestro Equipo - ELIS El Limonar International British School Of Murcia","robots":{"index":"index","follow":"follow","max-snippet":"max-snippet:-1","max-image-preview":"max-image-preview:large","max-video-preview":"max-video-preview:-1"},"canonical":"https:\/\/elismurcia.com\/es\/nuestro-equipo\/","og_locale":"es_ES","og_type":"article","og_title":"Nuestro Equipo - ELIS El Limonar International British School Of Murcia","og_description":"[vc_row][vc_column][\/vc_column][\/vc_row][vc_row][vc_column][\/vc_column][\/vc_row][vc_row css=&#8221;.vc_custom_1696945803759{background-image: url(https:\/\/elismurcia.com\/wp-content\/uploads\/sites\/110\/2023\/08\/gradient-12.png?id=69892) !important;background-position: center !important;background-repeat: no-repeat !important;background-size: cover !important;}&#8221;][vc_column][\/vc_column][\/vc_row][vc_row css=&#8221;.vc_custom_1696946998812{background-image: url(https:\/\/elismurcia.com\/wp-content\/uploads\/sites\/110\/2023\/08\/gradient-9.png?id=68810) !important;background-position: center !important;background-repeat: no-repeat !important;background-size: cover !important;}&#8221;][vc_column][\/vc_column][\/vc_row][vc_row css=&#8221;.vc_custom_1696946628131{background-image: url(https:\/\/elismurcia.com\/wp-content\/uploads\/sites\/110\/2023\/08\/Leaf-header-01-01-01-01.png?id=68451) !important;background-position: center !important;background-repeat: no-repeat !important;background-size: cover !important;}&#8221;][vc_column][\/vc_column][\/vc_row][vc_row css=&#8221;.vc_custom_1696946725315{background-image: url(https:\/\/elismurcia.com\/wp-content\/uploads\/sites\/110\/2023\/08\/gradient-8.png?id=68707) !important;background-position: center !important;background-repeat: no-repeat !important;background-size: cover !important;}&#8221;][vc_column][\/vc_column][\/vc_row][vc_row css=&#8221;.vc_custom_1696946839824{background-image: url(https:\/\/elismurcia.com\/wp-content\/uploads\/sites\/110\/2023\/08\/Leaf-header-01-01-01-01.png?id=68451) !important;background-position: center !important;background-repeat: no-repeat !important;background-size: cover !important;}&#8221;][vc_column][\/vc_column][\/vc_row][vc_row css=&#8221;.vc_custom_1696946998812{background-image: url(https:\/\/elismurcia.com\/wp-content\/uploads\/sites\/110\/2023\/08\/gradient-9.png?id=68810) !important;background-position: center !important;background-repeat: no-repeat !important;background-size: cover !important;}&#8221;][vc_column][\/vc_column][\/vc_row][vc_row][vc_column][\/vc_column][\/vc_row]","og_url":"https:\/\/elismurcia.com\/es\/nuestro-equipo\/","og_site_name":"ELIS El Limonar International British School Of Murcia","article_modified_time":"2026-08-25T09:56:32+00:00","og_image":[{"width":1240,"height":575,"url":"https:\/\/elismurcia.com\/wp-content\/uploads\/sites\/110\/2024\/11\/LOGO-ELIS-MURCIA-COLOR.jpg","type":"image\/jpeg"}],"twitter_card":"summary_large_image","twitter_misc":{"Tiempo de lectura":"1 minuto"},"schema":{"@context":"https:\/\/schema.org","@graph":[{"@type":"WebPage","@id":"https:\/\/elismurcia.com\/es\/nuestro-equipo\/","url":"https:\/\/elismurcia.com\/es\/nuestro-equipo\/","name":"Nuestro Equipo - ELIS El Limonar International British School Of Murcia","isPartOf":{"@id":"https:\/\/elismurcia.com\/es\/#website"},"datePublished":"2023-09-14T03:07:47+00:00","dateModified":"2026-08-25T09:56:32+00:00","breadcrumb":{"@id":"https:\/\/elismurcia.com\/es\/nuestro-equipo\/#breadcrumb"},"inLanguage":"es","potentialAction":[{"@type":"ReadAction","target":["https:\/\/elismurcia.com\/es\/nuestro-equipo\/"]}]},{"@type":"BreadcrumbList","@id":"https:\/\/elismurcia.com\/es\/nuestro-equipo\/#breadcrumb","itemListElement":[{"@type":"ListItem","position":1,"name":"Home","item":"https:\/\/elismurcia.com\/es\/"},{"@type":"ListItem","position":2,"name":"Nuestro Equipo"}]},{"@type":"WebSite","@id":"https:\/\/elismurcia.com\/es\/#website","url":"https:\/\/elismurcia.com\/es\/","name":"ELIS El Limonar International British School Of Murcia","description":"ELIS Murcia is part of the Cognita Schools Group","publisher":{"@id":"https:\/\/elismurcia.com\/es\/#organization"},"alternateName":"ELIS Murcia","potentialAction":[{"@type":"SearchAction","target":{"@type":"EntryPoint","urlTemplate":"https:\/\/elismurcia.com\/es\/?s={search_term_string}"},"query-input":{"@type":"PropertyValueSpecification","valueRequired":true,"valueName":"search_term_string"}}],"inLanguage":"es"},{"@type":"Organization","@id":"https:\/\/elismurcia.com\/es\/#organization","name":"El Limonar International British School Murcia","alternateName":"ELIS Murcia","url":"https:\/\/elismurcia.com\/es\/","logo":{"@type":"ImageObject","inLanguage":"es","@id":"https:\/\/elismurcia.com\/es\/#\/schema\/logo\/image\/","url":"https:\/\/elismurcia.com\/wp-content\/uploads\/sites\/110\/2024\/11\/LOGO-ELIS-MURCIA-COLOR.jpg","contentUrl":"https:\/\/elismurcia.com\/wp-content\/uploads\/sites\/110\/2024\/11\/LOGO-ELIS-MURCIA-COLOR.jpg","width":1240,"height":575,"caption":"El Limonar International British School Murcia"},"image":{"@id":"https:\/\/elismurcia.com\/es\/#\/schema\/logo\/image\/"}}]}},"jetpack_sharing_enabled":true,"_links":{"self":[{"href":"https:\/\/elismurcia.com\/es\/wp-json\/wp\/v2\/pages\/72109","targetHints":{"allow":["GET"]}}],"collection":[{"href":"https:\/\/elismurcia.com\/es\/wp-json\/wp\/v2\/pages"}],"about":[{"href":"https:\/\/elismurcia.com\/es\/wp-json\/wp\/v2\/types\/page"}],"author":[{"embeddable":true,"href":"https:\/\/elismurcia.com\/es\/wp-json\/wp\/v2\/users\/441"}],"replies":[{"embeddable":true,"href":"https:\/\/elismurcia.com\/es\/wp-json\/wp\/v2\/comments?post=72109"}],"version-history":[{"count":31,"href":"https:\/\/elismurcia.com\/es\/wp-json\/wp\/v2\/pages\/72109\/revisions"}],"predecessor-version":[{"id":80981,"href":"https:\/\/elismurcia.com\/es\/wp-json\/wp\/v2\/pages\/72109\/revisions\/80981"}],"wp:attachment":[{"href":"https:\/\/elismurcia.com\/es\/wp-json\/wp\/v2\/media?parent=72109"}],"curies":[{"name":"wp","href":"https:\/\/api.w.org\/{rel}","templated":true}]}}