
     {"id":72329,"date":"2023-09-14T09:09:36","date_gmt":"2023-09-14T09:09:36","guid":{"rendered":"https:\/\/elismurcia.com\/alba-nicolas-alumnus-of-the-second-term-1819\/"},"modified":"2023-09-26T13:50:36","modified_gmt":"2023-09-26T13:50:36","slug":"alumnus-del-ano-alba-nicolas-alumnus-del-segundo-trimestre-1819","status":"publish","type":"page","link":"https:\/\/elismurcia.com\/es\/alumnus-year\/alumnus-del-ano-alba-nicolas-alumnus-del-segundo-trimestre-1819\/","title":{"rendered":"Alba Nicol\u00e1s, Alumnus del Segundo Trimestre 2018-19"},"content":{"rendered":"<div class=\"wpb-content-wrapper\"><p>[vc_row][vc_column]<section  class=\"bg-video-wrap hero section hero--centertext   \" style='background: url(https:\/\/elismurcia.com\/wp-content\/uploads\/sites\/110\/2023\/08\/gradient-12.png) center ;background-size:cover ;'>\n                <div class=\"bg-overlay\" ><\/div>\n                <div class=\"overlay\" >\n                  <div class=\"container-fluid\">\n                    <div class=\"row\">\n                      <div class=\"col-md-12 col-lg-12\">\n\n                        <div class=\"caption text-start\"><div class=\"component sub-heading\" >\n                              <h1 class=\"display-h1\"><\/p>\n<h3>Alumnus del Segundo Trimestre 2018-19<\/h3>\n<p><\/h1>\n                            <\/div><\/div>\n                      <\/div>\n                    <\/div>\n                  <\/div>\n                <\/div>\n              <\/section><div class='row  m-x-0 breadcrumb-wrap ' style=''><div class='container-fluid' >\n                <nav aria-label='breadcrumb'><ol class=\"breadcrumb mt-3\">\n                  <li class=\"breadcrumb-item\"><a href=\"https:\/\/elismurcia.com\/es\/\">Home<\/a><\/li>\n                  <li class=\"breadcrumb-item active\" aria-current=\"page\"><a href=\"https:\/\/elismurcia.com\/es\/alumnus-year\/\">Alumni de ELIS Murcia<\/a><\/li>\n                  <li class=\"breadcrumb-item active\" aria-current=\"page\">Alba Nicol\u00e1s, Alumnus del Segundo Trimestre 2018-19<\/li>\n                <\/ol>\n              <\/nav>\n              <\/div>\n            <\/div>[\/vc_column][\/vc_row][vc_row][vc_column]\n            <div class=\"wrapper\">\n    <section  style='' class=\"section    container-width    \" ><div class=\"container-fluid\"><div class=\"row    \"><div class=\" col-lg-6 col-md-6      \" ><div class=\"component mb-1 mt-0  radius-bottom-LR \" style='px'><div class=\"sub-heading component\"><h2  class=\"h5  \">Alba Nicol\u00e1s<\/h2><\/div>\n                        <div class=\"sub-heading component \">\n                        <p class=\"body-medium\">Alba Nicol\u00e1s Boluda, murciana de nacimiento, es un aut\u00e9ntico \u2018limoncito\u2019 tras pasar 15 a\u00f1os con nosotros. Siempre se ha caracterizado por su faceta colaboradora dentro y fuera del aula. No s\u00f3lo mostr\u00f3 una actitud y comportamiento ejemplares en ELIS Murcia, sino que fue una alumna brillante que consigui\u00f3 altos resultados acad\u00e9micos que le permitieron cursar Biotecnolog\u00eda en la Universidad Polit\u00e9cnica de Valencia. Despu\u00e9s sigui\u00f3 form\u00e1ndose en Par\u00eds y Alemania y actualmente vive, trabaja y realiza sus estudios de doctorado en Par\u00eds, donde est\u00e1 realizando su tesis doctoral en Oncoinmunolog\u00eda y Nanomedicina.<br \/>\n<br \/>\nTodo un modelo a seguir por su esfuerzo e implicaci\u00f3n, y por personificar los valores de ELIS Murcia.<\/p>\n                        <\/div><\/div><\/div>\n                    <div class=\"col-lg-6 col-md-6    \"><div class=\"component single-img \"><div class=\"ratio ratio-16x9 callout-img halfcol--img image_overlay_1763\" style=\"background-image: url(https:\/\/elismurcia.com\/wp-content\/uploads\/sites\/110\/2023\/09\/Foto-Alba.png);\"><\/div><\/div> <\/div>\n             <\/div>\n        <\/div>\n<\/section>\n            <\/div>\n    <section  style='background-image: url(https:\/\/elismurcia.com\/wp-content\/uploads\/sites\/110\/2023\/08\/gradient-12.png);' class=\"section   section--blue    section--withBG \" ><div class=\"bg-overlay\" ><\/div><div class=\"container-fluid\"><div class=\"row    \"><div class=\" col-lg-8 col-md-8      \" ><div class=\"component   radius-bottom-LR \" style='px'><div class=\"sub-heading component\"><h2  class=\"h6  \">Alba, \u00bfpodr\u00edas contarnos c\u00f3mo surgi\u00f3 irte a Par\u00eds?<\/h2><\/div>\n                        <div class=\"sub-heading component \">\n                        <p class=\"body-medium\">En 2014 me mud\u00e9 a Paris para realizar un M\u00e1ster en Ingenier\u00eda Biom\u00e9dica, especializ\u00e1ndome en el \u00faltimo a\u00f1o en Biomateriales. Fu\u00e9 todo una aventura porque yo no sab\u00eda ni una palabra de franc\u00e9s cuando me fu\u00ed (en el colegio di alem\u00e1n). Durante este periodo tambi\u00e9n realic\u00e9 une estancia en Heidelberg, en Alemania donde estuve trabajando en el prestigioso European Molecular Biology Laboratory.<\/p>\n                        <\/div><\/div><\/div>\n                    <div class=\"col-lg-4 col-md-4    \"> <\/div>\n             <\/div>\n        <\/div>\n<\/section>\n    <section  style='background-image: url(https:\/\/elismurcia.com\/wp-content\/uploads\/sites\/110\/2023\/08\/Leaf-header-01-01-01.png);' class=\"section       section--withBG \" ><div class=\"bg-overlay\" ><\/div><div class=\"container-fluid\"><div class=\"row    \"><div class=\" col-lg-8 col-md-8      \" ><div class=\"component mb-1 mt-0  radius-bottom-LR \" style='px'><div class=\"sub-heading component\"><h2  class=\"h6  \">\u00bfY c\u00f3mo es tu trabajo exactamente?<br>\u00bfQu\u00e9 es lo que m\u00e1s te llama la atenci\u00f3n de \u00e9l?<\/h2><\/div>\n                        <div class=\"sub-heading component \">\n                        <p class=\"body-medium\">Actualmente vivo en Par\u00eds, donde estoy realizando un doctorado en oncoinmunolog\u00eda y nanomedicina. El objetivo principal de mi proyecto es buscar maneras de modular la matriz extracelular del tumor para mejorar la migraci\u00f3n de los linfocitos T. Es una estrategia para mejorar y potenciar el efecto de las inmunoterapias.<\/p>\n                        <\/div><\/div><\/div>\n                    <div class=\"col-lg-4 col-md-4    \"> <\/div>\n             <\/div>\n        <\/div>\n<\/section>\n    <section  style='background-image: url(https:\/\/elismurcia.com\/wp-content\/uploads\/sites\/110\/2023\/08\/gradient-12.png);' class=\"section   section--blue    section--withBG \" ><div class=\"bg-overlay\" ><\/div><div class=\"container-fluid\"><div class=\"row    \"><div class=\" col-lg-8 col-md-8      \" ><div class=\"component mb-1 mt-0  radius-bottom-LR \" style='px'><div class=\"sub-heading component\"><h2  class=\"h6  \">\u00bfEn qu\u00e9 medida crees que tu formaci\u00f3n en ELIS ha facilitado tu actual vida profesional?<\/h2><\/div>\n                        <div class=\"sub-heading component \">\n                        <p class=\"body-medium\">Considero que una de las cosas que m\u00e1s me ha aportado ELIS, aparte del ingl\u00e9s, claro, has sido el car\u00e1cter internacional. Desde que termin\u00e9 ELIS he tenido la oportunidad de vivir en diferentes pa\u00edses: Austria, Alemania y Francia, y me he dado cuenta que he conseguido adaptarme muy bien, y pienso que es porque como he crecido en ELIS, en un entorno internacional. Vivir fuera de casa en otro pa\u00eds no me ha supuesto ninguno trauma\/esfuerzo.<\/p>\n                        <\/div><\/div><\/div>\n                    <div class=\"col-lg-4 col-md-4    \"> <\/div>\n             <\/div>\n        <\/div>\n<\/section>\n    <section  style='background-image: url(https:\/\/elismurcia.com\/wp-content\/uploads\/sites\/110\/2023\/08\/Leaf-header-01-01-01.png);' class=\"section       section--withBG \" ><div class=\"bg-overlay\" ><\/div><div class=\"container-fluid\"><div class=\"row    \"><div class=\" col-lg-8 col-md-8      \" ><div class=\"component mb-1 mt-0  radius-bottom-LR \" style='px'><div class=\"sub-heading component\"><h2  class=\"h6  \">\u00bfY tu tiempo libre?<br>\u00a1Cu\u00e9ntanos qu\u00e9 te gusta hacer para pasarlo en grande!<\/h2><\/div>\n                        <div class=\"sub-heading component \">\n                        <p class=\"body-medium\">Pues mi hobby principal es viajar, me encanta. Hasta ahora he tenido la suerte de visitar muchos pa\u00edses. Tambi\u00e9n me gusta mucho el cine y el teatro.<\/p>\n                        <\/div><\/div><\/div>\n                    <div class=\"col-lg-4 col-md-4    \"> <\/div>\n             <\/div>\n        <\/div>\n<\/section>\n    <section  style='background-image: url(https:\/\/elismurcia.com\/wp-content\/uploads\/sites\/110\/2023\/08\/gradient-12.png);' class=\"section   section--blue    section--withBG \" ><div class=\"bg-overlay\" ><\/div><div class=\"container-fluid\"><div class=\"row    \"><div class=\" col-lg-8 col-md-8      \" ><div class=\"component mb-1 mt-0  radius-bottom-LR \" style='px'><div class=\"sub-heading component\"><h2  class=\"h6  \">Para terminar, \u00bfc\u00f3mo te ves dentro de unos a\u00f1os?<\/h2><\/div>\n                        <div class=\"sub-heading component \">\n                        <p class=\"body-medium\">Una vez termine el doctorado (al final de este a\u00f1o si todo va bien) me gustar\u00eda incorporarme en una empresa privada tipo biotech o farmac\u00e9utica. Me gustar\u00eda trabajar en el mundo de la innovaci\u00f3n como Project manager o algo por el estilo, pero quien sabe lo que depara el futuro\u2026<\/p>\n                        <\/div><\/div><\/div>\n                    <div class=\"col-lg-4 col-md-4    \"> <\/div>\n             <\/div>\n        <\/div>\n<\/section>[\/vc_column][\/vc_row][vc_row css=&#8221;.vc_custom_1695616693891{margin-top: 5px !important;background-image: url(https:\/\/elismurcia.com\/wp-content\/uploads\/sites\/110\/2023\/08\/gradient-12.png?id=69892) !important;background-position: center !important;background-repeat: no-repeat !important;background-size: cover !important;}&#8221;][vc_column]<div class=\"wrapper  wpb_animate_when_almost_visible wpb_fadeInUp fadeInUp\" ><section  id=\"your-childs-journey\"  class=\"section container-width   section--blue \" style='background-color:#6a9d41;'>\n    <div class=\"container-fluid \">\n        <div class=\"row m-0 centerText\">\n            \n<div class=\"col-sm-12 col-md-12 col-lg-10 col-xl-8 mx-auto\">       <div class=\"component\">\n                    <h3 class=\"h5\">Inicia una experiencia de aprendizaje \u00fanica\n                    <\/h3>\n                <\/div>     <\/div><div class=\"col-sm-12 col-md-7 col-lg-6 col-xl-5 mx-auto\">       <div class=\"component mt-3\">\n                    <div class=\"body-large\"><\/p>\n<p style=\"text-align: center\">Descubre el enriquecedor viaje educativo que espera a tu hijo en las diferentes etapas de El Limonar International School Murcia.<\/p>\n<p><\/div>\n                <\/div>        <div class=\"component link\"><div class=\"component link\"><a href=\"\/es\/el-viaje-de-tu-hijo\/\" class=\" btn btn-primary btn-primary--border\">El viaje de tu hijo<\/a><\/div><\/div>\n            <\/div>\n        <\/div>\n    <\/div>\n<\/section><section class=\"section cards--section pt-0 container-width  section--blue \" style='background-color:#6a9d41;'>\n                <div class=\"container-fluid \">\n                    <div class=\"row m-0\"><div class=\"col-sm-12 col-md-6 col-lg-6\">\n                            <div class=\"card horizontal--card horizontal--card-sm img--100 mb-3\">\n                                <div class=\"row m-0 g-0\">                         <div class=\"col-5 col-md-5 col-lg-5\">\n                                    <div class=\"thumbnail_img_overlay_2050\"> <img decoding=\"async\" src=\"https:\/\/elismurcia.com\/wp-content\/uploads\/sites\/110\/2023\/08\/ELIS-Murcia-015.jpg\" class=\"img-fluid rounded-start\" alt=\"...\"><\/div>\n                                  <\/div>                        <div class=\"col-7 col-md-7 col-lg-7\">\n                                    <div class=\"card-body\">\n                                        <div class=\"component\" data-bs-toggle=\"modal\" data-bs-target=\"#classmodal9740\">\n                                           <a href=\"\" class=\"body-large-bold\">Infantil<\/a>\n                                        <\/div>\n                                        <div class=\"component m-0\"><p class=\"p\">3 - 5 a\u00f1os<\/p><\/div>                              <div class=\"modal-overlay sm--modal link\" data-bs-toggle=\"modal\" data-bs-target=\"#classmodal9740\">\n                                            <button class=\"btn btn-link\" title=\"Student journey popup link\"><i class=\"fa fa-plus\"><\/i><\/button>\n                                        <\/div>                           <\/div>\n                                  <\/div>\n                                <\/div>\n                            <\/div>\n                        <\/div><div class=\"col-sm-12 col-md-6 col-lg-6\">\n                            <div class=\"card horizontal--card horizontal--card-sm img--100 mb-3\">\n                                <div class=\"row m-0 g-0\">                         <div class=\"col-5 col-md-5 col-lg-5\">\n                                    <div class=\"thumbnail_img_overlay_1345\"> <img decoding=\"async\" src=\"https:\/\/elismurcia.com\/wp-content\/uploads\/sites\/110\/2023\/08\/ELIS-Murcia-162-e1693574633742.jpg\" class=\"img-fluid rounded-start\" alt=\"...\"><\/div>\n                                  <\/div>                        <div class=\"col-7 col-md-7 col-lg-7\">\n                                    <div class=\"card-body\">\n                                        <div class=\"component\" data-bs-toggle=\"modal\" data-bs-target=\"#classmodal4213\">\n                                           <a href=\"\" class=\"body-large-bold\">Primaria<\/a>\n                                        <\/div>\n                                        <div class=\"component m-0\"><p class=\"p\">5 - 11 a\u00f1os<\/p><\/div>                              <div class=\"modal-overlay sm--modal link\" data-bs-toggle=\"modal\" data-bs-target=\"#classmodal4213\">\n                                            <button class=\"btn btn-link\" title=\"Student journey popup link\"><i class=\"fa fa-plus\"><\/i><\/button>\n                                        <\/div>                           <\/div>\n                                  <\/div>\n                                <\/div>\n                            <\/div>\n                        <\/div><div class=\"col-sm-12 col-md-6 col-lg-6\">\n                            <div class=\"card horizontal--card horizontal--card-sm img--100 mb-3\">\n                                <div class=\"row m-0 g-0\">                         <div class=\"col-5 col-md-5 col-lg-5\">\n                                    <div class=\"thumbnail_img_overlay_7337\"> <img decoding=\"async\" src=\"https:\/\/elismurcia.com\/wp-content\/uploads\/sites\/110\/2023\/08\/2J6A5111_b-e1694783288341.jpg\" class=\"img-fluid rounded-start\" alt=\"...\"><\/div>\n                                  <\/div>                        <div class=\"col-7 col-md-7 col-lg-7\">\n                                    <div class=\"card-body\">\n                                        <div class=\"component\" data-bs-toggle=\"modal\" data-bs-target=\"#classmodal5319\">\n                                           <a href=\"\" class=\"body-large-bold\">Secundaria<\/a>\n                                        <\/div>\n                                        <div class=\"component m-0\"><p class=\"p\">11 - 16 a\u00f1os<\/p><\/div>                              <div class=\"modal-overlay sm--modal link\" data-bs-toggle=\"modal\" data-bs-target=\"#classmodal5319\">\n                                            <button class=\"btn btn-link\" title=\"Student journey popup link\"><i class=\"fa fa-plus\"><\/i><\/button>\n                                        <\/div>                           <\/div>\n                                  <\/div>\n                                <\/div>\n                            <\/div>\n                        <\/div><div class=\"col-sm-12 col-md-6 col-lg-6\">\n                            <div class=\"card horizontal--card horizontal--card-sm img--100 mb-3\">\n                                <div class=\"row m-0 g-0\">                         <div class=\"col-5 col-md-5 col-lg-5\">\n                                    <div class=\"thumbnail_img_overlay_8910\"> <img decoding=\"async\" src=\"https:\/\/elismurcia.com\/wp-content\/uploads\/sites\/110\/2023\/09\/348A9354_b.jpg\" class=\"img-fluid rounded-start\" alt=\"...\"><\/div>\n                                  <\/div>                        <div class=\"col-7 col-md-7 col-lg-7\">\n                                    <div class=\"card-body\">\n                                        <div class=\"component\" data-bs-toggle=\"modal\" data-bs-target=\"#classmodal7787\">\n                                           <a href=\"\" class=\"body-large-bold\">Bachillerato<\/a>\n                                        <\/div>\n                                        <div class=\"component m-0\"><p class=\"p\">16 - 18 a\u00f1os<\/p><\/div>                              <div class=\"modal-overlay sm--modal link\" data-bs-toggle=\"modal\" data-bs-target=\"#classmodal7787\">\n                                            <button class=\"btn btn-link\" title=\"Student journey popup link\"><i class=\"fa fa-plus\"><\/i><\/button>\n                                        <\/div>                           <\/div>\n                                  <\/div>\n                                <\/div>\n                            <\/div>\n                        <\/div>          <\/div>\n                <\/div>\n            <\/section><\/div><div class=\"modal fade booking-modal extra--padding mob-P-0 show\" id=\"classmodal9740\" data-bs-backdrop=\"static\" data-bs-keyboard=\"false\" tabindex=\"-1\" aria-labelledby=\"staticBackdropLabel\" style=\"display: none;\" aria-modal=\"true\" role=\"dialog\">\n                                    <div class=\"modal-dialog modal-lg\">\n                                    <div class=\"modal-content section--white\">\n                                        <div class=\"modal-body\">\n                                            <button type=\"button\" class=\"btn-close\" data-bs-dismiss=\"modal\" aria-label=\"Close\"><i class=\"fa fa-times\"><\/i><\/button>\n                                            <div class=\"row m-0\">\n                                                <div class=\"col-md-6 col-lg-6 order-2 order-md-1 px-3 px-md-0 pt-4 pt-md-0\">\n                                                    <div class=\"col-md-12 col-lg-12\">\n                                                        <div class=\"component link\"><a href=\"\/es\/educacion-infantil\/\" class=\"highlights__link btn btn-link\">Infantil<\/a>                  <\/div>\n                                                        <div class=\"sub-heading component mt-0\">                <p class=\"body-small\">3 - 5 a\u00f1os<\/p>               <\/div>\n                                                    <\/div>           <div class=\"component list p-0\">\n                                                        <ul class=\"\">                       <li>Descubre nuestro curr\u00edculo dise\u00f1ado para ni\u00f1os de 3 a 5 a\u00f1os, que ofrece la base ideal para su itinerario educativo. <\/li>                       <li>Nuestras instalaciones proporcionan un ambiente acogedor, con personal altamente cualificado que garantiza una transici\u00f3n fluida desde la guarder\u00eda al colegio y un aprendizaje integral en siete \u00e1reas esenciales. <\/li>        <\/ul>\n                                                    <\/div>\n                                                    <div class=\"component link pt-3\">           <a class=\"btn btn-primary btn-primary--border\" href=\"\/es\/educacion-infantil\/\">Descubre m\u00e1s<\/a>           <\/div>\n                                                <\/div>\n                                                <div class=\"col-md-6 col-lg-6 order-1 order-md-2 p-0 p-md-3\">\n                                                    <div class=\"img-sec\">\n                                                        <div class=\"component\">\n                                                            <div class=\"modal_image_ite2726 callout-img map--img leftBottom-content\" style=\"background-image: url(https:\/\/elismurcia.com\/wp-content\/uploads\/sites\/110\/2023\/08\/ELIS-Murcia-015.jpg);background-position:center;\">\n                                                            <\/div>\n                                                            <\/div>\n                                                        <\/div>\n                                                        \n                                                    <\/div>\n                                                <\/div>\n                                            <\/div>\n\n                                            \n                                        <\/div>\n                                    <\/div>\n                                    <\/div><div class=\"modal fade booking-modal extra--padding mob-P-0 show\" id=\"classmodal4213\" data-bs-backdrop=\"static\" data-bs-keyboard=\"false\" tabindex=\"-1\" aria-labelledby=\"staticBackdropLabel\" style=\"display: none;\" aria-modal=\"true\" role=\"dialog\">\n                                    <div class=\"modal-dialog modal-lg\">\n                                    <div class=\"modal-content section--white\">\n                                        <div class=\"modal-body\">\n                                            <button type=\"button\" class=\"btn-close\" data-bs-dismiss=\"modal\" aria-label=\"Close\"><i class=\"fa fa-times\"><\/i><\/button>\n                                            <div class=\"row m-0\">\n                                                <div class=\"col-md-6 col-lg-6 order-2 order-md-1 px-3 px-md-0 pt-4 pt-md-0\">\n                                                    <div class=\"col-md-12 col-lg-12\">\n                                                        <div class=\"component link\"><a href=\"\/es\/primaria\/\" class=\"highlights__link btn btn-link\">Primaria<\/a>                  <\/div>\n                                                        <div class=\"sub-heading component mt-0\">                <p class=\"body-small\">5 - 11 a\u00f1os<\/p>               <\/div>\n                                                    <\/div>           <div class=\"component list p-0\">\n                                                        <ul class=\"\">                       <li>Una educaci\u00f3n hol\u00edstica que prepara a los ni\u00f1os de 5 a 11 a\u00f1os para un crecimiento y aprendizaje continuos a lo largo de su vida. <\/li>                       <li>Nuestro curr\u00edculo combina lo mejor de la educaci\u00f3n brit\u00e1nica y espa\u00f1ola, ofreciendo un tercer idioma y un programa de tutor\u00eda individualizada. <\/li>        <\/ul>\n                                                    <\/div>\n                                                    <div class=\"component link pt-3\">           <a class=\"btn btn-primary btn-primary--border\" href=\"\/es\/primaria\/\">Descubre m\u00e1s<\/a>           <\/div>\n                                                <\/div>\n                                                <div class=\"col-md-6 col-lg-6 order-1 order-md-2 p-0 p-md-3\">\n                                                    <div class=\"img-sec\">\n                                                        <div class=\"component\">\n                                                            <div class=\"modal_image_ite9851 callout-img map--img leftBottom-content\" style=\"background-image: url(https:\/\/elismurcia.com\/wp-content\/uploads\/sites\/110\/2023\/09\/ELIS-Murcia-162-e1693574633742.jpg);background-position:center;\">\n                                                            <\/div>\n                                                            <\/div>\n                                                        <\/div>\n                                                        \n                                                    <\/div>\n                                                <\/div>\n                                            <\/div>\n\n                                            \n                                        <\/div>\n                                    <\/div>\n                                    <\/div><div class=\"modal fade booking-modal extra--padding mob-P-0 show\" id=\"classmodal5319\" data-bs-backdrop=\"static\" data-bs-keyboard=\"false\" tabindex=\"-1\" aria-labelledby=\"staticBackdropLabel\" style=\"display: none;\" aria-modal=\"true\" role=\"dialog\">\n                                    <div class=\"modal-dialog modal-lg\">\n                                    <div class=\"modal-content section--white\">\n                                        <div class=\"modal-body\">\n                                            <button type=\"button\" class=\"btn-close\" data-bs-dismiss=\"modal\" aria-label=\"Close\"><i class=\"fa fa-times\"><\/i><\/button>\n                                            <div class=\"row m-0\">\n                                                <div class=\"col-md-6 col-lg-6 order-2 order-md-1 px-3 px-md-0 pt-4 pt-md-0\">\n                                                    <div class=\"col-md-12 col-lg-12\">\n                                                        <div class=\"component link\"><a href=\"\/es\/secundaria\/\" class=\"highlights__link btn btn-link\">Secundaria<\/a>                  <\/div>\n                                                        <div class=\"sub-heading component mt-0\">                <p class=\"body-small\">11 - 16 a\u00f1os<\/p>               <\/div>\n                                                    <\/div>           <div class=\"component list p-0\">\n                                                        <ul class=\"\">                       <li>Nuestro curr\u00edculo de Secundaria prepara a los estudiantes para ex\u00e1menes internacionales externos y rigurosos mejorando sus habilidades en diferentes materias. <\/li>                       <li>Nuestro compromiso con la excelencia se refleja en el proyecto Montevida: instalaciones de primer nivel que potencian el aprendizaje y facilitan la preparaci\u00f3n de los alumnos para el futuro. <\/li>        <\/ul>\n                                                    <\/div>\n                                                    <div class=\"component link pt-3\">           <a class=\"btn btn-primary btn-primary--border\" href=\"\/es\/secundaria\/\">Descubre m\u00e1s<\/a>           <\/div>\n                                                <\/div>\n                                                <div class=\"col-md-6 col-lg-6 order-1 order-md-2 p-0 p-md-3\">\n                                                    <div class=\"img-sec\">\n                                                        <div class=\"component\">\n                                                            <div class=\"modal_image_ite3218 callout-img map--img leftBottom-content\" style=\"background-image: url(https:\/\/elismurcia.com\/wp-content\/uploads\/sites\/110\/2023\/09\/2J6A5111_b-e1694591777322.jpg);background-position:center;\">\n                                                            <\/div>\n                                                            <\/div>\n                                                        <\/div>\n                                                        \n                                                    <\/div>\n                                                <\/div>\n                                            <\/div>\n\n                                            \n                                        <\/div>\n                                    <\/div>\n                                    <\/div><div class=\"modal fade booking-modal extra--padding mob-P-0 show\" id=\"classmodal7787\" data-bs-backdrop=\"static\" data-bs-keyboard=\"false\" tabindex=\"-1\" aria-labelledby=\"staticBackdropLabel\" style=\"display: none;\" aria-modal=\"true\" role=\"dialog\">\n                                    <div class=\"modal-dialog modal-lg\">\n                                    <div class=\"modal-content section--white\">\n                                        <div class=\"modal-body\">\n                                            <button type=\"button\" class=\"btn-close\" data-bs-dismiss=\"modal\" aria-label=\"Close\"><i class=\"fa fa-times\"><\/i><\/button>\n                                            <div class=\"row m-0\">\n                                                <div class=\"col-md-6 col-lg-6 order-2 order-md-1 px-3 px-md-0 pt-4 pt-md-0\">\n                                                    <div class=\"col-md-12 col-lg-12\">\n                                                        <div class=\"component link\"><a href=\"\/es\/bachillerato\/\" class=\"highlights__link btn btn-link\">Bachillerato<\/a>                  <\/div>\n                                                        <div class=\"sub-heading component mt-0\">                <p class=\"body-small\">16 - 18 a\u00f1os<\/p>               <\/div>\n                                                    <\/div>           <div class=\"component list p-0\">\n                                                        <ul class=\"\">                       <li>ELIS Murcia prepara a los estudiantes para acceder a universidades del Reino Unido, Espa\u00f1a o internacionales mediante un programa \u00fanico de orientaci\u00f3n vocacional. <\/li>                       <li>Nuestro Bachillerato combina A-Levels Internacionales y Bachillerato espa\u00f1ol, junto con un apoyo personalizado que incluye tutor\u00edas, intercambios, viajes y programas de preparaci\u00f3n para la universidad. <\/li>        <\/ul>\n                                                    <\/div>\n                                                    <div class=\"component link pt-3\">           <a class=\"btn btn-primary btn-primary--border\" href=\"\/es\/bachillerato\/\">Descubre m\u00e1s<\/a>           <\/div>\n                                                <\/div>\n                                                <div class=\"col-md-6 col-lg-6 order-1 order-md-2 p-0 p-md-3\">\n                                                    <div class=\"img-sec\">\n                                                        <div class=\"component\">\n                                                            <div class=\"modal_image_ite5529 callout-img map--img leftBottom-content\" style=\"background-image: url(https:\/\/elismurcia.com\/wp-content\/uploads\/sites\/110\/2023\/09\/348A9354_b.jpg);background-position:center;\">\n                                                            <\/div>\n                                                            <\/div>\n                                                        <\/div>\n                                                        \n                                                    <\/div>\n                                                <\/div>\n                                            <\/div>\n\n                                            \n                                        <\/div>\n                                    <\/div>\n                                    <\/div>[\/vc_column][\/vc_row][vc_row css=&#8221;.vc_custom_1695736234242{margin-top: 5px !important;background-color: #f3f4f2 !important;}&#8221;][vc_column]<div class=\"wrapper\"><section  style='' class=\"section    pb-0 container-width \"><div class=\"container-fluid\"><div class=\"row m-0 align-items-center centerText \" >\n                        <div class=\"col-sm-12 col-md-10 col-lg-9 mx-auto\"><div class=\"sub-heading component\">\n                                        <h2 class=\"h5\">Te puede interesar<\/h2>\n                                    <\/div><div class=\"sub-heading component\"><\/div><style>\n                        .flex-button {\n                        margin-top: 25px;\n                    } \n                        \n                    @media (max-width: 767px){\n                     .flex-button {\n                      display: block;\n                      margin-left: 0;\n                    }\n                    .flex-button .text-center{\n                     text-align: left !important;\n                    }\n                    }\n\n\n                        <\/style><\/div><\/div><\/section><\/div><section  class=\"section      \" style='margin-top:-60px;'><div class=\"container-fluid \" ><style>\n            .background-box .heading .h5:after {\n                display:none;\n            }\n            <\/style><div class=\"row m-0 justify-content-center pt-3 pt-md-3\"><style>\n                .thumbnail_img_overlay_4960 .callout-img.halfcol--img .img-overlay {\n                    background: rgba(12,5,5,0.5);\n                    \n                }\n\n                .thumbnail_img_overlay_4960 .tech-images .callout-img.halfcol--img {\n                    background: rgba(12,5,5,0.5);\n                    \n                }\n\n                <\/style><style>\n                .thumbnail_img_overlay_4960 .heading .h5 {\n                    background: rgba(106,157,65,0.7);\n                    \n                }\n\n            \n\n                <\/style><style>\n                .thumbnail_img_overlay_4960 .heading .h5 a {\n                    font-size: 24px;\n                    line-height:24px;\n                    \n                }\n\n                .thumbnail_img_overlay_4960 .heading .h5 {\n                    font-size: 24px;\n                    line-height: 24px;\n                    \n                }\n               \n                <\/style><style>\n                .thumbnail_img_overlay_4960 .heading .h5 a {\n                    color: #ffffffpx;\n                    \n                }\n\n                .thumbnail_img_overlay_4960 .heading .h5 {\n                    color: #ffffffpx;\n                    \n                }\n               \n                <\/style><div class=\"col-lg-3 col-md-3 col-sm-3 mb-3 pb-2\">\n                            <div class=\"card card--white tech-images next-steps-module  thumbnail_img_overlay_4960\">   <a class=\"\" href = \"\/es\/excelencia-academica\/\" ><div class=\"ratio ratio-21x9 callout-img halfcol--img leftBottom-content\" style=\"background-image: url(https:\/\/elismurcia.com\/wp-content\/uploads\/sites\/110\/2023\/08\/ELIS-Murcia-208-e1691762352963.jpg);background-position:center;\">\n                                 \n                                 <div class=\"img-overlay \">\n                                 \n                                     <div class=\"heading component\">\n                                        <h5 class=\"h5\" >Excelencia Acad\u00e9mica<\/h5>\n                                     <\/div>\n                                   \n                                \n                             <\/div>\n                                 \n                                 <\/div><\/a>\n                            <\/div>\n                        <\/div><style>\n                .thumbnail_img_overlay_4318 .callout-img.halfcol--img .img-overlay {\n                    background: rgba(12,5,5,0.3);\n                    \n                }\n\n                .thumbnail_img_overlay_4318 .tech-images .callout-img.halfcol--img {\n                    background: rgba(12,5,5,0.3);\n                    \n                }\n\n                <\/style><style>\n                .thumbnail_img_overlay_4318 .heading .h5 {\n                    background: rgba(106,157,65,0.7);\n                    \n                }\n\n            \n\n                <\/style><style>\n                .thumbnail_img_overlay_4318 .heading .h5 a {\n                    font-size: 24px;\n                    line-height:24px;\n                    \n                }\n\n                .thumbnail_img_overlay_4318 .heading .h5 {\n                    font-size: 24px;\n                    line-height: 24px;\n                    \n                }\n               \n                <\/style><style>\n                .thumbnail_img_overlay_4318 .heading .h5 a {\n                    color: #ffffffpx;\n                    \n                }\n\n                .thumbnail_img_overlay_4318 .heading .h5 {\n                    color: #ffffffpx;\n                    \n                }\n               \n                <\/style><div class=\"col-lg-3 col-md-3 col-sm-3 mb-3 pb-2\">\n                            <div class=\"card card--white tech-images next-steps-module  thumbnail_img_overlay_4318\">   <a class=\"\" href = \"\/es\/instalaciones-y-localizacion\/\" ><div class=\"ratio ratio-21x9 callout-img halfcol--img leftBottom-content\" style=\"background-image: url(https:\/\/elismurcia.com\/wp-content\/uploads\/sites\/110\/2023\/08\/2J6A5285_b.jpg);background-position:center;\">\n                                 \n                                 <div class=\"img-overlay \">\n                                 \n                                     <div class=\"heading component\">\n                                        <h5 class=\"h5\" >Instalaciones y Localizaci\u00f3n<\/h5>\n                                     <\/div>\n                                   \n                                \n                             <\/div>\n                                 \n                                 <\/div><\/a>\n                            <\/div>\n                        <\/div><style>\n                .thumbnail_img_overlay_8835 .callout-img.halfcol--img .img-overlay {\n                    background: rgba(0,0,0,0.3);\n                    \n                }\n\n                .thumbnail_img_overlay_8835 .tech-images .callout-img.halfcol--img {\n                    background: rgba(0,0,0,0.3);\n                    \n                }\n\n                <\/style><style>\n                .thumbnail_img_overlay_8835 .heading .h5 {\n                    background: rgba(106,157,65,0.7);\n                    \n                }\n\n            \n\n                <\/style><style>\n                .thumbnail_img_overlay_8835 .heading .h5 a {\n                    font-size: 24px;\n                    line-height:24px;\n                    \n                }\n\n                .thumbnail_img_overlay_8835 .heading .h5 {\n                    font-size: 24px;\n                    line-height: 24px;\n                    \n                }\n               \n                <\/style><style>\n                .thumbnail_img_overlay_8835 .heading .h5 a {\n                    color: #ffffffpx;\n                    \n                }\n\n                .thumbnail_img_overlay_8835 .heading .h5 {\n                    color: #ffffffpx;\n                    \n                }\n               \n                <\/style><div class=\"col-lg-3 col-md-3 col-sm-3 mb-3 pb-2\">\n                            <div class=\"card card--white tech-images next-steps-module  thumbnail_img_overlay_8835\">   <a class=\"\" href = \"\/es\/puertas-abiertas-y-visitas\/\" ><div class=\"ratio ratio-21x9 callout-img halfcol--img leftBottom-content\" style=\"background-image: url(https:\/\/elismurcia.com\/wp-content\/uploads\/sites\/110\/2023\/09\/348A2713_b.jpg);background-position:center;\">\n                                 \n                                 <div class=\"img-overlay \">\n                                 \n                                     <div class=\"heading component\">\n                                        <h5 class=\"h5\" >Puertas Abiertas y Visitas<\/h5>\n                                     <\/div>\n                                   \n                                \n                             <\/div>\n                                 \n                                 <\/div><\/a>\n                            <\/div>\n                        <\/div><style>\n                .thumbnail_img_overlay_7424 .callout-img.halfcol--img .img-overlay {\n                    background: rgba(0,0,0,0.3);\n                    \n                }\n\n                .thumbnail_img_overlay_7424 .tech-images .callout-img.halfcol--img {\n                    background: rgba(0,0,0,0.3);\n                    \n                }\n\n                <\/style><style>\n                .thumbnail_img_overlay_7424 .heading .h5 {\n                    background: rgba(106,157,65,0.7);\n                    \n                }\n\n            \n\n                <\/style><style>\n                .thumbnail_img_overlay_7424 .heading .h5 a {\n                    font-size: 24px;\n                    line-height:24px;\n                    \n                }\n\n                .thumbnail_img_overlay_7424 .heading .h5 {\n                    font-size: 24px;\n                    line-height: 24px;\n                    \n                }\n               \n                <\/style><style>\n                .thumbnail_img_overlay_7424 .heading .h5 a {\n                    color: #ffffffpx;\n                    \n                }\n\n                .thumbnail_img_overlay_7424 .heading .h5 {\n                    color: #ffffffpx;\n                    \n                }\n               \n                <\/style><div class=\"col-lg-3 col-md-3 col-sm-3 mb-3 pb-2\">\n                            <div class=\"card card--white tech-images next-steps-module  thumbnail_img_overlay_7424\">   <a class=\"\" href = \"\/es\/proceso-de-admision\/\" ><div class=\"ratio ratio-21x9 callout-img halfcol--img leftBottom-content\" style=\"background-image: url(https:\/\/elismurcia.com\/wp-content\/uploads\/sites\/110\/2023\/08\/ELIS-Murcia-171.jpg);background-position:center;\">\n                                 \n                                 <div class=\"img-overlay \">\n                                 \n                                     <div class=\"heading component\">\n                                        <h5 class=\"h5\" >Proceso de Admisi\u00f3n<\/h5>\n                                     <\/div>\n                                   \n                                \n                             <\/div>\n                                 \n                                 <\/div><\/a>\n                            <\/div>\n                        <\/div><\/div><\/div>\n            <\/section>[\/vc_column][\/vc_row][vc_row css=&#8221;.vc_custom_1694162374357{background-image: url(https:\/\/elismurcia.com\/wp-content\/uploads\/sites\/110\/2023\/09\/prospectus-background-01-01-01-01-01-01.png?id=70917) !important;background-position: center !important;background-repeat: no-repeat !important;background-size: cover !important;}&#8221;][vc_column]<section  style='' class=\"section  wpb_animate_when_almost_visible wpb_fadeInUp fadeInUp     \"><div class=\"container-fluid\"><div class=\"row m-0 align-items-center centerText \" >\n                        <div class=\"col-sm-12 col-md-10 col-lg-9 mx-auto\"><div class=\"sub-heading component\">\n                                        <h2 class=\"h5\">Descubre m\u00e1s sobre ELIS Murcia<\/h2>\n                                    <\/div><div class=\"sub-heading component\"><\/div><div class=\"component link\"><a href=\"\/es\/descarga-nuestro-catalogo\/\" class=\" btn btn-primary btn-primary--border\">Solicita nuestro Cat\u00e1logo<\/a><\/div><style>\n                        .flex-button {\n                        margin-top: 25px;\n                    } \n                        \n                    @media (max-width: 767px){\n                     .flex-button {\n                      display: block;\n                      margin-left: 0;\n                    }\n                    .flex-button .text-center{\n                     text-align: left !important;\n                    }\n                    }\n\n\n                        <\/style><\/div><\/div><\/section>[\/vc_column][\/vc_row][vc_row][vc_column]<section class=\"section section--blue bottom-step TopBottomBorder   \" style=\"background-image: url('https:\/\/elismurcia.com\/wp-content\/uploads\/sites\/110\/2023\/08\/ELIS-Murcia-140-e1693490036764.jpg');;;\"><style>.bottom-step.section--blue:before {background: rgba(106,157,65,0.8);}<\/style><div class=\"container-fluid\"><div class=\"row\"><div class=\"col-sm-12\"><div class=\"component title\"><p class=\"body-small\">Ponte en Contacto<\/p><\/div><\/div><\/div><div class=\"row\"><div class=\"col-md-4\"><div class=\"component linkcard \">\n                                <a class=\"card card--bordered\" href=\"\/es\/haz-una-consulta\/\">\n                                    <div class=\"card-body d-flex align-items-center\">\n                                    <div> <div class=\"component link\">\n                                            <div  class=\"btn btn-link simple-link h5\">Haz una Consulta<\/div>\n                                        <\/div><\/div><\/div><\/a><\/div><\/div><div class=\"col-md-4\"><div class=\"component linkcard \">\n                                <a class=\"card card--bordered\" href=\"\/es\/solicita-una-visita-privada\/\">\n                                    <div class=\"card-body d-flex align-items-center\">\n                                    <div> <div class=\"component link\">\n                                            <div  class=\"btn btn-link simple-link h5\">Solicita una Visita Privada<\/div>\n                                        <\/div><\/div><\/div><\/a><\/div><\/div><div class=\"col-md-4\"><div class=\"component linkcard \">\n                                <a class=\"card card--bordered\" href=\"\/es\/reserva-un-jornada-de-puertas-abiertas\/\">\n                                    <div class=\"card-body d-flex align-items-center\">\n                                    <div> <div class=\"component link\">\n                                            <div  class=\"btn btn-link simple-link h5\">Ven a un D\u00eda de Puertas Abiertas<\/div>\n                                        <\/div><\/div><\/div><\/a><\/div><\/div><\/div><\/section>[\/vc_column][\/vc_row]<\/p>\n<\/div>","protected":false},"excerpt":{"rendered":"<p>[vc_row][vc_column][\/vc_column][\/vc_row][vc_row][vc_column][\/vc_column][\/vc_row][vc_row css=&#8221;.vc_custom_1695616693891{margin-top: 5px !important;background-image: url(https:\/\/elismurcia.com\/wp-content\/uploads\/sites\/110\/2023\/08\/gradient-12.png?id=69892) !important;background-position: center !important;background-repeat: no-repeat !important;background-size: cover !important;}&#8221;][vc_column][\/vc_column][\/vc_row][vc_row css=&#8221;.vc_custom_1695736234242{margin-top: 5px !important;background-color: #f3f4f2 !important;}&#8221;][vc_column][\/vc_column][\/vc_row][vc_row css=&#8221;.vc_custom_1694162374357{background-image: url(https:\/\/elismurcia.com\/wp-content\/uploads\/sites\/110\/2023\/09\/prospectus-background-01-01-01-01-01-01.png?id=70917) !important;background-position: center !important;background-repeat: no-repeat !important;background-size: cover !important;}&#8221;][vc_column][\/vc_column][\/vc_row][vc_row][vc_column][\/vc_column][\/vc_row]<\/p>\n","protected":false},"author":441,"featured_media":0,"parent":72101,"menu_order":0,"comment_status":"closed","ping_status":"closed","template":"","meta":{"_acf_changed":false,"footnotes":""},"class_list":["post-72329","page","type-page","status-publish","hentry"],"acf":[],"yoast_head":"<!-- This site is optimized with the Yoast SEO plugin v27.4 - https:\/\/yoast.com\/product\/yoast-seo-wordpress\/ -->\n<title>Alba Nicol\u00e1s, Alumnus del Segundo Trimestre 2018-19 - ELIS El Limonar International British School Of Murcia<\/title>\n<meta name=\"robots\" content=\"index, follow, max-snippet:-1, max-image-preview:large, max-video-preview:-1\" \/>\n<link rel=\"canonical\" href=\"https:\/\/elismurcia.com\/es\/alumnus-year\/alumnus-del-ano-alba-nicolas-alumnus-del-segundo-trimestre-1819\/\" \/>\n<meta property=\"og:locale\" content=\"es_ES\" \/>\n<meta property=\"og:type\" content=\"article\" \/>\n<meta property=\"og:title\" content=\"Alba Nicol\u00e1s, Alumnus del Segundo Trimestre 2018-19 - ELIS El Limonar International British School Of Murcia\" \/>\n<meta property=\"og:description\" content=\"[vc_row][vc_column][\/vc_column][\/vc_row][vc_row][vc_column][\/vc_column][\/vc_row][vc_row css=&#8221;.vc_custom_1695616693891{margin-top: 5px !important;background-image: url(https:\/\/elismurcia.com\/wp-content\/uploads\/sites\/110\/2023\/08\/gradient-12.png?id=69892) !important;background-position: center !important;background-repeat: no-repeat !important;background-size: cover !important;}&#8221;][vc_column][\/vc_column][\/vc_row][vc_row css=&#8221;.vc_custom_1695736234242{margin-top: 5px !important;background-color: #f3f4f2 !important;}&#8221;][vc_column][\/vc_column][\/vc_row][vc_row css=&#8221;.vc_custom_1694162374357{background-image: url(https:\/\/elismurcia.com\/wp-content\/uploads\/sites\/110\/2023\/09\/prospectus-background-01-01-01-01-01-01.png?id=70917) !important;background-position: center !important;background-repeat: no-repeat !important;background-size: cover !important;}&#8221;][vc_column][\/vc_column][\/vc_row][vc_row][vc_column][\/vc_column][\/vc_row]\" \/>\n<meta property=\"og:url\" content=\"https:\/\/elismurcia.com\/es\/alumnus-year\/alumnus-del-ano-alba-nicolas-alumnus-del-segundo-trimestre-1819\/\" \/>\n<meta property=\"og:site_name\" content=\"ELIS El Limonar International British School Of Murcia\" \/>\n<meta property=\"article:modified_time\" content=\"2023-09-26T13:50:36+00:00\" \/>\n<meta property=\"og:image\" content=\"https:\/\/elismurcia.com\/wp-content\/uploads\/sites\/110\/2024\/11\/LOGO-ELIS-MURCIA-COLOR.jpg\" \/>\n\t<meta property=\"og:image:width\" content=\"1240\" \/>\n\t<meta property=\"og:image:height\" content=\"575\" \/>\n\t<meta property=\"og:image:type\" content=\"image\/jpeg\" \/>\n<meta name=\"twitter:card\" content=\"summary_large_image\" \/>\n<meta name=\"twitter:label1\" content=\"Tiempo de lectura\" \/>\n\t<meta name=\"twitter:data1\" content=\"1 minuto\" \/>\n<!-- \/ Yoast SEO plugin. -->","yoast_head_json":{"title":"Alba Nicol\u00e1s, Alumnus del Segundo Trimestre 2018-19 - ELIS El Limonar International British School Of Murcia","robots":{"index":"index","follow":"follow","max-snippet":"max-snippet:-1","max-image-preview":"max-image-preview:large","max-video-preview":"max-video-preview:-1"},"canonical":"https:\/\/elismurcia.com\/es\/alumnus-year\/alumnus-del-ano-alba-nicolas-alumnus-del-segundo-trimestre-1819\/","og_locale":"es_ES","og_type":"article","og_title":"Alba Nicol\u00e1s, Alumnus del Segundo Trimestre 2018-19 - ELIS El Limonar International British School Of Murcia","og_description":"[vc_row][vc_column][\/vc_column][\/vc_row][vc_row][vc_column][\/vc_column][\/vc_row][vc_row css=&#8221;.vc_custom_1695616693891{margin-top: 5px !important;background-image: url(https:\/\/elismurcia.com\/wp-content\/uploads\/sites\/110\/2023\/08\/gradient-12.png?id=69892) !important;background-position: center !important;background-repeat: no-repeat !important;background-size: cover !important;}&#8221;][vc_column][\/vc_column][\/vc_row][vc_row css=&#8221;.vc_custom_1695736234242{margin-top: 5px !important;background-color: #f3f4f2 !important;}&#8221;][vc_column][\/vc_column][\/vc_row][vc_row css=&#8221;.vc_custom_1694162374357{background-image: url(https:\/\/elismurcia.com\/wp-content\/uploads\/sites\/110\/2023\/09\/prospectus-background-01-01-01-01-01-01.png?id=70917) !important;background-position: center !important;background-repeat: no-repeat !important;background-size: cover !important;}&#8221;][vc_column][\/vc_column][\/vc_row][vc_row][vc_column][\/vc_column][\/vc_row]","og_url":"https:\/\/elismurcia.com\/es\/alumnus-year\/alumnus-del-ano-alba-nicolas-alumnus-del-segundo-trimestre-1819\/","og_site_name":"ELIS El Limonar International British School Of Murcia","article_modified_time":"2023-09-26T13:50:36+00:00","og_image":[{"width":1240,"height":575,"url":"https:\/\/elismurcia.com\/wp-content\/uploads\/sites\/110\/2024\/11\/LOGO-ELIS-MURCIA-COLOR.jpg","type":"image\/jpeg"}],"twitter_card":"summary_large_image","twitter_misc":{"Tiempo de lectura":"1 minuto"},"schema":{"@context":"https:\/\/schema.org","@graph":[{"@type":"WebPage","@id":"https:\/\/elismurcia.com\/es\/alumnus-year\/alumnus-del-ano-alba-nicolas-alumnus-del-segundo-trimestre-1819\/","url":"https:\/\/elismurcia.com\/es\/alumnus-year\/alumnus-del-ano-alba-nicolas-alumnus-del-segundo-trimestre-1819\/","name":"Alba Nicol\u00e1s, Alumnus del Segundo Trimestre 2018-19 - ELIS El Limonar International British School Of Murcia","isPartOf":{"@id":"https:\/\/elismurcia.com\/es\/#website"},"datePublished":"2023-09-14T09:09:36+00:00","dateModified":"2023-09-26T13:50:36+00:00","breadcrumb":{"@id":"https:\/\/elismurcia.com\/es\/alumnus-year\/alumnus-del-ano-alba-nicolas-alumnus-del-segundo-trimestre-1819\/#breadcrumb"},"inLanguage":"es","potentialAction":[{"@type":"ReadAction","target":["https:\/\/elismurcia.com\/es\/alumnus-year\/alumnus-del-ano-alba-nicolas-alumnus-del-segundo-trimestre-1819\/"]}]},{"@type":"BreadcrumbList","@id":"https:\/\/elismurcia.com\/es\/alumnus-year\/alumnus-del-ano-alba-nicolas-alumnus-del-segundo-trimestre-1819\/#breadcrumb","itemListElement":[{"@type":"ListItem","position":1,"name":"Home","item":"https:\/\/elismurcia.com\/es\/"},{"@type":"ListItem","position":2,"name":"Alumni de ELIS Murcia","item":"https:\/\/elismurcia.com\/es\/alumnus-year\/"},{"@type":"ListItem","position":3,"name":"Alba Nicol\u00e1s, Alumnus del Segundo Trimestre 2018-19"}]},{"@type":"WebSite","@id":"https:\/\/elismurcia.com\/es\/#website","url":"https:\/\/elismurcia.com\/es\/","name":"ELIS El Limonar International British School Of Murcia","description":"ELIS Murcia is part of the Cognita Schools Group","publisher":{"@id":"https:\/\/elismurcia.com\/es\/#organization"},"alternateName":"ELIS Murcia","potentialAction":[{"@type":"SearchAction","target":{"@type":"EntryPoint","urlTemplate":"https:\/\/elismurcia.com\/es\/?s={search_term_string}"},"query-input":{"@type":"PropertyValueSpecification","valueRequired":true,"valueName":"search_term_string"}}],"inLanguage":"es"},{"@type":"Organization","@id":"https:\/\/elismurcia.com\/es\/#organization","name":"El Limonar International British School Murcia","alternateName":"ELIS Murcia","url":"https:\/\/elismurcia.com\/es\/","logo":{"@type":"ImageObject","inLanguage":"es","@id":"https:\/\/elismurcia.com\/es\/#\/schema\/logo\/image\/","url":"https:\/\/elismurcia.com\/wp-content\/uploads\/sites\/110\/2024\/11\/LOGO-ELIS-MURCIA-COLOR.jpg","contentUrl":"https:\/\/elismurcia.com\/wp-content\/uploads\/sites\/110\/2024\/11\/LOGO-ELIS-MURCIA-COLOR.jpg","width":1240,"height":575,"caption":"El Limonar International British School Murcia"},"image":{"@id":"https:\/\/elismurcia.com\/es\/#\/schema\/logo\/image\/"}}]}},"jetpack_sharing_enabled":true,"_links":{"self":[{"href":"https:\/\/elismurcia.com\/es\/wp-json\/wp\/v2\/pages\/72329","targetHints":{"allow":["GET"]}}],"collection":[{"href":"https:\/\/elismurcia.com\/es\/wp-json\/wp\/v2\/pages"}],"about":[{"href":"https:\/\/elismurcia.com\/es\/wp-json\/wp\/v2\/types\/page"}],"author":[{"embeddable":true,"href":"https:\/\/elismurcia.com\/es\/wp-json\/wp\/v2\/users\/441"}],"replies":[{"embeddable":true,"href":"https:\/\/elismurcia.com\/es\/wp-json\/wp\/v2\/comments?post=72329"}],"version-history":[{"count":9,"href":"https:\/\/elismurcia.com\/es\/wp-json\/wp\/v2\/pages\/72329\/revisions"}],"predecessor-version":[{"id":74451,"href":"https:\/\/elismurcia.com\/es\/wp-json\/wp\/v2\/pages\/72329\/revisions\/74451"}],"up":[{"embeddable":true,"href":"https:\/\/elismurcia.com\/es\/wp-json\/wp\/v2\/pages\/72101"}],"wp:attachment":[{"href":"https:\/\/elismurcia.com\/es\/wp-json\/wp\/v2\/media?parent=72329"}],"curies":[{"name":"wp","href":"https:\/\/api.w.org\/{rel}","templated":true}]}}