
     {"id":75292,"date":"2024-01-16T11:17:54","date_gmt":"2024-01-16T10:17:54","guid":{"rendered":"https:\/\/elismurcia.com\/alumnus-year\/manuel-garcia-martinez-alumnus-of-the-year-2023-24\/"},"modified":"2024-01-18T12:11:43","modified_gmt":"2024-01-18T11:11:43","slug":"manuel-garcia-martinez-alumnus-del-ano-2023-24","status":"publish","type":"page","link":"https:\/\/elismurcia.com\/es\/alumnus-year\/manuel-garcia-martinez-alumnus-del-ano-2023-24\/","title":{"rendered":"Manuel Garc\u00eda Mart\u00ednez, Alumnus del A\u00f1o 2023-24"},"content":{"rendered":"<div class=\"wpb-content-wrapper\"><p>[vc_row][vc_column]<section  class=\"bg-video-wrap hero section hero--centertext   \" style='background: url(https:\/\/elismurcia.com\/wp-content\/uploads\/sites\/110\/2023\/08\/gradient-12.png) center ;background-size:cover ;'>\n                <div class=\"bg-overlay\" ><\/div>\n                <div class=\"overlay\" >\n                  <div class=\"container-fluid\">\n                    <div class=\"row\">\n                      <div class=\"col-md-12 col-lg-12\">\n\n                        <div class=\"caption text-start\"><div class=\"component sub-heading\" >\n                              <h1 class=\"display-h1\"><\/p>\n<h3>Alumnus del A\u00f1o 2023-24<\/h3>\n<p><\/h1>\n                            <\/div><\/div>\n                      <\/div>\n                    <\/div>\n                  <\/div>\n                <\/div>\n              <\/section><div class='row  m-x-0 breadcrumb-wrap ' style=''><div class='container-fluid' >\n                <nav aria-label='breadcrumb'><ol class=\"breadcrumb mt-3\">\n                  <li class=\"breadcrumb-item\"><a href=\"https:\/\/elismurcia.com\/es\/\">Home<\/a><\/li>\n                  <li class=\"breadcrumb-item active\" aria-current=\"page\"><a href=\"https:\/\/elismurcia.com\/es\/alumnus-year\/\">Alumni de ELIS Murcia<\/a><\/li>\n                  <li class=\"breadcrumb-item active\" aria-current=\"page\">Manuel Garc\u00eda Mart\u00ednez, Alumnus del A\u00f1o 2023-24<\/li>\n                <\/ol>\n              <\/nav>\n              <\/div>\n            <\/div>[\/vc_column][\/vc_row][vc_row][vc_column]\n            <div class=\"wrapper\">\n    <section  style='' class=\"section    container-width    \" ><div class=\"container-fluid\"><div class=\"row    \"><div class=\" col-lg-6 col-md-6      \" ><div class=\"component mb-1 mt-0  radius-bottom-LR \" style='px'><div class=\"sub-heading component\"><h2  class=\"h5  \">Manuel Garc\u00eda Mart\u00ednez<\/h2><\/div>\n                        <div class=\"sub-heading component \">\n                        <p class=\"body-medium\">Manuel se gradu\u00f3 hace 10 a\u00f1os en ELIS Murcia habiendo pasado aqu\u00ed toda su vida escolar, desde los 3 hasta los 18 a\u00f1os. Siempre fue un alumno con mucha inquietud y que mostraba grandes destrezas en distintas \u00e1reas del curr\u00edculo brit\u00e1nico y espa\u00f1ol. Destac\u00f3 por sus habilidades ling\u00fc\u00edsticas obteniendo el nivel de C2 en ingl\u00e9s antes de los 18 a\u00f1os, adem\u00e1s curs\u00f3 alem\u00e1n durante 8 a\u00f1os y termin\u00f3 en el colegio con grandes conocimientos tanto del idioma como de su cultura. En secundaria, participaba en clase con energ\u00eda y entusiasmo, y desde bien joven, tuvo la habilidad de cuestionar el porqu\u00e9 de lo que aprend\u00eda para poder entenderlo mejor.<br \/>\n<br \/>\nManuel decidi\u00f3 que la medicina era su camino con 15 a\u00f1os e incluso tem\u00eda decepcionar a su familia por querer dedicar su vida profesional al servicio a los dem\u00e1s. En Bachillerato, empez\u00f3 a especializarse con el objetivo claro de estudiar medicina en la universidad realizando su experiencia laboral, gracias a nuestro programa Work Experience, en el Hospital Universitario Virgen de la Arrixaca y estudiando asignaturas de la modalidad de Ciencias de la Salud. Durante dicho tiempo, nunca dej\u00f3 de lado su pasi\u00f3n por la m\u00fasica, la literatura ni el deporte, y a pesar de ser un alumno muy centrado y bien preparado para su campo actual, es lo que llamamos un verdadero \u201call-rounder\u201d.<\/p>\n                        <\/div><\/div><\/div>\n                    <div class=\"col-lg-6 col-md-6    \"><div class=\"component single-img \"><div class=\"ratio ratio-16x9 callout-img halfcol--img image_overlay_5378\" style=\"background-image: url(https:\/\/elismurcia.com\/wp-content\/uploads\/sites\/110\/2024\/01\/Manuel-Garcia-1-e1705400406839.jpg);\"><\/div><\/div> <\/div>\n             <\/div>\n        <\/div>\n<\/section>\n            <\/div>\n    <section  style='background-image: url(https:\/\/elismurcia.com\/wp-content\/uploads\/sites\/110\/2023\/08\/gradient-12.png);' class=\"section   section--blue    section--withBG \" ><div class=\"bg-overlay\" ><\/div><div class=\"container-fluid\"><div class=\"row    \"><div class=\" col-lg-8 col-md-8      \" ><div class=\"component   radius-bottom-LR \" style='px'><div class=\"sub-heading component\"><h2  class=\"h6  \">Manuel, \u00bfc\u00f3mo te sientes al haber sido elegido como el 'Antiguo Alumno del A\u00f1o' de ELIS Murcia? \u00bfQu\u00e9 recuerdos atesoras de tu tiempo en el colegio?<\/h2><\/div>\n                        <div class=\"sub-heading component \">\n                        <p class=\"body-medium\">Haber sido seleccionado como el antiguo Alumno del A\u00f1o de ELIS Murcia es un tremendo honor para m\u00ed. Este reconocimiento me pill\u00f3 completamente por sorpresa, pero me llena de inmensa alegr\u00eda y orgullo. Recibir el correo electr\u00f3nico anunciando este reconocimiento fue un momento encantador e inesperado. Siempre resulta agradable tener noticias de mi colegio, un lugar donde no solo me desarroll\u00e9 acad\u00e9micamente, sino en donde tambi\u00e9n crec\u00ed como individuo. Reflexionar sobre mis a\u00f1os en ELIS trae consigo una avalancha de recuerdos, desde amistades muy queridas y que perduran hasta el d\u00eda de hoy hasta la inestimable orientaci\u00f3n de numerosos profesores.<br \/>\nHaber pasado 15 a\u00f1os en el colegio es un testimonio del profundo impacto que ha tenido en mi vida. Aunque la duraci\u00f3n fue extensa, la mayor\u00eda de mis recuerdos est\u00e1n marcados por momentos hermosos y alegres que han enriquecido mi viaje a lo largo de este per\u00edodo tan significativo de mi vida.<\/p>\n                        <\/div><\/div><\/div>\n                    <div class=\"col-lg-4 col-md-4    \"> <\/div>\n             <\/div>\n        <\/div>\n<\/section>\n    <section  style='background-image: url(https:\/\/elismurcia.com\/wp-content\/uploads\/sites\/110\/2023\/08\/Leaf-header-01-01-01.png);' class=\"section       section--withBG \" ><div class=\"bg-overlay\" ><\/div><div class=\"container-fluid\"><div class=\"row    \"><div class=\" col-lg-8 col-md-8      \" ><div class=\"component mb-1 mt-0  radius-bottom-LR \" style='px'><div class=\"sub-heading component\"><h2  class=\"h6  \">\u00bfC\u00f3mo va el trabajo? \u00bfQu\u00e9 es lo que m\u00e1s te gusta de tu profesi\u00f3n?<\/h2><\/div>\n                        <div class=\"sub-heading component \">\n                        <p class=\"body-medium\">En la actualidad, me encuentro en plena fase de entrenamiento especializado y navegando por un mundo de nuevas experiencias. Cuando veo mi evoluci\u00f3n como m\u00e9dico, tomando decisiones basadas en el conocimiento que he adquirido, lo considero un viaje gratificante. Lo que encuentro m\u00e1s satisfactorio en mi profesi\u00f3n no es solo el acto de curar a otras personas, sino la oportunidad de sumergirme en las profundidades de los miedos y pasiones de las personas. Este aspecto me permite crecer no solo como profesional, sino tambi\u00e9n como ser humano que se preocupa por los dem\u00e1s. Hay momentos en los que me siento profundamente agradecido y afortunado por la persona en la que me he convertido y las cosas buenas en mi vida, especialmente cuando las comparo con los retos y problemas que veo en mis interacciones con los dem\u00e1s.<br \/>\n<br \/>\nLa diversidad inherente a mi trabajo es una fuente de sorpresa constante. Cada d\u00eda presenta un tapiz \u00fanico de casos, con pacientes que rara vez comparten enfermedades, contextos o patolog\u00edas subyacentes id\u00e9nticas. Esta variedad propia de este trabajo a\u00f1ade una dimensi\u00f3n estimulante, especialmente al adaptar la gesti\u00f3n y el tratamiento para satisfacer a cada individuo. Esencialmente, en mi papel, no hay dos d\u00edas iguales, y este aspecto din\u00e1mico de la profesi\u00f3n me mantiene comprometido y apasionado.<\/p>\n                        <\/div><\/div><\/div>\n                    <div class=\"col-lg-4 col-md-4    \"> <\/div>\n             <\/div>\n        <\/div>\n<\/section>\n    <section  style='background-image: url(https:\/\/elismurcia.com\/wp-content\/uploads\/sites\/110\/2023\/08\/gradient-12.png);' class=\"section   section--blue    section--withBG \" ><div class=\"bg-overlay\" ><\/div><div class=\"container-fluid\"><div class=\"row    \"><div class=\" col-lg-8 col-md-8      \" ><div class=\"component mb-1 mt-0  radius-bottom-LR \" style='px'><div class=\"sub-heading component\"><h2  class=\"h6  \">\u00bfEn qu\u00e9 medida crees que tu formaci\u00f3n en ELIS facilit\u00f3 tu vida profesional actual?<\/h2><\/div>\n                        <div class=\"sub-heading component \">\n                        <p class=\"body-medium\">ELIS me brind\u00f3 la valiosa oportunidad de florecer en un entorno donde se fomentaba cada pregunta, llev\u00e1ndome a buscar respuestas de manera activa. La importancia de los idiomas, especialmente el ingl\u00e9s, no puede subestimarse, ya que han demostrado ser inmensamente beneficiosos. Adem\u00e1s, la exposici\u00f3n temprana a diversas culturas me ha dotado de habilidades de adaptabilidad cruciales no solo en el crecimiento personal, sino tambi\u00e9n en mi trayectoria como m\u00e9dico.<\/p>\n                        <\/div><\/div><\/div>\n                    <div class=\"col-lg-4 col-md-4    \"><div class=\"component single-img \"><div class=\"ratio ratio-1x1 callout-img halfcol--img image_overlay_3458\" style=\"background-image: url(https:\/\/elismurcia.com\/wp-content\/uploads\/sites\/110\/2024\/01\/Manuel-Garcia-3.jpg);\"><\/div><\/div> <\/div>\n             <\/div>\n        <\/div>\n<\/section>\n    <section  style='background-image: url(https:\/\/elismurcia.com\/wp-content\/uploads\/sites\/110\/2023\/08\/Leaf-header-01-01-01.png);' class=\"section       section--withBG \" ><div class=\"bg-overlay\" ><\/div><div class=\"container-fluid\"><div class=\"row    \"><div class=\" col-lg-8 col-md-8      \" ><div class=\"component mb-1 mt-0  radius-bottom-LR \" style='px'><div class=\"sub-heading component\"><h2  class=\"h6  \">\u00bfY en tu tiempo libre? \u00bfQu\u00e9 haces para disfrutar cuando no est\u00e1s trabajando?<\/h2><\/div>\n                        <div class=\"sub-heading component \">\n                        <p class=\"body-medium\">Actualmente, el tiempo libre es un bien que valoro mucho y que ha venido con la evoluci\u00f3n que conlleva la adultez y la toma de responsabilidad. Sin embargo, el disponer de poco tiempo de ocio ha agudizado mi conciencia y aprecio por los momentos ocasionales de tiempo libre que se cruzan en mi camino. A pesar del ajetreo, doy prioridad a mantenerme f\u00edsicamente activo y participar en deportes, incluyendo sesiones de gimnasio, ciclismo, p\u00e1del con amigos y senderismo.<br \/>\nAun en medio del ajetreo, encuentro una inmensa alegr\u00eda en dedicar tiempo de calidad a mis seres queridos: mi novia, familia y amigos. Estas personas queridas no solo hacen que cada momento valga la pena, sino que tambi\u00e9n a\u00f1aden profundidad y significado a mi vida. En medio de una rutina exigente, los momentos compartidos con quienes est\u00e1n m\u00e1s cerca de m\u00ed se convierten en un importante refugio.<\/p>\n                        <\/div><\/div><\/div>\n                    <div class=\"col-lg-4 col-md-4    \"> <\/div>\n             <\/div>\n        <\/div>\n<\/section>\n    <section  style='background-image: url(https:\/\/elismurcia.com\/wp-content\/uploads\/sites\/110\/2023\/08\/gradient-12.png);' class=\"section   section--blue    section--withBG \" ><div class=\"bg-overlay\" ><\/div><div class=\"container-fluid\"><div class=\"row    \"><div class=\" col-lg-8 col-md-8      \" ><div class=\"component mb-1 mt-0  radius-bottom-LR \" style='px'><div class=\"sub-heading component\"><h2  class=\"h6  \">Finalmente, \u00bfd\u00f3nde te ves dentro de unos a\u00f1os?<\/h2><\/div>\n                        <div class=\"sub-heading component \">\n                        <p class=\"body-medium\">Aunque pueda parecer una respuesta t\u00edpica, al visualizar mi futuro aspiro a mantener e incluso ampliar la felicidad que siento actualmente. Construir una familia ocupa un lugar especial en mis sue\u00f1os, junto con la b\u00fasqueda de mis aspiraciones profesionales y personales. Mi objetivo es alcanzar y superar los est\u00e1ndares y metas que me he fijado, evolucionando constantemente tanto en mi \u00e1mbito personal como profesional. A lo largo de este viaje, mi deseo es estar rodeado de las personas a las que aprecio profundamente, y tener una vida plena y en armon\u00eda.<\/p>\n                        <\/div><\/div><\/div>\n                    <div class=\"col-lg-4 col-md-4    \"><div class=\"component single-img \"><div class=\"ratio ratio-4x3 callout-img halfcol--img image_overlay_6331\" style=\"background-image: url(https:\/\/elismurcia.com\/wp-content\/uploads\/sites\/110\/2024\/01\/Manuel-Garcia-2.jpg);\"><\/div><\/div> <\/div>\n             <\/div>\n        <\/div>\n<\/section>[\/vc_column][\/vc_row][vc_row css=&#8221;.vc_custom_1694161867312{margin-top: 5px !important;background-image: url(https:\/\/elismurcia.com\/wp-content\/uploads\/sites\/110\/2023\/08\/Book-a-Visit-banner.png?id=70348) !important;background-position: center !important;background-repeat: no-repeat !important;background-size: cover !important;}&#8221;][vc_column]<div class=\"wrapper\"><section  style='' class=\"section   section--blue  container-width \"><div class=\"container-fluid\"><div class=\"row m-0 align-items-center centerText \" >\n                        <div class=\"col-sm-12 col-md-10 col-lg-9 mx-auto\"><div class=\"sub-heading component\"><h1 style=\"text-align: center\"><strong>Book a Visit<\/strong><\/h1>\n<p>&nbsp;<\/p>\n<p style=\"text-align: center\">We invite you to come and see our school in action: a great opportunity to learn about our varied curriculum and discover the learning atmosphere in our campuses.<\/p>\n<\/div><div class=\"component link\"><a href=\"\/book-a-private-tour\/\" class=\" btn btn-primary btn-primary--border\">Book a Private Tour<\/a><\/div><style>\n                        .flex-button {\n                        margin-top: 25px;\n                    } \n                        \n                    @media (max-width: 767px){\n                     .flex-button {\n                      display: block;\n                      margin-left: 0;\n                    }\n                    .flex-button .text-center{\n                     text-align: left !important;\n                    }\n                    }\n\n\n                        <\/style><\/div><\/div><\/section><\/div>[\/vc_column][\/vc_row][vc_row css=&#8221;.vc_custom_1694781691477{margin-top: 5px !important;background-image: url(https:\/\/elismurcia.com\/wp-content\/uploads\/sites\/110\/2023\/08\/gradient-12.png?id=69892) !important;background-position: center !important;background-repeat: no-repeat !important;background-size: cover !important;}&#8221;][vc_column]<div class=\"wrapper  wpb_animate_when_almost_visible wpb_fadeInUp fadeInUp\" ><section  id=\"your-childs-journey\"  class=\"section container-width   section--blue \" style='background-color:#6a9d41;'>\n    <div class=\"container-fluid \">\n        <div class=\"row m-0 centerText\">\n            \n<div class=\"col-sm-12 col-md-12 col-lg-10 col-xl-8 mx-auto\">       <div class=\"component\">\n                    <h3 class=\"h5\">Start a unique learning experience\n                    <\/h3>\n                <\/div>     <\/div><div class=\"col-sm-12 col-md-7 col-lg-6 col-xl-5 mx-auto\">       <div class=\"component mt-3\">\n                    <div class=\"body-large\"><\/p>\n<p style=\"text-align: center\">Discover the enriching educational journey that awaits your child across the various stages at El Limonar International School Murcia.<\/p>\n<p><\/div>\n                <\/div>        <div class=\"component link\"><div class=\"component link\"><a href=\"\/your-childs-journey\/\" class=\" btn btn-primary btn-primary--border\">Your Child\u2019s Journey<\/a><\/div><\/div>\n            <\/div>\n        <\/div>\n    <\/div>\n<\/section><section class=\"section cards--section pt-0 container-width  section--blue \" style='background-color:#6a9d41;'>\n                <div class=\"container-fluid \">\n                    <div class=\"row m-0\"><div class=\"col-sm-12 col-md-6 col-lg-6\">\n                            <div class=\"card horizontal--card horizontal--card-sm img--100 mb-3\">\n                                <div class=\"row m-0 g-0\">                         <div class=\"col-5 col-md-5 col-lg-5\">\n                                    <div class=\"thumbnail_img_overlay_1958\"> <img decoding=\"async\" src=\"https:\/\/elismurcia.com\/wp-content\/uploads\/sites\/110\/2023\/08\/ELIS-Murcia-015.jpg\" class=\"img-fluid rounded-start\" alt=\"...\"><\/div>\n                                  <\/div>                        <div class=\"col-7 col-md-7 col-lg-7\">\n                                    <div class=\"card-body\">\n                                        <div class=\"component\" data-bs-toggle=\"modal\" data-bs-target=\"#classmodal9402\">\n                                           <a href=\"\" class=\"body-large-bold\">Early Years<\/a>\n                                        <\/div>\n                                        <div class=\"component m-0\"><p class=\"p\">3 - 5 years old<\/p><\/div>                              <div class=\"modal-overlay sm--modal link\" data-bs-toggle=\"modal\" data-bs-target=\"#classmodal9402\">\n                                            <button class=\"btn btn-link\" title=\"Student journey popup link\"><i class=\"fa fa-plus\"><\/i><\/button>\n                                        <\/div>                           <\/div>\n                                  <\/div>\n                                <\/div>\n                            <\/div>\n                        <\/div><div class=\"col-sm-12 col-md-6 col-lg-6\">\n                            <div class=\"card horizontal--card horizontal--card-sm img--100 mb-3\">\n                                <div class=\"row m-0 g-0\">                         <div class=\"col-5 col-md-5 col-lg-5\">\n                                    <div class=\"thumbnail_img_overlay_4330\"> <img decoding=\"async\" src=\"https:\/\/elismurcia.com\/wp-content\/uploads\/sites\/110\/2023\/08\/ELIS-Murcia-162-e1693574633742.jpg\" class=\"img-fluid rounded-start\" alt=\"...\"><\/div>\n                                  <\/div>                        <div class=\"col-7 col-md-7 col-lg-7\">\n                                    <div class=\"card-body\">\n                                        <div class=\"component\" data-bs-toggle=\"modal\" data-bs-target=\"#classmodal1692\">\n                                           <a href=\"\" class=\"body-large-bold\">Primary<\/a>\n                                        <\/div>\n                                        <div class=\"component m-0\"><p class=\"p\">5 - 11 years old<\/p><\/div>                              <div class=\"modal-overlay sm--modal link\" data-bs-toggle=\"modal\" data-bs-target=\"#classmodal1692\">\n                                            <button class=\"btn btn-link\" title=\"Student journey popup link\"><i class=\"fa fa-plus\"><\/i><\/button>\n                                        <\/div>                           <\/div>\n                                  <\/div>\n                                <\/div>\n                            <\/div>\n                        <\/div><div class=\"col-sm-12 col-md-6 col-lg-6\">\n                            <div class=\"card horizontal--card horizontal--card-sm img--100 mb-3\">\n                                <div class=\"row m-0 g-0\">                         <div class=\"col-5 col-md-5 col-lg-5\">\n                                    <div class=\"thumbnail_img_overlay_7943\"> <img decoding=\"async\" src=\"https:\/\/elismurcia.com\/wp-content\/uploads\/sites\/110\/2023\/08\/2J6A5111_b-e1694783288341.jpg\" class=\"img-fluid rounded-start\" alt=\"...\"><\/div>\n                                  <\/div>                        <div class=\"col-7 col-md-7 col-lg-7\">\n                                    <div class=\"card-body\">\n                                        <div class=\"component\" data-bs-toggle=\"modal\" data-bs-target=\"#classmodal5815\">\n                                           <a href=\"\" class=\"body-large-bold\">Secondary<\/a>\n                                        <\/div>\n                                        <div class=\"component m-0\"><p class=\"p\">11 - 16 years old<\/p><\/div>                              <div class=\"modal-overlay sm--modal link\" data-bs-toggle=\"modal\" data-bs-target=\"#classmodal5815\">\n                                            <button class=\"btn btn-link\" title=\"Student journey popup link\"><i class=\"fa fa-plus\"><\/i><\/button>\n                                        <\/div>                           <\/div>\n                                  <\/div>\n                                <\/div>\n                            <\/div>\n                        <\/div><div class=\"col-sm-12 col-md-6 col-lg-6\">\n                            <div class=\"card horizontal--card horizontal--card-sm img--100 mb-3\">\n                                <div class=\"row m-0 g-0\">                         <div class=\"col-5 col-md-5 col-lg-5\">\n                                    <div class=\"thumbnail_img_overlay_5422\"> <img decoding=\"async\" src=\"https:\/\/elismurcia.com\/wp-content\/uploads\/sites\/110\/2023\/09\/348A9354_b.jpg\" class=\"img-fluid rounded-start\" alt=\"...\"><\/div>\n                                  <\/div>                        <div class=\"col-7 col-md-7 col-lg-7\">\n                                    <div class=\"card-body\">\n                                        <div class=\"component\" data-bs-toggle=\"modal\" data-bs-target=\"#classmodal9788\">\n                                           <a href=\"\" class=\"body-large-bold\">Sixth Form<\/a>\n                                        <\/div>\n                                        <div class=\"component m-0\"><p class=\"p\">16 - 18 years old<\/p><\/div>                              <div class=\"modal-overlay sm--modal link\" data-bs-toggle=\"modal\" data-bs-target=\"#classmodal9788\">\n                                            <button class=\"btn btn-link\" title=\"Student journey popup link\"><i class=\"fa fa-plus\"><\/i><\/button>\n                                        <\/div>                           <\/div>\n                                  <\/div>\n                                <\/div>\n                            <\/div>\n                        <\/div>          <\/div>\n                <\/div>\n            <\/section><\/div><div class=\"modal fade booking-modal extra--padding mob-P-0 show\" id=\"classmodal9402\" data-bs-backdrop=\"static\" data-bs-keyboard=\"false\" tabindex=\"-1\" aria-labelledby=\"staticBackdropLabel\" style=\"display: none;\" aria-modal=\"true\" role=\"dialog\">\n                                    <div class=\"modal-dialog modal-lg\">\n                                    <div class=\"modal-content section--white\">\n                                        <div class=\"modal-body\">\n                                            <button type=\"button\" class=\"btn-close\" data-bs-dismiss=\"modal\" aria-label=\"Close\"><i class=\"fa fa-times\"><\/i><\/button>\n                                            <div class=\"row m-0\">\n                                                <div class=\"col-md-6 col-lg-6 order-2 order-md-1 px-3 px-md-0 pt-4 pt-md-0\">\n                                                    <div class=\"col-md-12 col-lg-12\">\n                                                        <div class=\"component link\"><a href=\"\/early-years\/\" class=\"highlights__link btn btn-link\">Early Years<\/a>                  <\/div>\n                                                        <div class=\"sub-heading component mt-0\">                <p class=\"body-small\">3 - 5 years old<\/p>               <\/div>\n                                                    <\/div>           <div class=\"component list p-0\">\n                                                        <ul class=\"\">                       <li>Discover our curriculum designed for 3 to 5-year-olds, offering the ideal foundation for their educational journey. <\/li>                       <li>Our facilities provide a caring atmosphere, with highly-qualified staff who ensure a smooth nursery-to-school transition and holistic learning in seven essential areas. <\/li>        <\/ul>\n                                                    <\/div>\n                                                    <div class=\"component link pt-3\">           <a class=\"btn btn-primary btn-primary--border\" href=\"\/early-years\/\">Learn more<\/a>           <\/div>\n                                                <\/div>\n                                                <div class=\"col-md-6 col-lg-6 order-1 order-md-2 p-0 p-md-3\">\n                                                    <div class=\"img-sec\">\n                                                        <div class=\"component\">\n                                                            <div class=\"modal_image_ite7393 callout-img map--img leftBottom-content\" style=\"background-image: url(https:\/\/elismurcia.com\/wp-content\/uploads\/sites\/110\/2023\/08\/ELIS-Murcia-015.jpg);background-position:center;\">\n                                                            <\/div>\n                                                            <\/div>\n                                                        <\/div>\n                                                        \n                                                    <\/div>\n                                                <\/div>\n                                            <\/div>\n\n                                            \n                                        <\/div>\n                                    <\/div>\n                                    <\/div><div class=\"modal fade booking-modal extra--padding mob-P-0 show\" id=\"classmodal1692\" data-bs-backdrop=\"static\" data-bs-keyboard=\"false\" tabindex=\"-1\" aria-labelledby=\"staticBackdropLabel\" style=\"display: none;\" aria-modal=\"true\" role=\"dialog\">\n                                    <div class=\"modal-dialog modal-lg\">\n                                    <div class=\"modal-content section--white\">\n                                        <div class=\"modal-body\">\n                                            <button type=\"button\" class=\"btn-close\" data-bs-dismiss=\"modal\" aria-label=\"Close\"><i class=\"fa fa-times\"><\/i><\/button>\n                                            <div class=\"row m-0\">\n                                                <div class=\"col-md-6 col-lg-6 order-2 order-md-1 px-3 px-md-0 pt-4 pt-md-0\">\n                                                    <div class=\"col-md-12 col-lg-12\">\n                                                        <div class=\"component link\"><a href=\"\/primary\/\" class=\"highlights__link btn btn-link\">Primary<\/a>                  <\/div>\n                                                        <div class=\"sub-heading component mt-0\">                <p class=\"body-small\">5 - 11 years old<\/p>               <\/div>\n                                                    <\/div>           <div class=\"component list p-0\">\n                                                        <ul class=\"\">                       <li>A comprehensive education that prepares children aged 5-11 for lifelong growth and learning. <\/li>                       <li>Our curriculum combines the best of English and Spanish education, offering a third language and a pastoral mentoring programme. <\/li>        <\/ul>\n                                                    <\/div>\n                                                    <div class=\"component link pt-3\">           <a class=\"btn btn-primary btn-primary--border\" href=\"\/primary\/\">Learn more<\/a>           <\/div>\n                                                <\/div>\n                                                <div class=\"col-md-6 col-lg-6 order-1 order-md-2 p-0 p-md-3\">\n                                                    <div class=\"img-sec\">\n                                                        <div class=\"component\">\n                                                            <div class=\"modal_image_ite1518 callout-img map--img leftBottom-content\" style=\"background-image: url(https:\/\/elismurcia.com\/wp-content\/uploads\/sites\/110\/2023\/09\/ELIS-Murcia-162-e1693574633742.jpg);background-position:center;\">\n                                                            <\/div>\n                                                            <\/div>\n                                                        <\/div>\n                                                        \n                                                    <\/div>\n                                                <\/div>\n                                            <\/div>\n\n                                            \n                                        <\/div>\n                                    <\/div>\n                                    <\/div><div class=\"modal fade booking-modal extra--padding mob-P-0 show\" id=\"classmodal5815\" data-bs-backdrop=\"static\" data-bs-keyboard=\"false\" tabindex=\"-1\" aria-labelledby=\"staticBackdropLabel\" style=\"display: none;\" aria-modal=\"true\" role=\"dialog\">\n                                    <div class=\"modal-dialog modal-lg\">\n                                    <div class=\"modal-content section--white\">\n                                        <div class=\"modal-body\">\n                                            <button type=\"button\" class=\"btn-close\" data-bs-dismiss=\"modal\" aria-label=\"Close\"><i class=\"fa fa-times\"><\/i><\/button>\n                                            <div class=\"row m-0\">\n                                                <div class=\"col-md-6 col-lg-6 order-2 order-md-1 px-3 px-md-0 pt-4 pt-md-0\">\n                                                    <div class=\"col-md-12 col-lg-12\">\n                                                        <div class=\"component link\"><a href=\"\/secondary\/\" class=\"highlights__link btn btn-link\">Secondary<\/a>                  <\/div>\n                                                        <div class=\"sub-heading component mt-0\">                <p class=\"body-small\">11 - 16 years old<\/p>               <\/div>\n                                                    <\/div>           <div class=\"component list p-0\">\n                                                        <ul class=\"\">                       <li>Our Secondary curriculum readies students for IGCSE exams and enhances their skills across diverse subjects.  <\/li>                       <li>Our commitment to excellence shines through the Montevida project: world-class facilities that enhance learning and support students\u2019 future-readiness. <\/li>        <\/ul>\n                                                    <\/div>\n                                                    <div class=\"component link pt-3\">           <a class=\"btn btn-primary btn-primary--border\" href=\"\/secondary\/\">Learn more<\/a>           <\/div>\n                                                <\/div>\n                                                <div class=\"col-md-6 col-lg-6 order-1 order-md-2 p-0 p-md-3\">\n                                                    <div class=\"img-sec\">\n                                                        <div class=\"component\">\n                                                            <div class=\"modal_image_ite1261 callout-img map--img leftBottom-content\" style=\"background-image: url(https:\/\/elismurcia.com\/wp-content\/uploads\/sites\/110\/2023\/09\/2J6A5111_b-e1694591777322.jpg);background-position:center;\">\n                                                            <\/div>\n                                                            <\/div>\n                                                        <\/div>\n                                                        \n                                                    <\/div>\n                                                <\/div>\n                                            <\/div>\n\n                                            \n                                        <\/div>\n                                    <\/div>\n                                    <\/div><div class=\"modal fade booking-modal extra--padding mob-P-0 show\" id=\"classmodal9788\" data-bs-backdrop=\"static\" data-bs-keyboard=\"false\" tabindex=\"-1\" aria-labelledby=\"staticBackdropLabel\" style=\"display: none;\" aria-modal=\"true\" role=\"dialog\">\n                                    <div class=\"modal-dialog modal-lg\">\n                                    <div class=\"modal-content section--white\">\n                                        <div class=\"modal-body\">\n                                            <button type=\"button\" class=\"btn-close\" data-bs-dismiss=\"modal\" aria-label=\"Close\"><i class=\"fa fa-times\"><\/i><\/button>\n                                            <div class=\"row m-0\">\n                                                <div class=\"col-md-6 col-lg-6 order-2 order-md-1 px-3 px-md-0 pt-4 pt-md-0\">\n                                                    <div class=\"col-md-12 col-lg-12\">\n                                                        <div class=\"component link\"><a href=\"\/sixth-form\/\" class=\"highlights__link btn btn-link\">Sixth Form<\/a>                  <\/div>\n                                                        <div class=\"sub-heading component mt-0\">                <p class=\"body-small\">16 - 18 years old<\/p>               <\/div>\n                                                    <\/div>           <div class=\"component list p-0\">\n                                                        <ul class=\"\">                       <li>ELIS Murcia prepares students for UK, Spanish or international university entry with a unique careers guidance programme. <\/li>                       <li>Our Sixth Form combines International A-Levels and Spanish Bachillerato, along with tailored support including tutoring, exchanges, trips and programmes for university preparation. <\/li>        <\/ul>\n                                                    <\/div>\n                                                    <div class=\"component link pt-3\">           <a class=\"btn btn-primary btn-primary--border\" href=\"\/sixth-form\/\">Learn more<\/a>           <\/div>\n                                                <\/div>\n                                                <div class=\"col-md-6 col-lg-6 order-1 order-md-2 p-0 p-md-3\">\n                                                    <div class=\"img-sec\">\n                                                        <div class=\"component\">\n                                                            <div class=\"modal_image_ite7245 callout-img map--img leftBottom-content\" style=\"background-image: url(https:\/\/elismurcia.com\/wp-content\/uploads\/sites\/110\/2023\/09\/348A9354_b.jpg);background-position:center;\">\n                                                            <\/div>\n                                                            <\/div>\n                                                        <\/div>\n                                                        \n                                                    <\/div>\n                                                <\/div>\n                                            <\/div>\n\n                                            \n                                        <\/div>\n                                    <\/div>\n                                    <\/div>[\/vc_column][\/vc_row][vc_row css=&#8221;.vc_custom_1694976048493{margin-top: 5px !important;background-color: #f3f4f2 !important;}&#8221;][vc_column]<div class=\"wrapper\"><section  style='' class=\"section    pb-0 container-width \"><div class=\"container-fluid\"><div class=\"row m-0 align-items-center centerText \" >\n                        <div class=\"col-sm-12 col-md-10 col-lg-9 mx-auto\"><div class=\"sub-heading component\">\n                                        <h2 class=\"h5\">Next Steps<\/h2>\n                                    <\/div><div class=\"sub-heading component\"><\/div><style>\n                        .flex-button {\n                        margin-top: 25px;\n                    } \n                        \n                    @media (max-width: 767px){\n                     .flex-button {\n                      display: block;\n                      margin-left: 0;\n                    }\n                    .flex-button .text-center{\n                     text-align: left !important;\n                    }\n                    }\n\n\n                        <\/style><\/div><\/div><\/section><\/div><section  class=\"section      \" style='margin-top:-60px;'><div class=\"container-fluid \" ><style>\n            .background-box .heading .h5:after {\n                display:none;\n            }\n            <\/style><div class=\"row m-0 justify-content-center pt-3 pt-md-3\"><style>\n                .thumbnail_img_overlay_6336 .callout-img.halfcol--img .img-overlay {\n                    background: rgba(12,5,5,0.5);\n                    \n                }\n\n                .thumbnail_img_overlay_6336 .tech-images .callout-img.halfcol--img {\n                    background: rgba(12,5,5,0.5);\n                    \n                }\n\n                <\/style><style>\n                .thumbnail_img_overlay_6336 .heading .h5 {\n                    background: rgba(106,157,65,0.7);\n                    \n                }\n\n            \n\n                <\/style><style>\n                .thumbnail_img_overlay_6336 .heading .h5 a {\n                    font-size: 24px;\n                    line-height:24px;\n                    \n                }\n\n                .thumbnail_img_overlay_6336 .heading .h5 {\n                    font-size: 24px;\n                    line-height: 24px;\n                    \n                }\n               \n                <\/style><style>\n                .thumbnail_img_overlay_6336 .heading .h5 a {\n                    color: #ffffffpx;\n                    \n                }\n\n                .thumbnail_img_overlay_6336 .heading .h5 {\n                    color: #ffffffpx;\n                    \n                }\n               \n                <\/style><div class=\"col-lg-3 col-md-3 col-sm-3 mb-3 pb-2\">\n                            <div class=\"card card--white tech-images next-steps-module  thumbnail_img_overlay_6336\">   <a class=\"\" href = \"\/academic-excellence\/\" ><div class=\"ratio ratio-21x9 callout-img halfcol--img leftBottom-content\" style=\"background-image: url(https:\/\/elismurcia.com\/wp-content\/uploads\/sites\/110\/2023\/08\/ELIS-Murcia-208-e1691762352963.jpg);background-position:center;\">\n                                 \n                                 <div class=\"img-overlay \">\n                                 \n                                     <div class=\"heading component\">\n                                        <h5 class=\"h5\" >ACADEMIC EXCELLENCE<\/h5>\n                                     <\/div>\n                                   \n                                \n                             <\/div>\n                                 \n                                 <\/div><\/a>\n                            <\/div>\n                        <\/div><style>\n                .thumbnail_img_overlay_2190 .callout-img.halfcol--img .img-overlay {\n                    background: rgba(12,5,5,0.5);\n                    \n                }\n\n                .thumbnail_img_overlay_2190 .tech-images .callout-img.halfcol--img {\n                    background: rgba(12,5,5,0.5);\n                    \n                }\n\n                <\/style><style>\n                .thumbnail_img_overlay_2190 .heading .h5 {\n                    background: rgba(106,157,65,0.7);\n                    \n                }\n\n            \n\n                <\/style><style>\n                .thumbnail_img_overlay_2190 .heading .h5 a {\n                    font-size: 24px;\n                    line-height:24px;\n                    \n                }\n\n                .thumbnail_img_overlay_2190 .heading .h5 {\n                    font-size: 24px;\n                    line-height: 24px;\n                    \n                }\n               \n                <\/style><style>\n                .thumbnail_img_overlay_2190 .heading .h5 a {\n                    color: #ffffffpx;\n                    \n                }\n\n                .thumbnail_img_overlay_2190 .heading .h5 {\n                    color: #ffffffpx;\n                    \n                }\n               \n                <\/style><div class=\"col-lg-3 col-md-3 col-sm-3 mb-3 pb-2\">\n                            <div class=\"card card--white tech-images next-steps-module  thumbnail_img_overlay_2190\">   <a class=\"\" href = \"\/facilities-location\/\" ><div class=\"ratio ratio-21x9 callout-img halfcol--img leftBottom-content\" style=\"background-image: url(https:\/\/elismurcia.com\/wp-content\/uploads\/sites\/110\/2023\/08\/2J6A5375_b.jpg);background-position:center;\">\n                                 \n                                 <div class=\"img-overlay \">\n                                 \n                                     <div class=\"heading component\">\n                                        <h5 class=\"h5\" >FACILITIES & LOCATION<\/h5>\n                                     <\/div>\n                                   \n                                \n                             <\/div>\n                                 \n                                 <\/div><\/a>\n                            <\/div>\n                        <\/div><style>\n                .thumbnail_img_overlay_2681 .callout-img.halfcol--img .img-overlay {\n                    background: rgba(0,0,0,0.3);\n                    \n                }\n\n                .thumbnail_img_overlay_2681 .tech-images .callout-img.halfcol--img {\n                    background: rgba(0,0,0,0.3);\n                    \n                }\n\n                <\/style><style>\n                .thumbnail_img_overlay_2681 .heading .h5 {\n                    background: rgba(106,157,65,0.7);\n                    \n                }\n\n            \n\n                <\/style><style>\n                .thumbnail_img_overlay_2681 .heading .h5 a {\n                    font-size: 24px;\n                    line-height:24px;\n                    \n                }\n\n                .thumbnail_img_overlay_2681 .heading .h5 {\n                    font-size: 24px;\n                    line-height: 24px;\n                    \n                }\n               \n                <\/style><style>\n                .thumbnail_img_overlay_2681 .heading .h5 a {\n                    color: #ffffffpx;\n                    \n                }\n\n                .thumbnail_img_overlay_2681 .heading .h5 {\n                    color: #ffffffpx;\n                    \n                }\n               \n                <\/style><div class=\"col-lg-3 col-md-3 col-sm-3 mb-3 pb-2\">\n                            <div class=\"card card--white tech-images next-steps-module  thumbnail_img_overlay_2681\">   <a class=\"\" href = \"\/admissions-process\/\" ><div class=\"ratio ratio-21x9 callout-img halfcol--img leftBottom-content\" style=\"background-image: url(https:\/\/elismurcia.com\/wp-content\/uploads\/sites\/110\/2023\/08\/ELIS-Murcia-269.jpg);background-position:center;\">\n                                 \n                                 <div class=\"img-overlay \">\n                                 \n                                     <div class=\"heading component\">\n                                        <h5 class=\"h5\" >ADMISSIONS PROCESS<\/h5>\n                                     <\/div>\n                                   \n                                \n                             <\/div>\n                                 \n                                 <\/div><\/a>\n                            <\/div>\n                        <\/div><style>\n                .thumbnail_img_overlay_6953 .callout-img.halfcol--img .img-overlay {\n                    background: rgba(0,0,0,0.5);\n                    \n                }\n\n                .thumbnail_img_overlay_6953 .tech-images .callout-img.halfcol--img {\n                    background: rgba(0,0,0,0.5);\n                    \n                }\n\n                <\/style><style>\n                .thumbnail_img_overlay_6953 .heading .h5 {\n                    background: rgba(106,157,65,0.7);\n                    \n                }\n\n            \n\n                <\/style><style>\n                .thumbnail_img_overlay_6953 .heading .h5 a {\n                    font-size: 24px;\n                    line-height:24px;\n                    \n                }\n\n                .thumbnail_img_overlay_6953 .heading .h5 {\n                    font-size: 24px;\n                    line-height: 24px;\n                    \n                }\n               \n                <\/style><style>\n                .thumbnail_img_overlay_6953 .heading .h5 a {\n                    color: #ffffffpx;\n                    \n                }\n\n                .thumbnail_img_overlay_6953 .heading .h5 {\n                    color: #ffffffpx;\n                    \n                }\n               \n                <\/style><div class=\"col-lg-3 col-md-3 col-sm-3 mb-3 pb-2\">\n                            <div class=\"card card--white tech-images next-steps-module  thumbnail_img_overlay_6953\">   <a class=\"\" href = \"\/open-days-visits\/\" ><div class=\"ratio ratio-21x9 callout-img halfcol--img leftBottom-content\" style=\"background-image: url(https:\/\/elismurcia.com\/wp-content\/uploads\/sites\/110\/2023\/08\/ELIS-Murcia-078.jpg);background-position:center;\">\n                                 \n                                 <div class=\"img-overlay \">\n                                 \n                                     <div class=\"heading component\">\n                                        <h5 class=\"h5\" >OPEN DAYS & VISITS<\/h5>\n                                     <\/div>\n                                   \n                                \n                             <\/div>\n                                 \n                                 <\/div><\/a>\n                            <\/div>\n                        <\/div><\/div><\/div>\n            <\/section>[\/vc_column][\/vc_row][vc_row][vc_column]<section class=\"section section--blue bottom-step TopBottomBorder   \" style=\"background-image: url('https:\/\/elismurcia.com\/wp-content\/uploads\/sites\/110\/2023\/08\/ELIS-Murcia-140-e1693490036764.jpg');;;\"><style>.bottom-step.section--blue:before {background: rgba(106,157,65,0.8);}<\/style><div class=\"container-fluid\"><div class=\"row\"><div class=\"col-sm-12\"><div class=\"component title\"><p class=\"body-small\">Get in Touch<\/p><\/div><\/div><\/div><div class=\"row\"><div class=\"col-md-4\"><div class=\"component linkcard \">\n                                <a class=\"card card--bordered\" href=\"\/make-an-enquiry\/\">\n                                    <div class=\"card-body d-flex align-items-center\">\n                                    <div> <div class=\"component link\">\n                                            <div  class=\"btn btn-link simple-link h5\">Make an Enquiry<\/div>\n                                        <\/div><\/div><\/div><\/a><\/div><\/div><div class=\"col-md-4\"><div class=\"component linkcard \">\n                                <a class=\"card card--bordered\" href=\"\/book-a-private-tour\/\">\n                                    <div class=\"card-body d-flex align-items-center\">\n                                    <div> <div class=\"component link\">\n                                            <div  class=\"btn btn-link simple-link h5\">Book a Private Tour<\/div>\n                                        <\/div><\/div><\/div><\/a><\/div><\/div><div class=\"col-md-4\"><div class=\"component linkcard \">\n                                <a class=\"card card--bordered\" href=\"\/apply\/\">\n                                    <div class=\"card-body d-flex align-items-center\">\n                                    <div> <div class=\"component link\">\n                                            <div  class=\"btn btn-link simple-link h5\">Apply for a Place<\/div>\n                                        <\/div><\/div><\/div><\/a><\/div><\/div><\/div><\/section>[\/vc_column][\/vc_row]<\/p>\n<\/div>","protected":false},"excerpt":{"rendered":"<p>[vc_row][vc_column][\/vc_column][\/vc_row][vc_row][vc_column][\/vc_column][\/vc_row][vc_row css=&#8221;.vc_custom_1694161867312{margin-top: 5px !important;background-image: url(https:\/\/elismurcia.com\/wp-content\/uploads\/sites\/110\/2023\/08\/Book-a-Visit-banner.png?id=70348) !important;background-position: center !important;background-repeat: no-repeat !important;background-size: cover !important;}&#8221;][vc_column][\/vc_column][\/vc_row][vc_row css=&#8221;.vc_custom_1694781691477{margin-top: 5px !important;background-image: url(https:\/\/elismurcia.com\/wp-content\/uploads\/sites\/110\/2023\/08\/gradient-12.png?id=69892) !important;background-position: center !important;background-repeat: no-repeat !important;background-size: cover !important;}&#8221;][vc_column][\/vc_column][\/vc_row][vc_row css=&#8221;.vc_custom_1694976048493{margin-top: 5px !important;background-color: #f3f4f2 !important;}&#8221;][vc_column][\/vc_column][\/vc_row][vc_row][vc_column][\/vc_column][\/vc_row]<\/p>\n","protected":false},"author":483,"featured_media":0,"parent":72101,"menu_order":0,"comment_status":"closed","ping_status":"closed","template":"","meta":{"_acf_changed":false,"footnotes":""},"class_list":["post-75292","page","type-page","status-publish","hentry"],"acf":[],"yoast_head":"<!-- This site is optimized with the Yoast SEO plugin v27.4 - https:\/\/yoast.com\/product\/yoast-seo-wordpress\/ -->\n<title>Manuel Garc\u00eda Mart\u00ednez, Alumnus del A\u00f1o 2023-24 - ELIS El Limonar International British School Of Murcia<\/title>\n<meta name=\"description\" content=\"Manolo se gradu\u00f3 hace 10 a\u00f1os en ELIS Murcia habiendo pasado aqu\u00ed toda su vida escolar, desde los 3 hasta los 18 a\u00f1os.\" \/>\n<meta name=\"robots\" content=\"index, follow, max-snippet:-1, max-image-preview:large, max-video-preview:-1\" \/>\n<link rel=\"canonical\" href=\"https:\/\/elismurcia.com\/es\/alumnus-year\/manuel-garcia-martinez-alumnus-del-ano-2023-24\/\" \/>\n<meta property=\"og:locale\" content=\"es_ES\" \/>\n<meta property=\"og:type\" content=\"article\" \/>\n<meta property=\"og:title\" content=\"Manuel Garc\u00eda Mart\u00ednez, Alumnus del A\u00f1o 2023-24 - ELIS El Limonar International British School Of Murcia\" \/>\n<meta property=\"og:description\" content=\"Manolo se gradu\u00f3 hace 10 a\u00f1os en ELIS Murcia habiendo pasado aqu\u00ed toda su vida escolar, desde los 3 hasta los 18 a\u00f1os.\" \/>\n<meta property=\"og:url\" content=\"https:\/\/elismurcia.com\/es\/alumnus-year\/manuel-garcia-martinez-alumnus-del-ano-2023-24\/\" \/>\n<meta property=\"og:site_name\" content=\"ELIS El Limonar International British School Of Murcia\" \/>\n<meta property=\"article:modified_time\" content=\"2024-01-18T11:11:43+00:00\" \/>\n<meta property=\"og:image\" content=\"https:\/\/elismurcia.com\/wp-content\/uploads\/sites\/110\/2024\/11\/LOGO-ELIS-MURCIA-COLOR.jpg\" \/>\n\t<meta property=\"og:image:width\" content=\"1240\" \/>\n\t<meta property=\"og:image:height\" content=\"575\" \/>\n\t<meta property=\"og:image:type\" content=\"image\/jpeg\" \/>\n<meta name=\"twitter:card\" content=\"summary_large_image\" \/>\n<meta name=\"twitter:label1\" content=\"Tiempo de lectura\" \/>\n\t<meta name=\"twitter:data1\" content=\"1 minuto\" \/>\n<!-- \/ Yoast SEO plugin. -->","yoast_head_json":{"title":"Manuel Garc\u00eda Mart\u00ednez, Alumnus del A\u00f1o 2023-24 - ELIS El Limonar International British School Of Murcia","description":"Manolo se gradu\u00f3 hace 10 a\u00f1os en ELIS Murcia habiendo pasado aqu\u00ed toda su vida escolar, desde los 3 hasta los 18 a\u00f1os.","robots":{"index":"index","follow":"follow","max-snippet":"max-snippet:-1","max-image-preview":"max-image-preview:large","max-video-preview":"max-video-preview:-1"},"canonical":"https:\/\/elismurcia.com\/es\/alumnus-year\/manuel-garcia-martinez-alumnus-del-ano-2023-24\/","og_locale":"es_ES","og_type":"article","og_title":"Manuel Garc\u00eda Mart\u00ednez, Alumnus del A\u00f1o 2023-24 - ELIS El Limonar International British School Of Murcia","og_description":"Manolo se gradu\u00f3 hace 10 a\u00f1os en ELIS Murcia habiendo pasado aqu\u00ed toda su vida escolar, desde los 3 hasta los 18 a\u00f1os.","og_url":"https:\/\/elismurcia.com\/es\/alumnus-year\/manuel-garcia-martinez-alumnus-del-ano-2023-24\/","og_site_name":"ELIS El Limonar International British School Of Murcia","article_modified_time":"2024-01-18T11:11:43+00:00","og_image":[{"width":1240,"height":575,"url":"https:\/\/elismurcia.com\/wp-content\/uploads\/sites\/110\/2024\/11\/LOGO-ELIS-MURCIA-COLOR.jpg","type":"image\/jpeg"}],"twitter_card":"summary_large_image","twitter_misc":{"Tiempo de lectura":"1 minuto"},"schema":{"@context":"https:\/\/schema.org","@graph":[{"@type":"WebPage","@id":"https:\/\/elismurcia.com\/es\/alumnus-year\/manuel-garcia-martinez-alumnus-del-ano-2023-24\/","url":"https:\/\/elismurcia.com\/es\/alumnus-year\/manuel-garcia-martinez-alumnus-del-ano-2023-24\/","name":"Manuel Garc\u00eda Mart\u00ednez, Alumnus del A\u00f1o 2023-24 - ELIS El Limonar International British School Of Murcia","isPartOf":{"@id":"https:\/\/elismurcia.com\/es\/#website"},"datePublished":"2024-01-16T10:17:54+00:00","dateModified":"2024-01-18T11:11:43+00:00","description":"Manolo se gradu\u00f3 hace 10 a\u00f1os en ELIS Murcia habiendo pasado aqu\u00ed toda su vida escolar, desde los 3 hasta los 18 a\u00f1os.","breadcrumb":{"@id":"https:\/\/elismurcia.com\/es\/alumnus-year\/manuel-garcia-martinez-alumnus-del-ano-2023-24\/#breadcrumb"},"inLanguage":"es","potentialAction":[{"@type":"ReadAction","target":["https:\/\/elismurcia.com\/es\/alumnus-year\/manuel-garcia-martinez-alumnus-del-ano-2023-24\/"]}]},{"@type":"BreadcrumbList","@id":"https:\/\/elismurcia.com\/es\/alumnus-year\/manuel-garcia-martinez-alumnus-del-ano-2023-24\/#breadcrumb","itemListElement":[{"@type":"ListItem","position":1,"name":"Home","item":"https:\/\/elismurcia.com\/es\/"},{"@type":"ListItem","position":2,"name":"Alumni de ELIS Murcia","item":"https:\/\/elismurcia.com\/es\/alumnus-year\/"},{"@type":"ListItem","position":3,"name":"Manuel Garc\u00eda Mart\u00ednez, Alumnus del A\u00f1o 2023-24"}]},{"@type":"WebSite","@id":"https:\/\/elismurcia.com\/es\/#website","url":"https:\/\/elismurcia.com\/es\/","name":"ELIS El Limonar International British School Of Murcia","description":"ELIS Murcia is part of the Cognita Schools Group","publisher":{"@id":"https:\/\/elismurcia.com\/es\/#organization"},"alternateName":"ELIS Murcia","potentialAction":[{"@type":"SearchAction","target":{"@type":"EntryPoint","urlTemplate":"https:\/\/elismurcia.com\/es\/?s={search_term_string}"},"query-input":{"@type":"PropertyValueSpecification","valueRequired":true,"valueName":"search_term_string"}}],"inLanguage":"es"},{"@type":"Organization","@id":"https:\/\/elismurcia.com\/es\/#organization","name":"El Limonar International British School Murcia","alternateName":"ELIS Murcia","url":"https:\/\/elismurcia.com\/es\/","logo":{"@type":"ImageObject","inLanguage":"es","@id":"https:\/\/elismurcia.com\/es\/#\/schema\/logo\/image\/","url":"https:\/\/elismurcia.com\/wp-content\/uploads\/sites\/110\/2024\/11\/LOGO-ELIS-MURCIA-COLOR.jpg","contentUrl":"https:\/\/elismurcia.com\/wp-content\/uploads\/sites\/110\/2024\/11\/LOGO-ELIS-MURCIA-COLOR.jpg","width":1240,"height":575,"caption":"El Limonar International British School Murcia"},"image":{"@id":"https:\/\/elismurcia.com\/es\/#\/schema\/logo\/image\/"}}]}},"jetpack_sharing_enabled":true,"_links":{"self":[{"href":"https:\/\/elismurcia.com\/es\/wp-json\/wp\/v2\/pages\/75292","targetHints":{"allow":["GET"]}}],"collection":[{"href":"https:\/\/elismurcia.com\/es\/wp-json\/wp\/v2\/pages"}],"about":[{"href":"https:\/\/elismurcia.com\/es\/wp-json\/wp\/v2\/types\/page"}],"author":[{"embeddable":true,"href":"https:\/\/elismurcia.com\/es\/wp-json\/wp\/v2\/users\/483"}],"replies":[{"embeddable":true,"href":"https:\/\/elismurcia.com\/es\/wp-json\/wp\/v2\/comments?post=75292"}],"version-history":[{"count":5,"href":"https:\/\/elismurcia.com\/es\/wp-json\/wp\/v2\/pages\/75292\/revisions"}],"predecessor-version":[{"id":75313,"href":"https:\/\/elismurcia.com\/es\/wp-json\/wp\/v2\/pages\/75292\/revisions\/75313"}],"up":[{"embeddable":true,"href":"https:\/\/elismurcia.com\/es\/wp-json\/wp\/v2\/pages\/72101"}],"wp:attachment":[{"href":"https:\/\/elismurcia.com\/es\/wp-json\/wp\/v2\/media?parent=75292"}],"curies":[{"name":"wp","href":"https:\/\/api.w.org\/{rel}","templated":true}]}}